{"id":7069,"date":"2025-06-10T10:22:08","date_gmt":"2025-06-10T08:22:08","guid":{"rendered":"https:\/\/jvdwoo2025.dnstemporaire.fr\/?page_id=7069"},"modified":"2025-09-16T21:28:08","modified_gmt":"2025-09-16T19:28:08","slug":"trabajar-en-jvd","status":"publish","type":"page","link":"https:\/\/www.jvd.fr\/es\/empresa-jvd\/trabajar-en-jvd\/","title":{"rendered":"\u00danete a JVD"},"content":{"rendered":"\n<div class=\"wp-block-group alignfull has-background has-global-padding is-layout-constrained wp-block-group-is-layout-constrained\" style=\"background:linear-gradient(180deg,rgb(240,240,240) 0%,rgb(255,255,255) 100%);margin-bottom:var(--wp--preset--spacing--100);padding-top:var(--wp--preset--spacing--25);padding-bottom:0\">\n<div class=\"wp-block-group is-style-content-narrow has-white-color has-text-color has-link-color wp-elements-3c4304a0d06722bb2a49bd287db2468f has-global-padding is-layout-constrained wp-block-group-is-layout-constrained\">\n<p class=\"has-text-align-center has-pinetree-color has-text-color has-link-color wp-elements-ebceec25772bf2082ced4727c01e6845\"><strong>Elegir JVD es unirse a una empresa francesa de tama\u00f1o humano donde la inteligencia colectiva es nuestra mayor fortaleza.<\/strong><br>Aqu\u00ed, cada persona tiene la oportunidad de aportar, proponer e innovar. Trabajar con nosotros tambi\u00e9n significa formar parte de un equipo comprometido y amable, donde compartimos mucho m\u00e1s que objetivos: una visi\u00f3n com\u00fan de lo que puede ser una empresa moderna, responsable y con alma.<\/p>\n\n\n\n<p class=\"has-text-align-center has-pinetree-color has-text-color has-link-color wp-elements-84c0fe99b3298f9fce33208809659f8c\"><strong>\u00bfTe animas a unirte a esta aventura?<\/strong><\/p>\n\n\n\n<p>Alor<\/p>\n\n\n\n<div class=\"wp-block-buttons is-content-justification-center is-layout-flex wp-container-core-buttons-is-layout-c3d5205c wp-block-buttons-is-layout-flex\" style=\"margin-top:0;margin-bottom:0\">\n<div class=\"wp-block-button\"><a class=\"wp-block-button__link wp-element-button\" href=\"https:\/\/fr.indeed.com\/cmp\/Jvd\">Ver nuestras ofertas de empleo<\/a><\/div>\n<\/div>\n<\/div>\n<\/div>\n\n\n\n<div class=\"wp-block-group has-lightgrey-background-color has-background has-global-padding is-layout-constrained wp-container-core-group-is-layout-92aa3f89 wp-block-group-is-layout-constrained\" style=\"border-radius:25px;margin-top:0;margin-bottom:var(--wp--preset--spacing--125);padding-top:var(--wp--preset--spacing--75);padding-right:var(--wp--preset--spacing--75);padding-bottom:var(--wp--preset--spacing--75);padding-left:var(--wp--preset--spacing--75)\">\n<h2 class=\"wp-block-heading\"><strong><strong>\u00bfNo encontraste una oferta que se ajuste a tu perfil?<\/strong><\/strong><\/h2>\n\n\n\n<p>Siempre estamos buscando personas talentosas y apasionadas para unirse a nuestro equipo. Si te motivan los nuevos desaf\u00edos y quieres trabajar en un entorno estimulante, a pocos pasos del centro de Nantes, no dudes en enviarnos tu perfil.<\/p>\n\n\n\n<div class=\"wp-block-buttons is-content-justification-center is-layout-flex wp-container-core-buttons-is-layout-a89b3969 wp-block-buttons-is-layout-flex\">\n<div class=\"wp-block-button is-style-secondary-button\"><a class=\"wp-block-button__link has-pinetree-color has-text-color has-link-color has-text-align-center wp-element-button\" style=\"padding-right:var(--wp--preset--spacing--25);padding-left:var(--wp--preset--spacing--25)\">Enviar una candidatura espont\u00e1nea<\/a><\/div>\n<\/div>\n<\/div>\n\n\n\n<div class=\"wp-block-columns is-layout-flex wp-container-core-columns-is-layout-ee96a0d5 wp-block-columns-is-layout-flex\" style=\"margin-top:0;margin-bottom:var(--wp--preset--spacing--100);padding-top:0;padding-bottom:0\">\n<div class=\"wp-block-column is-layout-flow wp-block-column-is-layout-flow\">\n<figure class=\"wp-block-image size-landscape-small has-custom-border is-style-rounded\" style=\"margin-top:0;margin-right:0;margin-bottom:0;margin-left:0\"><img loading=\"lazy\" decoding=\"async\" width=\"600\" height=\"400\" src=\"https:\/\/www.jvd.fr\/wp-content\/uploads\/2025\/06\/collaborateurs-jvd-au-forum-600x400.jpg\" alt=\"\" class=\"wp-image-5374\" style=\"border-radius:20px;object-fit:cover\"\/><\/figure>\n<\/div>\n\n\n\n<div class=\"wp-block-column is-vertically-aligned-center is-layout-flow wp-container-core-column-is-layout-c79f9c72 wp-block-column-is-layout-flow\" style=\"border-style:none;border-width:0px;padding-right:var(--wp--preset--spacing--25);padding-left:var(--wp--preset--spacing--25)\">\n<h2 class=\"wp-block-heading\">En cifras, JVD es\u2026<\/h2>\n\n\n\n<ul class=\"wp-block-list\">\n<li>Empresa fundada en 1984 en Nantes<\/li>\n\n\n\n<li>M\u00e1s de 130 empleados en todo el mundo (70 en Francia)<\/li>\n\n\n\n<li>Adem\u00e1s, paridad: 55\u202f% hombres \/ 45\u202f% mujeres<\/li>\n\n\n\n<li>Edad media: 42 a\u00f1os<\/li>\n<\/ul>\n<\/div>\n<\/div>\n\n\n\n<div class=\"wp-block-group has-global-padding is-layout-constrained wp-block-group-is-layout-constrained\" style=\"margin-top:var(--wp--preset--spacing--75)\">\n<h2 class=\"wp-block-heading has-text-align-center\">Nuestros valores<\/h2>\n\n\n\n<div id=\"wp-block-jvd-cards-block_4f00f790939213d088f1a4d0131947eb\" style=\"margin-bottom:var(--wp--preset--spacing--100);\" class=\"wp-block-jvd-cards align wp-block-acf-cards\">\n\t    <div class=\"jvd-cards\" data-display=\"grid\" data-columns=\"4\" data-count=\"4\" data-parity=\"even\">\n\t\t        <div class=\"jvd-card\" data-link=\"0\" data-img-ratio=\"square\" data-text-pos=\"under\">\n            <figure class=\"jvd-card__img\">\n\t\t\t                    <img decoding=\"async\" src=\"https:\/\/www.jvd.fr\/wp-content\/uploads\/2025\/06\/equipe-jvd-esprit-dentreprendre-600x600.jpg\" width=\"600\" height=\"600\" alt=\"\u00e9quipe Jvd Esprit D&#039;entreprendre\" loading=\"lazy\" \/>\n\t\t\t                <\/figure>\n            <div class=\"jvd-card__content\">\n                <h3 class=\"jvd-card__title\">Respeto<\/h3>                                <p class=\"jvd-card__text\">De nuestros colaboradores, clientes, socios y del medio ambiente.<\/p>\n                            <\/div>\n        <\/div>\n\t\t        <div class=\"jvd-card\" data-link=\"0\" data-img-ratio=\"square\" data-text-pos=\"under\">\n            <figure class=\"jvd-card__img\">\n\t\t\t                    <img decoding=\"async\" src=\"https:\/\/www.jvd.fr\/wp-content\/uploads\/2025\/03\/jvd-produits-reconditionnes-600x600.jpg\" width=\"600\" height=\"600\" alt=\"\" loading=\"lazy\" \/>\n\t\t\t                <\/figure>\n            <div class=\"jvd-card__content\">\n                <h3 class=\"jvd-card__title\">Confianza<\/h3>                                <p class=\"jvd-card__text\">Una base s\u00f3lida para todas nuestras relaciones duraderas.<\/p>\n                            <\/div>\n        <\/div>\n\t\t        <div class=\"jvd-card\" data-link=\"0\" data-img-ratio=\"square\" data-text-pos=\"under\">\n            <figure class=\"jvd-card__img\">\n\t\t\t                    <img decoding=\"async\" src=\"https:\/\/www.jvd.fr\/wp-content\/uploads\/2025\/06\/entreprendre-produits-jvd-600x600.jpg\" width=\"600\" height=\"600\" alt=\"Entreprendre Produits Jvd\" loading=\"lazy\" \/>\n\t\t\t                <\/figure>\n            <div class=\"jvd-card__content\">\n                <h3 class=\"jvd-card__title\">Innovaci\u00f3n<\/h3>                                <p class=\"jvd-card__text\">Al servicio del bienestar y la sostenibilidad.<\/p>\n                            <\/div>\n        <\/div>\n\t\t        <div class=\"jvd-card\" data-link=\"0\" data-img-ratio=\"square\" data-text-pos=\"under\">\n            <figure class=\"jvd-card__img\">\n\t\t\t                    <img decoding=\"async\" src=\"https:\/\/www.jvd.fr\/wp-content\/uploads\/2025\/06\/jvd-et-association-telemaque-600x600.jpg\" width=\"600\" height=\"600\" alt=\"JVD Et Association T\u00e9l\u00e9maque\" loading=\"lazy\" \/>\n\t\t\t                <\/figure>\n            <div class=\"jvd-card__content\">\n                <h3 class=\"jvd-card__title\">Compromiso<\/h3>                                <p class=\"jvd-card__text\">Con la sociedad y las futuras generaciones.<\/p>\n                            <\/div>\n        <\/div>\n\t\t    <\/div>\n    <\/div>\n<\/div>\n\n\n\n<div class=\"wp-block-group has-global-padding is-layout-constrained wp-block-group-is-layout-constrained\">\n<h2 class=\"wp-block-heading has-text-align-center\">\u00bfC\u00f3mo es trabajar en JVD?<\/h2>\n\n\n\n<div class=\"wp-block-columns is-layout-flex wp-container-core-columns-is-layout-49394faf wp-block-columns-is-layout-flex\" style=\"margin-top:var(--wp--preset--spacing--50);margin-bottom:var(--wp--preset--spacing--50);padding-top:0;padding-bottom:0\">\n<div class=\"wp-block-column is-layout-flow wp-block-column-is-layout-flow\">\n<figure class=\"wp-block-image size-landscape-small has-custom-border is-style-rounded\" style=\"margin-top:0;margin-right:0;margin-bottom:0;margin-left:0\"><img loading=\"lazy\" decoding=\"async\" width=\"600\" height=\"400\" src=\"https:\/\/www.jvd.fr\/wp-content\/uploads\/2025\/06\/espace-detente-jvd-600x400.jpg\" alt=\"\" class=\"wp-image-5684\" style=\"border-radius:20px;object-fit:cover\" srcset=\"https:\/\/www.jvd.fr\/wp-content\/uploads\/2025\/06\/espace-detente-jvd-600x400.jpg 600w, https:\/\/www.jvd.fr\/wp-content\/uploads\/2025\/06\/espace-detente-jvd-105x70.jpg 105w, https:\/\/www.jvd.fr\/wp-content\/uploads\/2025\/06\/espace-detente-jvd.jpg 1200w\" sizes=\"auto, (max-width: 600px) 100vw, 600px\" \/><\/figure>\n<\/div>\n\n\n\n<div class=\"wp-block-column is-vertically-aligned-center is-layout-flow wp-block-column-is-layout-flow\" style=\"border-style:none;border-width:0px\">\n<h3 class=\"wp-block-heading\">Espacios para relajarse<\/h3>\n\n\n\n<p>El <strong>Rep\u2019air<\/strong> es nuestro espacio de encuentro: un lugar donde compartir la comida, descansar o simplemente re\u00edr con los compa\u00f1eros. Adem\u00e1s, dispone de una cocina equipada (microondas, frigor\u00edficos, horno y placas), y tambi\u00e9n cuenta con zonas de ocio con dardos, ping-pong, boccia y cartas.<\/p>\n<\/div>\n<\/div>\n\n\n\n<div class=\"wp-block-columns is-layout-flex wp-container-core-columns-is-layout-17615a59 wp-block-columns-is-layout-flex\" style=\"margin-bottom:var(--wp--preset--spacing--100)\">\n<div class=\"wp-block-column is-vertically-aligned-center is-layout-flow wp-block-column-is-layout-flow\" style=\"border-style:none;border-width:0px\">\n<h3 class=\"wp-block-heading\">Espacios para colaborar<\/h3>\n\n\n\n<p style=\"border-radius:38px\">Muy cerca se encuentra el <strong>Imagin\u2019air<\/strong>, un entorno de trabajo creado por y para los empleados. Por ejemplo, es un espacio para reuniones colaborativas, presentaciones y sesiones creativas, con una zona dedicada a mostrar los productos de JVD.<\/p>\n\n\n\n<div class=\"wp-block-buttons is-layout-flex wp-block-buttons-is-layout-flex\">\n<div class=\"wp-block-button is-style-fill\"><a class=\"wp-block-button__link wp-element-button\" href=\"https:\/\/www.youtube.com\/watch?v=OJTP3QcURRA\" target=\"_blank\" rel=\"noreferrer noopener\">Ver el v\u00eddeo de presentaci\u00f3n<\/a><\/div>\n<\/div>\n<\/div>\n\n\n\n<div class=\"wp-block-column is-layout-flow wp-block-column-is-layout-flow\">\n<figure class=\"wp-block-image size-landscape-small has-custom-border is-style-rounded\" style=\"margin-top:0;margin-right:0;margin-bottom:0;margin-left:0\"><img loading=\"lazy\" decoding=\"async\" width=\"600\" height=\"400\" src=\"https:\/\/www.jvd.fr\/wp-content\/uploads\/2025\/06\/jvd-imaginaire-espace-collaboration-et-reunion-1-600x400.jpg\" alt=\"JVD Imaginaire Espace Collaboration Et R\u00e9union\" class=\"wp-image-5693\" style=\"border-radius:20px;object-fit:cover\"\/><\/figure>\n<\/div>\n<\/div>\n<\/div>\n\n\n\n<div class=\"wp-block-group has-global-padding is-layout-constrained wp-block-group-is-layout-constrained\" style=\"margin-bottom:var(--wp--preset--spacing--125)\">\n<h2 class=\"wp-block-heading has-text-align-center\">Preguntas frecuentes<\/h2>\n\n\n\n<div id=\"wp-block-jvd-faq-block_dbf21513d74bac36bbd0c071a24da20c\" class=\"wp-block-jvd-faq align wp-block-acf-faq\">\n\t<div class=\"jvd-faq\">\n\t\t\t\t<div class=\"jvd-faq__item\" itemscope itemprop=\"mainEntity\" itemtype=\"https:\/\/schema.org\/Question\">\n\t\t\t<div class=\"jvd-faq__question\" itemprop=\"name\">\n\t\t\t\t<span>\u00bfC\u00f3mo es el proceso de selecci\u00f3n en JVD?<\/span>\n\t\t\t\t<button type=\"button\">\n\t\t\t\t\t<svg width=\"20\" height=\"20\" aria-hidden=\"true\" role=\"presentation\"><use xlink:href=\"#chevron-down\"\/><\/svg>\n\t\t\t\t<\/button>\n\t\t\t<\/div>\n\t\t\t<div class=\"jvd-faq__answer\" itemscope itemprop=\"acceptedAnswer\" itemtype=\"https:\/\/schema.org\/Answer\">\n\t\t\t\t<p data-start=\"2484\" data-end=\"2721\">Comienza con una llamada inicial, seguida de una entrevista con el responsable del \u00e1rea (presencial o por videollamada). Si avanza, proponemos una visita a nuestras instalaciones y una segunda entrevista con Recursos Humanos o Direcci\u00f3n.<\/p>\n\t\t\t<\/div>\n\t\t<\/div>\n\t\t\t\t<div class=\"jvd-faq__item\" itemscope itemprop=\"mainEntity\" itemtype=\"https:\/\/schema.org\/Question\">\n\t\t\t<div class=\"jvd-faq__question\" itemprop=\"name\">\n\t\t\t\t<span>\u00bfC\u00f3mo se integra a los nuevos empleados?<\/span>\n\t\t\t\t<button type=\"button\">\n\t\t\t\t\t<svg width=\"20\" height=\"20\" aria-hidden=\"true\" role=\"presentation\"><use xlink:href=\"#chevron-down\"\/><\/svg>\n\t\t\t\t<\/button>\n\t\t\t<\/div>\n\t\t\t<div class=\"jvd-faq__answer\" itemscope itemprop=\"acceptedAnswer\" itemtype=\"https:\/\/schema.org\/Answer\">\n\t\t\t\t<p data-start=\"2770\" data-end=\"3099\">Desde el primer d\u00eda, tendr\u00e1s tu espacio preparado. Conocer\u00e1s al equipo y har\u00e1s una visita guiada por nuestras instalaciones. En los primeros d\u00edas, pasar\u00e1s por distintos departamentos para conocer la empresa desde dentro. Adem\u00e1s, como tradici\u00f3n, fabricar\u00e1s t\u00fa mismo un producto de JVD: un s\u00edmbolo de entrada al mundo Made in Rez\u00e9.<\/p>\n\t\t\t<\/div>\n\t\t<\/div>\n\t\t\t\t<div class=\"jvd-faq__item\" itemscope itemprop=\"mainEntity\" itemtype=\"https:\/\/schema.org\/Question\">\n\t\t\t<div class=\"jvd-faq__question\" itemprop=\"name\">\n\t\t\t\t<span>\u00bfSe puede teletrabajar?<\/span>\n\t\t\t\t<button type=\"button\">\n\t\t\t\t\t<svg width=\"20\" height=\"20\" aria-hidden=\"true\" role=\"presentation\"><use xlink:href=\"#chevron-down\"\/><\/svg>\n\t\t\t\t<\/button>\n\t\t\t<\/div>\n\t\t\t<div class=\"jvd-faq__answer\" itemscope itemprop=\"acceptedAnswer\" itemtype=\"https:\/\/schema.org\/Answer\">\n\t\t\t\t<p data-start=\"3131\" data-end=\"3217\">S\u00ed. Siempre que el puesto lo permita, ofrecemos <strong data-start=\"3179\" data-end=\"3216\">2 d\u00edas de teletrabajo a la semana<\/strong>.<\/p>\n\t\t\t<\/div>\n\t\t<\/div>\n\t\t\t\t<div class=\"jvd-faq__item\" itemscope itemprop=\"mainEntity\" itemtype=\"https:\/\/schema.org\/Question\">\n\t\t\t<div class=\"jvd-faq__question\" itemprop=\"name\">\n\t\t\t\t<span>\u00bfEs necesario hablar ingl\u00e9s u otros idiomas?<\/span>\n\t\t\t\t<button type=\"button\">\n\t\t\t\t\t<svg width=\"20\" height=\"20\" aria-hidden=\"true\" role=\"presentation\"><use xlink:href=\"#chevron-down\"\/><\/svg>\n\t\t\t\t<\/button>\n\t\t\t<\/div>\n\t\t\t<div class=\"jvd-faq__answer\" itemscope itemprop=\"acceptedAnswer\" itemtype=\"https:\/\/schema.org\/Answer\">\n\t\t\t\t<p data-start=\"3270\" data-end=\"3401\">Depende del puesto. Algunos requieren idiomas (ingl\u00e9s, espa\u00f1ol o alem\u00e1n son un plus), pero para otros basta con dominar el franc\u00e9s.<\/p>\n\t\t\t<\/div>\n\t\t<\/div>\n\t\t\t\t<div class=\"jvd-faq__item\" itemscope itemprop=\"mainEntity\" itemtype=\"https:\/\/schema.org\/Question\">\n\t\t\t<div class=\"jvd-faq__question\" itemprop=\"name\">\n\t\t\t\t<span>\u00bfD\u00f3nde est\u00e1n ubicadas las oficinas?<\/span>\n\t\t\t\t<button type=\"button\">\n\t\t\t\t\t<svg width=\"20\" height=\"20\" aria-hidden=\"true\" role=\"presentation\"><use xlink:href=\"#chevron-down\"\/><\/svg>\n\t\t\t\t<\/button>\n\t\t\t<\/div>\n\t\t\t<div class=\"jvd-faq__answer\" itemscope itemprop=\"acceptedAnswer\" itemtype=\"https:\/\/schema.org\/Answer\">\n\t\t\t\t<p>JVD est implant\u00e9 au 3 rue des Br\u00e8ches, \u00e0 Rez\u00e9, \u00e0 deux pas de l\u2019\u00cele de Nantes et \u00e0 seulement 10 minutes du centre-ville. Notre site b\u00e9n\u00e9ficie d\u2019une excellente desserte en transports en commun : le bus 36 s\u2019arr\u00eate \u00e0 200 m\u00e8tres, et les lignes 2 et 3 du tramway, avec l\u2019arr\u00eat Pont-Rousseau, sont accessibles en 20 minutes \u00e0 pied. Le quartier est en pleine \u00e9volution, avec l\u2019arriv\u00e9e pr\u00e9vue en 2027 de nouvelles lignes de tramway qui faciliteront encore plus vos d\u00e9placements.<\/p>\n<p data-start=\"3445\" data-end=\"3553\">Nuestra sede est\u00e1 en <strong data-start=\"3466\" data-end=\"3494\">Rez\u00e9 (3 rue des Br\u00e8ches)<\/strong>, a pocos minutos del centro de Nantes y bien comunicada.<\/p>\n<p data-start=\"3636\" data-end=\"3751\">Tambi\u00e9n tenemos presencia en <strong data-start=\"3665\" data-end=\"3682\">Aix-les-Bains<\/strong>, con nuestra filial <strong data-start=\"3703\" data-end=\"3714\">Hygitec<\/strong>, especializada en higiene para EPIs.<\/p>\n\t\t\t<\/div>\n\t\t<\/div>\n\t\t\t<\/div>\n<\/div>\n<\/div>\n\n\n\n<div id=\"wp-block-jvd-cards-block_8738e0194906cf64fa2bf45f202b072f\" class=\"wp-block-jvd-cards align wp-block-acf-cards\">\n\t    <div class=\"jvd-cards\" data-display=\"mosaic\" data-columns=\"0\" data-count=\"8\" data-parity=\"even\">\n\t\t        <div class=\"jvd-card\" data-link=\"0\" data-img-ratio=\"square\" data-text-pos=\"under\">\n            <figure class=\"jvd-card__img\">\n\t\t\t                    <img decoding=\"async\" src=\"https:\/\/www.jvd.fr\/wp-content\/uploads\/2025\/06\/batiment-jvd-a-reze-600x600.jpg\" width=\"600\" height=\"600\" alt=\"\" loading=\"lazy\" \/>\n\t\t\t                <\/figure>\n            <div class=\"jvd-card__content\">\n                                            <\/div>\n        <\/div>\n\t\t        <div class=\"jvd-card\" data-link=\"0\" data-img-ratio=\"square\" data-text-pos=\"under\">\n            <figure class=\"jvd-card__img\">\n\t\t\t                    <img decoding=\"async\" src=\"https:\/\/www.jvd.fr\/wp-content\/uploads\/2025\/06\/fabrication-sur-le-site-de-reze-de-jvd-600x600.jpg\" width=\"600\" height=\"600\" alt=\"\" loading=\"lazy\" \/>\n\t\t\t                <\/figure>\n            <div class=\"jvd-card__content\">\n                                            <\/div>\n        <\/div>\n\t\t        <div class=\"jvd-card\" data-link=\"0\" data-img-ratio=\"square\" data-text-pos=\"under\">\n            <figure class=\"jvd-card__img\">\n\t\t\t                    <img decoding=\"async\" src=\"https:\/\/www.jvd.fr\/wp-content\/uploads\/2025\/06\/gallerie-photos-espaces-detentes-jvd-600x600.jpg\" width=\"600\" height=\"600\" alt=\"\" loading=\"lazy\" \/>\n\t\t\t                <\/figure>\n            <div class=\"jvd-card__content\">\n                                            <\/div>\n        <\/div>\n\t\t        <div class=\"jvd-card\" data-link=\"0\" data-img-ratio=\"square\" data-text-pos=\"under\">\n            <figure class=\"jvd-card__img\">\n\t\t\t                    <img decoding=\"async\" src=\"https:\/\/www.jvd.fr\/wp-content\/uploads\/2025\/06\/made-in-france-jvd-600x600.jpg\" width=\"600\" height=\"600\" alt=\"\" loading=\"lazy\" \/>\n\t\t\t                <\/figure>\n            <div class=\"jvd-card__content\">\n                                            <\/div>\n        <\/div>\n\t\t        <div class=\"jvd-card\" data-link=\"0\" data-img-ratio=\"square\" data-text-pos=\"under\">\n            <figure class=\"jvd-card__img\">\n\t\t\t                    <img decoding=\"async\" src=\"https:\/\/www.jvd.fr\/wp-content\/uploads\/2025\/06\/gallerie-photos-collaboratrices-600x600.jpg\" width=\"600\" height=\"600\" alt=\"\" loading=\"lazy\" \/>\n\t\t\t                <\/figure>\n            <div class=\"jvd-card__content\">\n                                            <\/div>\n        <\/div>\n\t\t        <div class=\"jvd-card\" data-link=\"0\" data-img-ratio=\"square\" data-text-pos=\"under\">\n            <figure class=\"jvd-card__img\">\n\t\t\t                    <img decoding=\"async\" src=\"https:\/\/www.jvd.fr\/wp-content\/uploads\/2025\/06\/gallerie-photos-produits-fabriques-en-france-600x600.jpg\" width=\"600\" height=\"600\" alt=\"\" loading=\"lazy\" \/>\n\t\t\t                <\/figure>\n            <div class=\"jvd-card__content\">\n                                            <\/div>\n        <\/div>\n\t\t        <div class=\"jvd-card\" data-link=\"0\" data-img-ratio=\"square\" data-text-pos=\"under\">\n            <figure class=\"jvd-card__img\">\n\t\t\t                    <img decoding=\"async\" src=\"https:\/\/www.jvd.fr\/wp-content\/uploads\/2025\/06\/collaborateurs-jvd-au-forum-600x600.jpg\" width=\"600\" height=\"600\" alt=\"\" loading=\"lazy\" \/>\n\t\t\t                <\/figure>\n            <div class=\"jvd-card__content\">\n                                            <\/div>\n        <\/div>\n\t\t        <div class=\"jvd-card\" data-link=\"0\" data-img-ratio=\"square\" data-text-pos=\"under\">\n            <figure class=\"jvd-card__img\">\n\t\t\t                    <img decoding=\"async\" src=\"https:\/\/www.jvd.fr\/wp-content\/uploads\/2025\/06\/gallerie-photos-salle-de-pause-600x600.jpg\" width=\"600\" height=\"600\" alt=\"\" loading=\"lazy\" \/>\n\t\t\t                <\/figure>\n            <div class=\"jvd-card__content\">\n                                            <\/div>\n        <\/div>\n\t\t    <\/div>\n    <\/div>\n","protected":false},"excerpt":{"rendered":"<p>Elegir JVD es unirse a una empresa francesa de tama\u00f1o humano donde la inteligencia colectiva es nuestra mayor fortaleza.Aqu\u00ed, cada persona tiene la oportunidad de aportar, proponer e innovar. Trabajar con nosotros tambi\u00e9n significa formar parte de un equipo comprometido y amable, donde compartimos mucho m\u00e1s que objetivos: una visi\u00f3n com\u00fan de lo que puede [&hellip;]<\/p>\n","protected":false},"author":9,"featured_media":35306,"parent":5699,"menu_order":0,"comment_status":"closed","ping_status":"closed","template":"","meta":{"_acf_changed":false,"content-type":"","_searchwp_excluded":"","inline_featured_image":false,"footnotes":""},"class_list":["post-7069","page","type-page","status-publish","has-post-thumbnail","hentry"],"acf":[],"yoast_head":"<!-- This site is optimized with the Yoast SEO plugin v27.1.1 - https:\/\/yoast.com\/product\/yoast-seo-wordpress\/ -->\n<title>Trabajar en JVD | Una empresa humana e innovadora<\/title>\n<meta name=\"description\" content=\"Trabajar en JVD es formar parte de una empresa humana, innovadora y responsable. Descubre c\u00f3mo puedes unirte a nuestro equipo con prop\u00f3sito.\" \/>\n<meta name=\"robots\" content=\"index, follow, max-snippet:-1, max-image-preview:large, max-video-preview:-1\" \/>\n<link rel=\"canonical\" href=\"https:\/\/www.jvd.fr\/es\/empresa-jvd\/trabajar-en-jvd\/\" \/>\n<meta property=\"og:locale\" content=\"es_ES\" \/>\n<meta property=\"og:type\" content=\"article\" \/>\n<meta property=\"og:title\" content=\"Trabajar en JVD | Una empresa humana e innovadora\" \/>\n<meta property=\"og:description\" content=\"Trabajar en JVD es formar parte de una empresa humana, innovadora y responsable. Descubre c\u00f3mo puedes unirte a nuestro equipo con prop\u00f3sito.\" \/>\n<meta property=\"og:url\" content=\"https:\/\/www.jvd.fr\/es\/empresa-jvd\/trabajar-en-jvd\/\" \/>\n<meta property=\"og:site_name\" content=\"JVD\" \/>\n<meta property=\"article:modified_time\" content=\"2025-09-16T19:28:08+00:00\" \/>\n<meta property=\"og:image\" content=\"https:\/\/www.jvd.fr\/wp-content\/uploads\/2025\/07\/equipe-jvd-2-1200x1200.jpg\" \/>\n\t<meta property=\"og:image:width\" content=\"1200\" \/>\n\t<meta property=\"og:image:height\" content=\"1200\" \/>\n\t<meta property=\"og:image:type\" content=\"image\/jpeg\" \/>\n<script type=\"application\/ld+json\" class=\"yoast-schema-graph\">{\"@context\":\"https:\/\/schema.org\",\"@graph\":[{\"@type\":\"WebPage\",\"@id\":\"https:\/\/www.jvd.fr\/es\/empresa-jvd\/trabajar-en-jvd\/\",\"url\":\"https:\/\/www.jvd.fr\/es\/empresa-jvd\/trabajar-en-jvd\/\",\"name\":\"Trabajar en JVD | Una empresa humana e innovadora\",\"isPartOf\":{\"@id\":\"https:\/\/www.jvd.fr\/es\/#website\"},\"primaryImageOfPage\":{\"@id\":\"https:\/\/www.jvd.fr\/es\/empresa-jvd\/trabajar-en-jvd\/#primaryimage\"},\"image\":{\"@id\":\"https:\/\/www.jvd.fr\/es\/empresa-jvd\/trabajar-en-jvd\/#primaryimage\"},\"thumbnailUrl\":\"https:\/\/www.jvd.fr\/wp-content\/uploads\/2025\/07\/equipe-jvd-2-scaled.jpg\",\"datePublished\":\"2025-06-10T08:22:08+00:00\",\"dateModified\":\"2025-09-16T19:28:08+00:00\",\"description\":\"Trabajar en JVD es formar parte de una empresa humana, innovadora y responsable. Descubre c\u00f3mo puedes unirte a nuestro equipo con prop\u00f3sito.\",\"breadcrumb\":{\"@id\":\"https:\/\/www.jvd.fr\/es\/empresa-jvd\/trabajar-en-jvd\/#breadcrumb\"},\"inLanguage\":\"es\",\"potentialAction\":[{\"@type\":\"ReadAction\",\"target\":[\"https:\/\/www.jvd.fr\/es\/empresa-jvd\/trabajar-en-jvd\/\"]}]},{\"@type\":\"ImageObject\",\"inLanguage\":\"es\",\"@id\":\"https:\/\/www.jvd.fr\/es\/empresa-jvd\/trabajar-en-jvd\/#primaryimage\",\"url\":\"https:\/\/www.jvd.fr\/wp-content\/uploads\/2025\/07\/equipe-jvd-2-scaled.jpg\",\"contentUrl\":\"https:\/\/www.jvd.fr\/wp-content\/uploads\/2025\/07\/equipe-jvd-2-scaled.jpg\",\"width\":2560,\"height\":1440},{\"@type\":\"BreadcrumbList\",\"@id\":\"https:\/\/www.jvd.fr\/es\/empresa-jvd\/trabajar-en-jvd\/#breadcrumb\",\"itemListElement\":[{\"@type\":\"ListItem\",\"position\":1,\"name\":\"Accueil\",\"item\":\"https:\/\/www.jvd.fr\/es\/\"},{\"@type\":\"ListItem\",\"position\":2,\"name\":\"Descubre JVD\",\"item\":\"https:\/\/www.jvd.fr\/es\/empresa-jvd\/\"},{\"@type\":\"ListItem\",\"position\":3,\"name\":\"\u00danete a JVD\"}]},{\"@type\":\"WebSite\",\"@id\":\"https:\/\/www.jvd.fr\/es\/#website\",\"url\":\"https:\/\/www.jvd.fr\/es\/\",\"name\":\"JVD\",\"description\":\"Products that care\",\"potentialAction\":[{\"@type\":\"SearchAction\",\"target\":{\"@type\":\"EntryPoint\",\"urlTemplate\":\"https:\/\/www.jvd.fr\/es\/?s={search_term_string}\"},\"query-input\":{\"@type\":\"PropertyValueSpecification\",\"valueRequired\":true,\"valueName\":\"search_term_string\"}}],\"inLanguage\":\"es\"}]}<\/script>\n<!-- \/ Yoast SEO plugin. -->","yoast_head_json":{"title":"Trabajar en JVD | Una empresa humana e innovadora","description":"Trabajar en JVD es formar parte de una empresa humana, innovadora y responsable. Descubre c\u00f3mo puedes unirte a nuestro equipo con prop\u00f3sito.","robots":{"index":"index","follow":"follow","max-snippet":"max-snippet:-1","max-image-preview":"max-image-preview:large","max-video-preview":"max-video-preview:-1"},"canonical":"https:\/\/www.jvd.fr\/es\/empresa-jvd\/trabajar-en-jvd\/","og_locale":"es_ES","og_type":"article","og_title":"Trabajar en JVD | Una empresa humana e innovadora","og_description":"Trabajar en JVD es formar parte de una empresa humana, innovadora y responsable. Descubre c\u00f3mo puedes unirte a nuestro equipo con prop\u00f3sito.","og_url":"https:\/\/www.jvd.fr\/es\/empresa-jvd\/trabajar-en-jvd\/","og_site_name":"JVD","article_modified_time":"2025-09-16T19:28:08+00:00","og_image":[{"width":1200,"height":1200,"url":"https:\/\/www.jvd.fr\/wp-content\/uploads\/2025\/07\/equipe-jvd-2-1200x1200.jpg","type":"image\/jpeg"}],"schema":{"@context":"https:\/\/schema.org","@graph":[{"@type":"WebPage","@id":"https:\/\/www.jvd.fr\/es\/empresa-jvd\/trabajar-en-jvd\/","url":"https:\/\/www.jvd.fr\/es\/empresa-jvd\/trabajar-en-jvd\/","name":"Trabajar en JVD | Una empresa humana e innovadora","isPartOf":{"@id":"https:\/\/www.jvd.fr\/es\/#website"},"primaryImageOfPage":{"@id":"https:\/\/www.jvd.fr\/es\/empresa-jvd\/trabajar-en-jvd\/#primaryimage"},"image":{"@id":"https:\/\/www.jvd.fr\/es\/empresa-jvd\/trabajar-en-jvd\/#primaryimage"},"thumbnailUrl":"https:\/\/www.jvd.fr\/wp-content\/uploads\/2025\/07\/equipe-jvd-2-scaled.jpg","datePublished":"2025-06-10T08:22:08+00:00","dateModified":"2025-09-16T19:28:08+00:00","description":"Trabajar en JVD es formar parte de una empresa humana, innovadora y responsable. Descubre c\u00f3mo puedes unirte a nuestro equipo con prop\u00f3sito.","breadcrumb":{"@id":"https:\/\/www.jvd.fr\/es\/empresa-jvd\/trabajar-en-jvd\/#breadcrumb"},"inLanguage":"es","potentialAction":[{"@type":"ReadAction","target":["https:\/\/www.jvd.fr\/es\/empresa-jvd\/trabajar-en-jvd\/"]}]},{"@type":"ImageObject","inLanguage":"es","@id":"https:\/\/www.jvd.fr\/es\/empresa-jvd\/trabajar-en-jvd\/#primaryimage","url":"https:\/\/www.jvd.fr\/wp-content\/uploads\/2025\/07\/equipe-jvd-2-scaled.jpg","contentUrl":"https:\/\/www.jvd.fr\/wp-content\/uploads\/2025\/07\/equipe-jvd-2-scaled.jpg","width":2560,"height":1440},{"@type":"BreadcrumbList","@id":"https:\/\/www.jvd.fr\/es\/empresa-jvd\/trabajar-en-jvd\/#breadcrumb","itemListElement":[{"@type":"ListItem","position":1,"name":"Accueil","item":"https:\/\/www.jvd.fr\/es\/"},{"@type":"ListItem","position":2,"name":"Descubre JVD","item":"https:\/\/www.jvd.fr\/es\/empresa-jvd\/"},{"@type":"ListItem","position":3,"name":"\u00danete a JVD"}]},{"@type":"WebSite","@id":"https:\/\/www.jvd.fr\/es\/#website","url":"https:\/\/www.jvd.fr\/es\/","name":"JVD","description":"Products that care","potentialAction":[{"@type":"SearchAction","target":{"@type":"EntryPoint","urlTemplate":"https:\/\/www.jvd.fr\/es\/?s={search_term_string}"},"query-input":{"@type":"PropertyValueSpecification","valueRequired":true,"valueName":"search_term_string"}}],"inLanguage":"es"}]}},"_links":{"self":[{"href":"https:\/\/www.jvd.fr\/es\/wp-json\/wp\/v2\/pages\/7069","targetHints":{"allow":["GET"]}}],"collection":[{"href":"https:\/\/www.jvd.fr\/es\/wp-json\/wp\/v2\/pages"}],"about":[{"href":"https:\/\/www.jvd.fr\/es\/wp-json\/wp\/v2\/types\/page"}],"author":[{"embeddable":true,"href":"https:\/\/www.jvd.fr\/es\/wp-json\/wp\/v2\/users\/9"}],"replies":[{"embeddable":true,"href":"https:\/\/www.jvd.fr\/es\/wp-json\/wp\/v2\/comments?post=7069"}],"version-history":[{"count":7,"href":"https:\/\/www.jvd.fr\/es\/wp-json\/wp\/v2\/pages\/7069\/revisions"}],"predecessor-version":[{"id":59983,"href":"https:\/\/www.jvd.fr\/es\/wp-json\/wp\/v2\/pages\/7069\/revisions\/59983"}],"up":[{"embeddable":true,"href":"https:\/\/www.jvd.fr\/es\/wp-json\/wp\/v2\/pages\/5699"}],"wp:featuredmedia":[{"embeddable":true,"href":"https:\/\/www.jvd.fr\/es\/wp-json\/wp\/v2\/media\/35306"}],"wp:attachment":[{"href":"https:\/\/www.jvd.fr\/es\/wp-json\/wp\/v2\/media?parent=7069"}],"curies":[{"name":"wp","href":"https:\/\/api.w.org\/{rel}","templated":true}]}}