{"id":9732,"date":"2025-06-13T09:54:11","date_gmt":"2025-06-13T07:54:11","guid":{"rendered":"https:\/\/jvdwoo2025.dnstemporaire.fr\/?page_id=9732"},"modified":"2025-12-24T09:34:08","modified_gmt":"2025-12-24T08:34:08","slug":"stiefel-und-handschuhtrockner","status":"publish","type":"page","link":"https:\/\/www.jvd.fr\/de\/stiefel-und-handschuhtrockner\/","title":{"rendered":"Stiefel- und Handschuhtrockner"},"content":{"rendered":"\n<figure class=\"wp-block-image aligncenter size-full is-resized\" style=\"margin-bottom:var(--wp--preset--spacing--50);margin-left:0\"><img loading=\"lazy\" decoding=\"async\" width=\"1767\" height=\"175\" src=\"https:\/\/www.jvd.fr\/wp-content\/uploads\/2025\/07\/logo-francais-jvd.jpg\" alt=\"\" class=\"wp-image-42980\" style=\"width:250px\" srcset=\"https:\/\/www.jvd.fr\/wp-content\/uploads\/2025\/07\/logo-francais-jvd.jpg 1767w, https:\/\/www.jvd.fr\/wp-content\/uploads\/2025\/07\/logo-francais-jvd-600x59.jpg 600w, https:\/\/www.jvd.fr\/wp-content\/uploads\/2025\/07\/logo-francais-jvd-120x12.jpg 120w\" sizes=\"auto, (max-width: 1767px) 100vw, 1767px\" \/><\/figure>\n\n\n\n<div class=\"wp-block-group is-layout-flow wp-block-group-is-layout-flow\" style=\"margin-top:0;margin-bottom:var(--wp--preset--spacing--100);padding-bottom:0\">\n<h2 class=\"wp-block-heading\">K\u00e4lte, Feuchtigkeit, Kontamination \u2013 PSA immer einsatzbereit<\/h2>\n\n\n\n<div class=\"wp-block-columns is-layout-flex wp-container-core-columns-is-layout-f6ee69ff wp-block-columns-is-layout-flex\" style=\"margin-bottom:var(--wp--preset--spacing--50)\">\n<div class=\"wp-block-column is-layout-flow wp-block-column-is-layout-flow\">\n<p>In vielen Berufsfeldern sind Teams extremen Bedingungen wie K\u00e4lte, Feuchtigkeit oder Kontamination ausgesetzt. In der Lebensmittelindustrie, der Abfallverarbeitung oder der Gemeinschaftsverpflegung ist die Hygiene von nicht waschbaren Stiefeln und Handschuhen entscheidend f\u00fcr Schutz und Komfort.<\/p>\n<\/div>\n\n\n\n<div class=\"wp-block-column is-layout-flow wp-block-column-is-layout-flow\">\n<p>JVD begegnet diesen Herausforderungen mit einer Produktreihe von Stiefel- und Handschuhtrocknern, die Trocknung, Desinfektion und Geruchsbeseitigung kombinieren. Kompakt und leicht integrierbar \u2013 unsere Ger\u00e4te reduzieren das Risiko von Kreuzkontamination, f\u00f6rdern die Eigenst\u00e4ndigkeit der Teams und eignen sich ideal f\u00fcr enge Technikr\u00e4ume.<\/p>\n<\/div>\n<\/div>\n\n\n\n<div class=\"wp-block-buttons is-content-justification-center is-layout-flex wp-container-core-buttons-is-layout-a89b3969 wp-block-buttons-is-layout-flex\">\n<div class=\"wp-block-button is-style-secondary-button\"><a class=\"wp-block-button__link wp-element-button\" href=\"https:\/\/www.jvd.fr\/de\/categorie\/stiefel-und-handschuhtrockner-de\/\">Alle Produkte entdecken<\/a><\/div>\n<\/div>\n<\/div>\n\n\n\n<div class=\"wp-block-group is-layout-flow wp-block-group-is-layout-flow\" style=\"margin-bottom:var(--wp--preset--spacing--100);padding-bottom:0\">\n<div id=\"wp-block-jvd-cards-block_ebd02db6edf02ecc6a5132b5746bc300\" style=\"margin-bottom:var(--wp--preset--spacing--50);\" class=\"wp-block-jvd-cards align wp-block-acf-cards\">\n\t    <div class=\"swiper jvd-carousel js_cards\" data-display=\"carrousel\">\n        <div class=\"swiper__nav\">\n            <div class=\"swiper__nav__prev js_cards_prev\">\n                <svg width=\"13\" height=\"20\" aria-hidden=\"true\" role=\"presentation\"><use xlink:href=\"#slide-prev\"\/><\/svg>\n            <\/div>\n            <div class=\"swiper__nav__next js_cards_next\">\n                <svg width=\"13\" height=\"20\" aria-hidden=\"true\" role=\"presentation\"><use xlink:href=\"#slide-next\"\/><\/svg>\n            <\/div>\n        <\/div>\n        <div class=\"swiper-wrapper\">\n                        <div class=\"swiper-slide\">\n                <div class=\"jvd-card\" data-link=\"1\" data-img-ratio=\"portrait\" data-text-pos=\"under\">\n                                        <figure class=\"jvd-card__img\">\n                                                    <img decoding=\"async\" src=\"https:\/\/www.jvd.fr\/wp-content\/uploads\/2025\/06\/seche-bottes-hygitec-jvd-hygifeet-600x800.jpg\" width=\"600\" height=\"800\" alt=\"\" loading=\"lazy\" \/>\n                                            <\/figure>\n                    <div class=\"jvd-card__content\">\n                                                <h3 class=\"jvd-card__title\">\n                                                        <a href=\"https:\/\/www.jvd.fr\/de\/categorie\/stiefeltrockner-de\/\">\n                                                        HYGIfeet                                                        <\/a>\n                                                    <\/h3>\n                                                <p class=\"jvd-card__text\">Trocknet und desinfiziert Stiefel<\/p>\n                    <\/div>\n                <\/div>\n            <\/div>\n                        <div class=\"swiper-slide\">\n                <div class=\"jvd-card\" data-link=\"1\" data-img-ratio=\"portrait\" data-text-pos=\"under\">\n                                        <figure class=\"jvd-card__img\">\n                                                    <img decoding=\"async\" src=\"https:\/\/www.jvd.fr\/wp-content\/uploads\/2025\/06\/seche-chaussures-hygitec-jvd-hygicase-600x800.jpg\" width=\"600\" height=\"800\" alt=\"S\u00e8che Chaussures Hygitec Jvd Hygicase\" loading=\"lazy\" \/>\n                                            <\/figure>\n                    <div class=\"jvd-card__content\">\n                                                <h3 class=\"jvd-card__title\">\n                                                        <a href=\"https:\/\/www.jvd.fr\/de\/categorie\/schuhtrockner-de\/\">\n                                                        HYGIcase                                                        <\/a>\n                                                    <\/h3>\n                                                <p class=\"jvd-card__text\">Trocknet und desinfiziert flache Schuhe<\/p>\n                    <\/div>\n                <\/div>\n            <\/div>\n                        <div class=\"swiper-slide\">\n                <div class=\"jvd-card\" data-link=\"1\" data-img-ratio=\"portrait\" data-text-pos=\"under\">\n                                        <figure class=\"jvd-card__img\">\n                                                    <img decoding=\"async\" src=\"https:\/\/www.jvd.fr\/wp-content\/uploads\/2025\/06\/seche-gants-hygitec-jvd-hygigrip-600x800.jpg\" width=\"600\" height=\"800\" alt=\"\" loading=\"lazy\" \/>\n                                            <\/figure>\n                    <div class=\"jvd-card__content\">\n                                                <h3 class=\"jvd-card__title\">\n                                                        <a href=\"https:\/\/www.jvd.fr\/de\/categorie\/handschuhtrockner-de\/\">\n                                                        HYGIgrip                                                        <\/a>\n                                                    <\/h3>\n                                                <p class=\"jvd-card__text\">Trocknet und desinfiziert Handschuhe<\/p>\n                    <\/div>\n                <\/div>\n            <\/div>\n                    <\/div>\n    <\/div>\n    <\/div>\n<\/div>\n\n\n\n<div class=\"wp-block-group has-global-padding is-layout-constrained wp-block-group-is-layout-constrained\" style=\"margin-bottom:var(--wp--preset--spacing--100)\">\n<div class=\"wp-block-columns is-layout-flex wp-container-core-columns-is-layout-cbe57604 wp-block-columns-is-layout-flex\">\n<div class=\"wp-block-column is-layout-flow wp-block-column-is-layout-flow\">\n<figure class=\"wp-block-image size-square has-custom-border is-style-rounded\"><img loading=\"lazy\" decoding=\"async\" width=\"600\" height=\"600\" src=\"https:\/\/www.jvd.fr\/wp-content\/uploads\/2025\/04\/industrie-epi-jvd-600x600.jpg\" alt=\"Industrie Epi JVD\" class=\"wp-image-7482\" style=\"border-radius:20px\" srcset=\"https:\/\/www.jvd.fr\/wp-content\/uploads\/2025\/04\/industrie-epi-jvd-600x600.jpg 600w, https:\/\/www.jvd.fr\/wp-content\/uploads\/2025\/04\/industrie-epi-jvd-300x300.jpg 300w, https:\/\/www.jvd.fr\/wp-content\/uploads\/2025\/04\/industrie-epi-jvd-100x100.jpg 100w, https:\/\/www.jvd.fr\/wp-content\/uploads\/2025\/04\/industrie-epi-jvd-150x150.jpg 150w\" sizes=\"auto, (max-width: 600px) 100vw, 600px\" \/><\/figure>\n<\/div>\n\n\n\n<div class=\"wp-block-column is-vertically-aligned-center is-layout-flow wp-block-column-is-layout-flow\" style=\"border-style:none;border-width:0px\">\n<h2 class=\"wp-block-heading\"><strong>Vorteile f\u00fcr PSA-Tr\u00e4ger<\/strong><\/h2>\n\n\n\n<ul class=\"wp-block-list\">\n<li>Effektive Trocknung f\u00fcr stets trockene Stiefel und Handschuhe (Schwei\u00df, Feuchtigkeit, Regen usw.)<\/li>\n\n\n\n<li>Entfernung unangenehmer Ger\u00fcche bei gleichzeitiger Tiefendesinfektion<\/li>\n\n\n\n<li>Infektions- und Kontaminationsrisiken werden neutralisiert<\/li>\n<\/ul>\n<\/div>\n<\/div>\n<\/div>\n\n\n\n<div class=\"wp-block-group has-global-padding is-layout-constrained wp-block-group-is-layout-constrained\" style=\"margin-bottom:var(--wp--preset--spacing--100)\">\n<div class=\"wp-block-columns is-layout-flex wp-container-core-columns-is-layout-cbe57604 wp-block-columns-is-layout-flex\">\n<div class=\"wp-block-column is-vertically-aligned-center is-layout-flow wp-block-column-is-layout-flow\" style=\"border-style:none;border-width:0px\">\n<h2 class=\"wp-block-heading\"><strong>In Frankreich hergestellte Ger\u00e4te<\/strong><\/h2>\n\n\n\n<p style=\"border-radius:38px\">Unsere Stiefel- und Handschuhtrockner werden in unserer Fabrik in Aix-les-Bains (Savoie) in Frankreich gefertigt. Dieses lokale Know-how steht f\u00fcr unser Engagement f\u00fcr h\u00f6chste Qualit\u00e4t und echtes franz\u00f6sisches Fachwissen.<\/p>\n\n\n\n<p style=\"border-radius:38px\">Mit Novven entscheiden Sie sich f\u00fcr eine vertrauensw\u00fcrdige Marke, die Innovation, Leistung und Nachhaltigkeit vereint \u2013 und gleichzeitig franz\u00f6sische Exzellenz f\u00f6rdert.En choisissant Novven, vous optez pour une marque de confiance qui allie innovation, performance et durabilit\u00e9, tout en valorisant l&#8217;excellence de la fabrication fran\u00e7aise.<\/p>\n\n\n\n<div class=\"wp-block-buttons is-layout-flex wp-block-buttons-is-layout-flex\">\n<div class=\"wp-block-button is-style-fill\"><a class=\"wp-block-button__link wp-element-button\" href=\"https:\/\/www.jvd.fr\/de\/decouvrir-jvd\/mehr-denn-je-engagiert\/\">Unsere Werte entdecken<\/a><\/div>\n<\/div>\n<\/div>\n\n\n\n<div class=\"wp-block-column is-layout-flow wp-block-column-is-layout-flow\">\n<figure class=\"wp-block-image aligncenter size-square is-resized has-custom-border is-style-rounded\"><img loading=\"lazy\" decoding=\"async\" width=\"600\" height=\"600\" src=\"https:\/\/www.jvd.fr\/wp-content\/uploads\/2025\/04\/ecovadis-600x600.jpeg\" alt=\"Ecovadis\" class=\"wp-image-1357\" style=\"border-radius:20px;width:450px\" srcset=\"https:\/\/www.jvd.fr\/wp-content\/uploads\/2025\/04\/ecovadis-600x600.jpeg 600w, https:\/\/www.jvd.fr\/wp-content\/uploads\/2025\/04\/ecovadis-300x300.jpeg 300w, https:\/\/www.jvd.fr\/wp-content\/uploads\/2025\/04\/ecovadis-100x100.jpeg 100w, https:\/\/www.jvd.fr\/wp-content\/uploads\/2025\/04\/ecovadis-150x150.jpeg 150w, https:\/\/www.jvd.fr\/wp-content\/uploads\/2025\/04\/ecovadis-70x70.jpeg 70w, https:\/\/www.jvd.fr\/wp-content\/uploads\/2025\/04\/ecovadis.jpeg 800w\" sizes=\"auto, (max-width: 600px) 100vw, 600px\" \/><\/figure>\n<\/div>\n<\/div>\n<\/div>\n\n\n\n<div class=\"wp-block-group is-layout-flow wp-block-group-is-layout-flow\" style=\"margin-bottom:var(--wp--preset--spacing--100);padding-bottom:0\">\n<h2 class=\"wp-block-heading has-text-align-center\">Angepasste L\u00f6sungen f\u00fcr jedes Einsatzgebiet<\/h2>\n\n\n\n<div id=\"wp-block-jvd-cards-block_ecac2fca5d1d4f7f19d84051b8cc6267\" style=\"margin-bottom:var(--wp--preset--spacing--100);\" class=\"wp-block-jvd-cards align wp-block-acf-cards\">\n\t    <div class=\"swiper jvd-carousel js_cards\" data-display=\"carrousel\">\n        <div class=\"swiper__nav\">\n            <div class=\"swiper__nav__prev js_cards_prev\">\n                <svg width=\"13\" height=\"20\" aria-hidden=\"true\" role=\"presentation\"><use xlink:href=\"#slide-prev\"\/><\/svg>\n            <\/div>\n            <div class=\"swiper__nav__next js_cards_next\">\n                <svg width=\"13\" height=\"20\" aria-hidden=\"true\" role=\"presentation\"><use xlink:href=\"#slide-next\"\/><\/svg>\n            <\/div>\n        <\/div>\n        <div class=\"swiper-wrapper\">\n                        <div class=\"swiper-slide\">\n                <div class=\"jvd-card\" data-link=\"1\" data-img-ratio=\"portrait\" data-text-pos=\"hover\">\n                                        <figure class=\"jvd-card__img\">\n                                                    <img decoding=\"async\" src=\"https:\/\/www.jvd.fr\/wp-content\/uploads\/2025\/04\/7204-600x800.jpg\" width=\"600\" height=\"800\" alt=\"inindustrue\" loading=\"lazy\" \/>\n                                            <\/figure>\n                    <div class=\"jvd-card__content\">\n                                                <h3 class=\"jvd-card__title\">\n                                                        <a href=\"https:\/\/www.jvd.fr\/de\/aktivitat\/industrieller-sektor\/\">\n                                                        Industrie                                                        <\/a>\n                                                    <\/h3>\n                                                <p class=\"jvd-card__text\"><\/p>\n                    <\/div>\n                <\/div>\n            <\/div>\n                        <div class=\"swiper-slide\">\n                <div class=\"jvd-card\" data-link=\"1\" data-img-ratio=\"portrait\" data-text-pos=\"hover\">\n                                        <figure class=\"jvd-card__img\">\n                                                    <img decoding=\"async\" src=\"https:\/\/www.jvd.fr\/wp-content\/uploads\/2025\/04\/homme-pompier-novven-jvd-600x534.jpg\" width=\"600\" height=\"534\" alt=\"Novven en estaci\u00f3n de bomberos\" loading=\"lazy\" \/>\n                                            <\/figure>\n                    <div class=\"jvd-card__content\">\n                                                <h3 class=\"jvd-card__title\">\n                                                        <a href=\"https:\/\/www.jvd.fr\/de\/aktivitat\/verteidigung-sicherheit\/\">\n                                                        Verteidigung, Sicherheit und Rettung                                                        <\/a>\n                                                    <\/h3>\n                                                <p class=\"jvd-card__text\"><\/p>\n                    <\/div>\n                <\/div>\n            <\/div>\n                        <div class=\"swiper-slide\">\n                <div class=\"jvd-card\" data-link=\"1\" data-img-ratio=\"portrait\" data-text-pos=\"hover\">\n                                        <figure class=\"jvd-card__img\">\n                                                    <img decoding=\"async\" src=\"https:\/\/www.jvd.fr\/wp-content\/uploads\/2025\/06\/eboueur-collectivite-novven-armoire-desinfection-600x667.jpg\" width=\"600\" height=\"667\" alt=\"\u00e9boueur Collectivite Novven Armoire D\u00e9sinfection\" loading=\"lazy\" \/>\n                                            <\/figure>\n                    <div class=\"jvd-card__content\">\n                                                <h3 class=\"jvd-card__title\">\n                                                        <a href=\"https:\/\/www.jvd.fr\/de\/aktivitat\/offentlicher-sektor-kommunen\/\">\n                                                        Kommunen                                                        <\/a>\n                                                    <\/h3>\n                                                <p class=\"jvd-card__text\"><\/p>\n                    <\/div>\n                <\/div>\n            <\/div>\n                    <\/div>\n    <\/div>\n    <\/div>\n<\/div>\n\n\n\n<div class=\"wp-block-group has-white-background-color has-background has-global-padding is-layout-constrained wp-block-group-is-layout-constrained\" style=\"border-radius:20px\">\n<h2 class=\"wp-block-heading has-text-align-center\">Sie vertrauen uns<\/h2>\n\n\n\n<div id=\"wp-block-jvd-logos-block_8baebb30617186082a3c6dfea5a8cdff\" style=\"margin-top:var(--wp--preset--spacing--50);\" class=\"wp-block-jvd-logos align wp-block-acf-logos\">\n    <div class=\"jvd-logos\">\n        <div class=\"swiper__nav\">\n            <div class=\"swiper__nav__prev\">\n                <svg width=\"13\" height=\"20\" aria-hidden=\"true\" role=\"presentation\"><use xlink:href=\"#slide-prev\"\/><\/svg>\n            <\/div>\n            <div class=\"swiper__nav__next\">\n                <svg width=\"13\" height=\"20\" aria-hidden=\"true\" role=\"presentation\"><use xlink:href=\"#slide-next\"\/><\/svg>\n            <\/div>\n        <\/div>\n        <div class=\"jvd-logos__grid\" data-appearance=\"natural\" data-columns=\"5\">\n                                                                    <div class=\"jvd-logos__logo\">\n                                            <img decoding=\"async\" src=\"https:\/\/www.jvd.fr\/wp-content\/uploads\/2025\/04\/vendee-52x70.png\" width=\"52\" height=\"70\" alt=\"\" loading=\"lazy\" \/>\n                                        <\/div>\n                                                                                                        <div class=\"jvd-logos__logo\">\n                                            <img decoding=\"async\" src=\"https:\/\/www.jvd.fr\/wp-content\/uploads\/2025\/04\/logo-bataillon-de-marins-pompiers-de-marseillesvg-120x37.png\" width=\"120\" height=\"37\" alt=\"\" loading=\"lazy\" \/>\n                                        <\/div>\n                                                                                                        <div class=\"jvd-logos__logo\">\n                                            <img decoding=\"async\" src=\"https:\/\/www.jvd.fr\/wp-content\/uploads\/2025\/04\/puy-de-dome-70x70.png\" width=\"70\" height=\"70\" alt=\"\" loading=\"lazy\" \/>\n                                        <\/div>\n                                                                                                        <div class=\"jvd-logos__logo\">\n                                            <img decoding=\"async\" src=\"https:\/\/www.jvd.fr\/wp-content\/uploads\/2025\/04\/logo-brigade-de-sapeurs-pompiers-de-parissvg-84x70.png\" width=\"84\" height=\"70\" alt=\"\" loading=\"lazy\" \/>\n                                        <\/div>\n                                                                                                        <div class=\"jvd-logos__logo\">\n                                            <img decoding=\"async\" src=\"https:\/\/www.jvd.fr\/wp-content\/uploads\/2025\/04\/logo-sdis-57-77x70.png\" width=\"77\" height=\"70\" alt=\"\" loading=\"lazy\" \/>\n                                        <\/div>\n                                                                                                        <div class=\"jvd-logos__logo\">\n                                            <img decoding=\"async\" src=\"https:\/\/www.jvd.fr\/wp-content\/uploads\/2025\/04\/maine-loire-70x70.png\" width=\"70\" height=\"70\" alt=\"\" loading=\"lazy\" \/>\n                                        <\/div>\n                                                                                                        <div class=\"jvd-logos__logo\">\n                                            <img decoding=\"async\" src=\"https:\/\/www.jvd.fr\/wp-content\/uploads\/2025\/04\/oe-ptit-moeme-rectangle-05-2-120x31.png\" width=\"120\" height=\"31\" alt=\"Logo o p&#039;tit Mome\" loading=\"lazy\" \/>\n                                        <\/div>\n                                                                                                        <div class=\"jvd-logos__logo\">\n                                            <img decoding=\"async\" src=\"https:\/\/www.jvd.fr\/wp-content\/uploads\/2025\/04\/lpc-logo-1-120x55.png\" width=\"120\" height=\"55\" alt=\"Logo des Petites Canailles\" loading=\"lazy\" \/>\n                                        <\/div>\n                                                                                                        <div class=\"jvd-logos__logo\">\n                                            <img decoding=\"async\" src=\"https:\/\/www.jvd.fr\/wp-content\/uploads\/2025\/04\/nascht-footer-logo-90x70.png\" width=\"90\" height=\"70\" alt=\"Logo de NASCHT\" loading=\"lazy\" \/>\n                                        <\/div>\n                                                                                                        <div class=\"jvd-logos__logo\">\n                                            <img decoding=\"async\" src=\"https:\/\/www.jvd.fr\/wp-content\/uploads\/2025\/04\/logo-pep-kita-creche-final-1-79x70.png\" width=\"79\" height=\"70\" alt=\"Logo pop e poppa\" loading=\"lazy\" \/>\n                                        <\/div>\n                                                                                                        <div class=\"jvd-logos__logo\">\n                                            <img decoding=\"async\" src=\"https:\/\/www.jvd.fr\/wp-content\/uploads\/2025\/04\/logo-butzemillen-120x48.png\" width=\"120\" height=\"48\" alt=\"logo butzemillen\" loading=\"lazy\" \/>\n                                        <\/div>\n                                                                                                        <div class=\"jvd-logos__logo\">\n                                            <img decoding=\"async\" src=\"https:\/\/www.jvd.fr\/wp-content\/uploads\/2025\/06\/fleurymichon-logo-rvb-120x25.png\" width=\"120\" height=\"25\" alt=\"\" loading=\"lazy\" \/>\n                                        <\/div>\n                                                                                                        <div class=\"jvd-logos__logo\">\n                                            <img decoding=\"async\" src=\"https:\/\/www.jvd.fr\/wp-content\/uploads\/2025\/06\/sodebo-120x51.png\" width=\"120\" height=\"51\" alt=\"\" loading=\"lazy\" \/>\n                                        <\/div>\n                                                        <\/div>\n    <\/div>\n<\/div>\n<\/div>\n\n\n\n<div class=\"wp-block-group has-lightgrey-background-color has-background is-layout-flow wp-block-group-is-layout-flow\" style=\"border-radius:20px;padding-top:var(--wp--preset--spacing--75);padding-right:var(--wp--preset--spacing--75);padding-bottom:var(--wp--preset--spacing--75);padding-left:var(--wp--preset--spacing--75)\">\n<h2 class=\"wp-block-heading has-text-align-center\">Interessiert an unseren Produkten?<\/h2>\n\n\n\n<p class=\"has-text-align-center\">Ob Produktinformationen oder Expertenrat \u2013 wir beraten Sie gern per Video oder Telefon.<\/p>\n\n\n\n<div class=\"wp-block-buttons is-content-justification-center is-layout-flex wp-container-core-buttons-is-layout-a89b3969 wp-block-buttons-is-layout-flex\">\n<div class=\"wp-block-button\"><a class=\"wp-block-button__link wp-element-button\" href=\"https:\/\/share-eu1.hsforms.com\/1D1pYfY9ySKu6Mr344NqNBQexg1v\">Kontakt zu einem JVD-Berater aufnehmen<\/a><\/div>\n<\/div>\n<\/div>\n","protected":false},"excerpt":{"rendered":"<p>K\u00e4lte, Feuchtigkeit, Kontamination \u2013 PSA immer einsatzbereit In vielen Berufsfeldern sind Teams extremen Bedingungen wie K\u00e4lte, Feuchtigkeit oder Kontamination ausgesetzt. In der Lebensmittelindustrie, der Abfallverarbeitung oder der Gemeinschaftsverpflegung ist die Hygiene von nicht waschbaren Stiefeln und Handschuhen entscheidend f\u00fcr Schutz und Komfort. JVD begegnet diesen Herausforderungen mit einer Produktreihe von Stiefel- und Handschuhtrocknern, die Trocknung, [&hellip;]<\/p>\n","protected":false},"author":1,"featured_media":41662,"parent":0,"menu_order":0,"comment_status":"closed","ping_status":"closed","template":"","meta":{"_acf_changed":false,"content-type":"","_searchwp_excluded":"","inline_featured_image":false,"footnotes":""},"class_list":["post-9732","page","type-page","status-publish","has-post-thumbnail","hentry"],"acf":[],"yoast_head":"<!-- This site is optimized with the Yoast SEO plugin v27.1.1 - https:\/\/yoast.com\/product\/yoast-seo-wordpress\/ -->\n<title>Professionelle Stiefel- und Handschuhtrockner | JVD<\/title>\n<meta name=\"description\" content=\"Professionelle Stiefel- und Handschuhtrockner von JVD f\u00fcr schnelles, hygienisches und effizientes Trocknen nasser Ausr\u00fcstung.\" \/>\n<meta name=\"robots\" content=\"index, follow, max-snippet:-1, max-image-preview:large, max-video-preview:-1\" \/>\n<link rel=\"canonical\" href=\"https:\/\/www.jvd.fr\/de\/stiefel-und-handschuhtrockner\/\" \/>\n<meta property=\"og:locale\" content=\"de_DE\" \/>\n<meta property=\"og:type\" content=\"article\" \/>\n<meta property=\"og:title\" content=\"Professionelle Stiefel- und Handschuhtrockner | JVD\" \/>\n<meta property=\"og:description\" content=\"Professionelle Stiefel- und Handschuhtrockner von JVD f\u00fcr schnelles, hygienisches und effizientes Trocknen nasser Ausr\u00fcstung.\" \/>\n<meta property=\"og:url\" content=\"https:\/\/www.jvd.fr\/de\/stiefel-und-handschuhtrockner\/\" \/>\n<meta property=\"og:site_name\" content=\"JVD\" \/>\n<meta property=\"article:modified_time\" content=\"2025-12-24T08:34:08+00:00\" \/>\n<meta property=\"og:image\" content=\"https:\/\/www.jvd.fr\/wp-content\/uploads\/2025\/07\/seche-botte-et-gants-hygifeet-jvd-scaled.jpg\" \/>\n\t<meta property=\"og:image:width\" content=\"2560\" \/>\n\t<meta property=\"og:image:height\" content=\"1093\" \/>\n\t<meta property=\"og:image:type\" content=\"image\/jpeg\" \/>\n<script type=\"application\/ld+json\" class=\"yoast-schema-graph\">{\"@context\":\"https:\/\/schema.org\",\"@graph\":[{\"@type\":\"WebPage\",\"@id\":\"https:\/\/www.jvd.fr\/de\/stiefel-und-handschuhtrockner\/\",\"url\":\"https:\/\/www.jvd.fr\/de\/stiefel-und-handschuhtrockner\/\",\"name\":\"Professionelle Stiefel- und Handschuhtrockner | JVD\",\"isPartOf\":{\"@id\":\"https:\/\/www.jvd.fr\/de\/#website\"},\"primaryImageOfPage\":{\"@id\":\"https:\/\/www.jvd.fr\/de\/stiefel-und-handschuhtrockner\/#primaryimage\"},\"image\":{\"@id\":\"https:\/\/www.jvd.fr\/de\/stiefel-und-handschuhtrockner\/#primaryimage\"},\"thumbnailUrl\":\"https:\/\/www.jvd.fr\/wp-content\/uploads\/2025\/07\/seche-botte-et-gants-hygifeet-jvd-scaled.jpg\",\"datePublished\":\"2025-06-13T07:54:11+00:00\",\"dateModified\":\"2025-12-24T08:34:08+00:00\",\"description\":\"Professionelle Stiefel- und Handschuhtrockner von JVD f\u00fcr schnelles, hygienisches und effizientes Trocknen nasser Ausr\u00fcstung.\",\"breadcrumb\":{\"@id\":\"https:\/\/www.jvd.fr\/de\/stiefel-und-handschuhtrockner\/#breadcrumb\"},\"inLanguage\":\"de\",\"potentialAction\":[{\"@type\":\"ReadAction\",\"target\":[\"https:\/\/www.jvd.fr\/de\/stiefel-und-handschuhtrockner\/\"]}]},{\"@type\":\"ImageObject\",\"inLanguage\":\"de\",\"@id\":\"https:\/\/www.jvd.fr\/de\/stiefel-und-handschuhtrockner\/#primaryimage\",\"url\":\"https:\/\/www.jvd.fr\/wp-content\/uploads\/2025\/07\/seche-botte-et-gants-hygifeet-jvd-scaled.jpg\",\"contentUrl\":\"https:\/\/www.jvd.fr\/wp-content\/uploads\/2025\/07\/seche-botte-et-gants-hygifeet-jvd-scaled.jpg\",\"width\":2560,\"height\":1093,\"caption\":\"S\u00e8che Botte Et Gants HYGIfeet JVD\"},{\"@type\":\"BreadcrumbList\",\"@id\":\"https:\/\/www.jvd.fr\/de\/stiefel-und-handschuhtrockner\/#breadcrumb\",\"itemListElement\":[{\"@type\":\"ListItem\",\"position\":1,\"name\":\"Accueil\",\"item\":\"https:\/\/www.jvd.fr\/de\/\"},{\"@type\":\"ListItem\",\"position\":2,\"name\":\"Stiefel- und Handschuhtrockner\"}]},{\"@type\":\"WebSite\",\"@id\":\"https:\/\/www.jvd.fr\/de\/#website\",\"url\":\"https:\/\/www.jvd.fr\/de\/\",\"name\":\"JVD\",\"description\":\"Products that care\",\"potentialAction\":[{\"@type\":\"SearchAction\",\"target\":{\"@type\":\"EntryPoint\",\"urlTemplate\":\"https:\/\/www.jvd.fr\/de\/?s={search_term_string}\"},\"query-input\":{\"@type\":\"PropertyValueSpecification\",\"valueRequired\":true,\"valueName\":\"search_term_string\"}}],\"inLanguage\":\"de\"}]}<\/script>\n<!-- \/ Yoast SEO plugin. -->","yoast_head_json":{"title":"Professionelle Stiefel- und Handschuhtrockner | JVD","description":"Professionelle Stiefel- und Handschuhtrockner von JVD f\u00fcr schnelles, hygienisches und effizientes Trocknen nasser Ausr\u00fcstung.","robots":{"index":"index","follow":"follow","max-snippet":"max-snippet:-1","max-image-preview":"max-image-preview:large","max-video-preview":"max-video-preview:-1"},"canonical":"https:\/\/www.jvd.fr\/de\/stiefel-und-handschuhtrockner\/","og_locale":"de_DE","og_type":"article","og_title":"Professionelle Stiefel- und Handschuhtrockner | JVD","og_description":"Professionelle Stiefel- und Handschuhtrockner von JVD f\u00fcr schnelles, hygienisches und effizientes Trocknen nasser Ausr\u00fcstung.","og_url":"https:\/\/www.jvd.fr\/de\/stiefel-und-handschuhtrockner\/","og_site_name":"JVD","article_modified_time":"2025-12-24T08:34:08+00:00","og_image":[{"width":2560,"height":1093,"url":"https:\/\/www.jvd.fr\/wp-content\/uploads\/2025\/07\/seche-botte-et-gants-hygifeet-jvd-scaled.jpg","type":"image\/jpeg"}],"schema":{"@context":"https:\/\/schema.org","@graph":[{"@type":"WebPage","@id":"https:\/\/www.jvd.fr\/de\/stiefel-und-handschuhtrockner\/","url":"https:\/\/www.jvd.fr\/de\/stiefel-und-handschuhtrockner\/","name":"Professionelle Stiefel- und Handschuhtrockner | JVD","isPartOf":{"@id":"https:\/\/www.jvd.fr\/de\/#website"},"primaryImageOfPage":{"@id":"https:\/\/www.jvd.fr\/de\/stiefel-und-handschuhtrockner\/#primaryimage"},"image":{"@id":"https:\/\/www.jvd.fr\/de\/stiefel-und-handschuhtrockner\/#primaryimage"},"thumbnailUrl":"https:\/\/www.jvd.fr\/wp-content\/uploads\/2025\/07\/seche-botte-et-gants-hygifeet-jvd-scaled.jpg","datePublished":"2025-06-13T07:54:11+00:00","dateModified":"2025-12-24T08:34:08+00:00","description":"Professionelle Stiefel- und Handschuhtrockner von JVD f\u00fcr schnelles, hygienisches und effizientes Trocknen nasser Ausr\u00fcstung.","breadcrumb":{"@id":"https:\/\/www.jvd.fr\/de\/stiefel-und-handschuhtrockner\/#breadcrumb"},"inLanguage":"de","potentialAction":[{"@type":"ReadAction","target":["https:\/\/www.jvd.fr\/de\/stiefel-und-handschuhtrockner\/"]}]},{"@type":"ImageObject","inLanguage":"de","@id":"https:\/\/www.jvd.fr\/de\/stiefel-und-handschuhtrockner\/#primaryimage","url":"https:\/\/www.jvd.fr\/wp-content\/uploads\/2025\/07\/seche-botte-et-gants-hygifeet-jvd-scaled.jpg","contentUrl":"https:\/\/www.jvd.fr\/wp-content\/uploads\/2025\/07\/seche-botte-et-gants-hygifeet-jvd-scaled.jpg","width":2560,"height":1093,"caption":"S\u00e8che Botte Et Gants HYGIfeet JVD"},{"@type":"BreadcrumbList","@id":"https:\/\/www.jvd.fr\/de\/stiefel-und-handschuhtrockner\/#breadcrumb","itemListElement":[{"@type":"ListItem","position":1,"name":"Accueil","item":"https:\/\/www.jvd.fr\/de\/"},{"@type":"ListItem","position":2,"name":"Stiefel- und Handschuhtrockner"}]},{"@type":"WebSite","@id":"https:\/\/www.jvd.fr\/de\/#website","url":"https:\/\/www.jvd.fr\/de\/","name":"JVD","description":"Products that care","potentialAction":[{"@type":"SearchAction","target":{"@type":"EntryPoint","urlTemplate":"https:\/\/www.jvd.fr\/de\/?s={search_term_string}"},"query-input":{"@type":"PropertyValueSpecification","valueRequired":true,"valueName":"search_term_string"}}],"inLanguage":"de"}]}},"_links":{"self":[{"href":"https:\/\/www.jvd.fr\/de\/wp-json\/wp\/v2\/pages\/9732","targetHints":{"allow":["GET"]}}],"collection":[{"href":"https:\/\/www.jvd.fr\/de\/wp-json\/wp\/v2\/pages"}],"about":[{"href":"https:\/\/www.jvd.fr\/de\/wp-json\/wp\/v2\/types\/page"}],"author":[{"embeddable":true,"href":"https:\/\/www.jvd.fr\/de\/wp-json\/wp\/v2\/users\/1"}],"replies":[{"embeddable":true,"href":"https:\/\/www.jvd.fr\/de\/wp-json\/wp\/v2\/comments?post=9732"}],"version-history":[{"count":9,"href":"https:\/\/www.jvd.fr\/de\/wp-json\/wp\/v2\/pages\/9732\/revisions"}],"predecessor-version":[{"id":71409,"href":"https:\/\/www.jvd.fr\/de\/wp-json\/wp\/v2\/pages\/9732\/revisions\/71409"}],"wp:featuredmedia":[{"embeddable":true,"href":"https:\/\/www.jvd.fr\/de\/wp-json\/wp\/v2\/media\/41662"}],"wp:attachment":[{"href":"https:\/\/www.jvd.fr\/de\/wp-json\/wp\/v2\/media?parent=9732"}],"curies":[{"name":"wp","href":"https:\/\/api.w.org\/{rel}","templated":true}]}}