{"id":50255,"date":"2025-08-20T11:08:25","date_gmt":"2025-08-20T09:08:25","guid":{"rendered":"https:\/\/jvdwoo2025.dnstemporaire.fr\/?page_id=50255"},"modified":"2026-01-07T11:46:49","modified_gmt":"2026-01-07T10:46:49","slug":"massgefertigte-integrierte-haendetrockner","status":"publish","type":"page","link":"https:\/\/www.jvd.fr\/de\/haendetrockner\/massgefertigte-integrierte-haendetrockner\/","title":{"rendered":"Ma\u00dfgefertigte integrierte H\u00e4ndetrockner"},"content":{"rendered":"\n<figure class=\"wp-block-image aligncenter size-full is-resized\" style=\"margin-bottom:var(--wp--preset--spacing--50);margin-left:0\"><img loading=\"lazy\" decoding=\"async\" width=\"1767\" height=\"175\" src=\"https:\/\/www.jvd.fr\/wp-content\/uploads\/2025\/07\/logo-francais-jvd.jpg\" alt=\"\" class=\"wp-image-42980\" style=\"width:250px\" srcset=\"https:\/\/www.jvd.fr\/wp-content\/uploads\/2025\/07\/logo-francais-jvd.jpg 1767w, https:\/\/www.jvd.fr\/wp-content\/uploads\/2025\/07\/logo-francais-jvd-600x59.jpg 600w, https:\/\/www.jvd.fr\/wp-content\/uploads\/2025\/07\/logo-francais-jvd-120x12.jpg 120w\" sizes=\"auto, (max-width: 1767px) 100vw, 1767px\" \/><\/figure>\n\n\n\n<div class=\"wp-block-group is-layout-flow wp-block-group-is-layout-flow\" style=\"margin-top:0;margin-bottom:var(--wp--preset--spacing--100);padding-bottom:0\">\n<h2 class=\"wp-block-heading\">Ein Design aus Nantes f\u00fcr Einbaul\u00f6sungen, die auf Ihre Bed\u00fcrfnisse zugeschnitten sind<\/h2>\n\n\n\n<div class=\"wp-block-columns is-layout-flex wp-container-core-columns-is-layout-b49b463b wp-block-columns-is-layout-flex\" style=\"padding-top:0;padding-bottom:0\">\n<div class=\"wp-block-column is-layout-flow wp-block-column-is-layout-flow\">\n<p>Seit \u00fcber 30 Jahren entwerfen und fertigen wir in Frankreich integrierte H\u00e4ndetrockner, die speziell auf die Anforderungen professioneller Umgebungen abgestimmt sind. Dieses industrielle Know-how erm\u00f6glicht es uns, robuste, zuverl\u00e4ssige und langlebige L\u00f6sungen anzubieten.<\/p>\n<\/div>\n\n\n\n<div class=\"wp-block-column is-layout-flow wp-block-column-is-layout-flow\">\n<p style=\"padding-top:0;padding-bottom:0\">Unsere ma\u00dfgefertigten Einbaumodelle vereinen aerodynamische Simulation, akustische Optimierung und ergonomisches Design. Sie sind speziell f\u00fcr beengte R\u00e4ume geeignet, wie sie im Bahn- und Industriesektor, in \u00f6ffentlichen Einrichtungen oder in hochgelegenen Anlagen vorkommen.<\/p>\n<\/div>\n<\/div>\n<\/div>\n\n\n\n<div class=\"wp-block-group has-lightgrey-background-color has-background has-global-padding is-layout-constrained wp-container-core-group-is-layout-e3e141cd wp-block-group-is-layout-constrained\" style=\"border-radius:25px;margin-top:0;margin-bottom:var(--wp--preset--spacing--100);padding-top:var(--wp--preset--spacing--75);padding-right:var(--wp--preset--spacing--75);padding-bottom:var(--wp--preset--spacing--75);padding-left:var(--wp--preset--spacing--75)\">\n<h2 class=\"wp-block-heading\"><strong><strong><strong>Warum einen ma\u00dfgefertigten, integrierten H\u00e4ndetrockner w\u00e4hlen?<\/strong><\/strong><\/strong><\/h2>\n\n\n\n<ul class=\"wp-block-list\">\n<li><strong>Trocknungsleistung<\/strong>: Durch den Einsatz von Str\u00f6mungsmechanik und aerodynamischer Simulation wird der Luftstrom optimiert, um eine schnelle, gleichm\u00e4\u00dfige und energieeffiziente Trocknung zu gew\u00e4hrleisten.<\/li>\n<\/ul>\n\n\n\n<ul class=\"wp-block-list\">\n<li><strong>\u00c4sthetische Einbaul\u00f6sungen<\/strong>: Die unsichtbare Integration in M\u00f6bel oder Trennw\u00e4nde spart Platz, verbessert die Bewegungsfreiheit und sorgt f\u00fcr bessere Hygiene in professionellen Sanit\u00e4rr\u00e4umen.<\/li>\n<\/ul>\n\n\n\n<ul class=\"wp-block-list\">\n<li><strong>Akustischer Komfort<\/strong>: Spezielle Ma\u00dfnahmen reduzieren den Ger\u00e4uschpegel deutlich \u2013 besonders an stark frequentierten Orten.<\/li>\n<\/ul>\n\n\n\n<ul class=\"wp-block-list\">\n<li><strong>Normkonformit\u00e4t und Langlebigkeit<\/strong>: Unsere H\u00e4ndetrockner entsprechen den geltenden Normen (Bahn, \u00f6ffentliche Geb\u00e4ude, Industrie) und sind aus vandalismussicherem Edelstahl gefertigt \u2013 mit vereinfachter Wartung.<\/li>\n<\/ul>\n\n\n\n<ul class=\"wp-block-list\">\n<li><strong>Agile Ma\u00dfanfertigung<\/strong>: Forschung und Produktion in Nantes erm\u00f6glichen es uns, jede Konfiguration an Platzverh\u00e4ltnisse, gesetzliche Anforderungen und individuelle Gegebenheiten anzupassen.<\/li>\n<\/ul>\n<\/div>\n\n\n\n<div class=\"wp-block-group is-layout-flow wp-block-group-is-layout-flow\" style=\"margin-bottom:var(--wp--preset--spacing--100);padding-bottom:0\">\n<h2 class=\"wp-block-heading has-text-align-center\">Eine L\u00f6sung f\u00fcr verschiedene Branchen<\/h2>\n\n\n\n<div id=\"wp-block-jvd-cards-block_46b3f71a6b5eacdba95e016b6dacc876\" style=\"margin-bottom:var(--wp--preset--spacing--50);\" class=\"wp-block-jvd-cards align wp-block-acf-cards\">\n\t    <div class=\"swiper jvd-carousel js_cards\" data-display=\"carrousel\">\n        <div class=\"swiper__nav\">\n            <div class=\"swiper__nav__prev js_cards_prev\">\n                <svg width=\"13\" height=\"20\" aria-hidden=\"true\" role=\"presentation\"><use xlink:href=\"#slide-prev\"\/><\/svg>\n            <\/div>\n            <div class=\"swiper__nav__next js_cards_next\">\n                <svg width=\"13\" height=\"20\" aria-hidden=\"true\" role=\"presentation\"><use xlink:href=\"#slide-next\"\/><\/svg>\n            <\/div>\n        <\/div>\n        <div class=\"swiper-wrapper\">\n                        <div class=\"swiper-slide\">\n                <div class=\"jvd-card\" data-link=\"1\" data-img-ratio=\"portrait\" data-text-pos=\"hover\">\n                                        <figure class=\"jvd-card__img\">\n                                                    <img decoding=\"async\" src=\"https:\/\/www.jvd.fr\/wp-content\/uploads\/2025\/05\/enfant-train-jvd-rafale-600x800.jpg\" width=\"600\" height=\"800\" alt=\"\" loading=\"lazy\" \/>\n                                            <\/figure>\n                    <div class=\"jvd-card__content\">\n                                                <h3 class=\"jvd-card__title\">\n                                                        <a href=\"https:\/\/www.jvd.fr\/de\/aktivitat\/transport-und-mobilitaet\/schienenverkehr\/\">\n                                                        Bahnwesen                                                        <\/a>\n                                                    <\/h3>\n                                                <p class=\"jvd-card__text\">Integrierte H\u00e4ndetrockner sind ideal f\u00fcr Schienenfahrzeuge und Bahnh\u00f6fe.<\/p>\n                    <\/div>\n                <\/div>\n            <\/div>\n                        <div class=\"swiper-slide\">\n                <div class=\"jvd-card\" data-link=\"0\" data-img-ratio=\"portrait\" data-text-pos=\"hover\">\n                                        <figure class=\"jvd-card__img\">\n                                                    <img decoding=\"async\" src=\"https:\/\/www.jvd.fr\/wp-content\/uploads\/2025\/08\/centre-commercial-seche-mains-integres-jvd-600x800.jpg\" width=\"600\" height=\"800\" alt=\"\" loading=\"lazy\" \/>\n                                            <\/figure>\n                    <div class=\"jvd-card__content\">\n                                                <h3 class=\"jvd-card__title\">\n                                                        Einkaufszentren                                                    <\/h3>\n                                                <p class=\"jvd-card__text\">Leise Einbaul\u00f6sungen f\u00fcr Einkaufszentren, Fachmarktzentren und Gastronomiebereiche.<\/p>\n                    <\/div>\n                <\/div>\n            <\/div>\n                        <div class=\"swiper-slide\">\n                <div class=\"jvd-card\" data-link=\"1\" data-img-ratio=\"portrait\" data-text-pos=\"hover\">\n                                        <figure class=\"jvd-card__img\">\n                                                    <img decoding=\"async\" src=\"https:\/\/www.jvd.fr\/wp-content\/uploads\/2025\/05\/administration-collectivite-public-jvd-600x800.jpg\" width=\"600\" height=\"800\" alt=\"Administration et collectivit\u00e9s - JVD\" loading=\"lazy\" \/>\n                                            <\/figure>\n                    <div class=\"jvd-card__content\">\n                                                <h3 class=\"jvd-card__title\">\n                                                        <a href=\"https:\/\/www.jvd.fr\/de\/aktivitat\/offentlicher-sektor-kommunen\/\">\n                                                        Gemeinwesen &amp; \u00f6ffentliche Einrichtungen                                                        <\/a>\n                                                    <\/h3>\n                                                <p class=\"jvd-card__text\">Ideal f\u00fcr Stadien und Museen, diese L\u00f6sungen sind f\u00fcr hohe Besucherzahlen ausgelegt.<\/p>\n                    <\/div>\n                <\/div>\n            <\/div>\n                        <div class=\"swiper-slide\">\n                <div class=\"jvd-card\" data-link=\"1\" data-img-ratio=\"portrait\" data-text-pos=\"hover\">\n                                        <figure class=\"jvd-card__img\">\n                                                    <img decoding=\"async\" src=\"https:\/\/www.jvd.fr\/wp-content\/uploads\/2025\/04\/industrie-equipements-jvd-600x800.jpg\" width=\"600\" height=\"800\" alt=\"Industrie \u00e9quipements JVD\" loading=\"lazy\" \/>\n                                            <\/figure>\n                    <div class=\"jvd-card__content\">\n                                                <h3 class=\"jvd-card__title\">\n                                                        <a href=\"https:\/\/www.jvd.fr\/de\/aktivitat\/industrieller-sektor\/\">\n                                                        Industrie                                                        <\/a>\n                                                    <\/h3>\n                                                <p class=\"jvd-card__text\">Robuste und HSE-konforme L\u00f6sungen f\u00fcr Werkst\u00e4tten und technische Bereiche.<\/p>\n                    <\/div>\n                <\/div>\n            <\/div>\n                        <div class=\"swiper-slide\">\n                <div class=\"jvd-card\" data-link=\"1\" data-img-ratio=\"portrait\" data-text-pos=\"hover\">\n                                        <figure class=\"jvd-card__img\">\n                                                    <img decoding=\"async\" src=\"https:\/\/www.jvd.fr\/wp-content\/uploads\/2025\/05\/station-service-transport-hygiene-jvd-600x800.jpg\" width=\"600\" height=\"800\" alt=\"Station Service Transport Hygiene Jvd\" loading=\"lazy\" \/>\n                                            <\/figure>\n                    <div class=\"jvd-card__content\">\n                                                <h3 class=\"jvd-card__title\">\n                                                        <a href=\"https:\/\/www.jvd.fr\/de\/aktivitat\/transport-und-mobilitaet\/tankstelle\/\">\n                                                        Tankstellen                                                        <\/a>\n                                                    <\/h3>\n                                                <p class=\"jvd-card__text\">Die ideale L\u00f6sung f\u00fcr hohe t\u00e4gliche Besucherzahlen in Sanit\u00e4ranlagen.<\/p>\n                    <\/div>\n                <\/div>\n            <\/div>\n                        <div class=\"swiper-slide\">\n                <div class=\"jvd-card\" data-link=\"1\" data-img-ratio=\"portrait\" data-text-pos=\"hover\">\n                                        <figure class=\"jvd-card__img\">\n                                                    <img decoding=\"async\" src=\"https:\/\/www.jvd.fr\/wp-content\/uploads\/2025\/05\/aeroport-jvd-transport-mobilite-600x673.jpg\" width=\"600\" height=\"673\" alt=\"v\" loading=\"lazy\" \/>\n                                            <\/figure>\n                    <div class=\"jvd-card__content\">\n                                                <h3 class=\"jvd-card__title\">\n                                                        <a href=\"https:\/\/www.jvd.fr\/de\/aktivitat\/transport-und-mobilitaet\/flughafen\/\">\n                                                        Flugh\u00e4fen                                                        <\/a>\n                                                    <\/h3>\n                                                <p class=\"jvd-card__text\">Eingebaute H\u00e4ndetrockner sind unauff\u00e4llig und erf\u00fcllen die Anforderungen von Flughafen-WCs.<\/p>\n                    <\/div>\n                <\/div>\n            <\/div>\n                    <\/div>\n    <\/div>\n    <\/div>\n<\/div>\n\n\n\n<div class=\"wp-block-group is-layout-flow wp-block-group-is-layout-flow\" style=\"margin-bottom:var(--wp--preset--spacing--100);padding-bottom:0\">\n<h2 class=\"wp-block-heading has-text-align-center\">Ein ma\u00dfgeschneiderter Entwicklungsprozess<\/h2>\n\n\n\n<div id=\"wp-block-jvd-banner-block_b1becddc8b7d022caaf2a0c9482a6e67\" class=\"wp-block-jvd-banner align wp-block-acf-banner\">\n    <div class=\"jvd-banner\">\n                        <figure class=\"jvd-banner__img\" data-gradient=\"\">\n            <img decoding=\"async\" src=\"https:\/\/www.jvd.fr\/wp-content\/uploads\/2025\/08\/schema-fonctionnement-seche-mains-integres-sur-mesure-de-1200x800.jpg\" width=\"1200\" height=\"800\" alt=\"Sch\u00e9ma Fonctionnement S\u00e8che Mains Int\u00e9gr\u00e9s Sur Mesure (DE)\" loading=\"lazy\" \/>\n        <\/figure>\n\t                <\/div>\n<\/div><\/div>\n\n\n\n<div class=\"wp-block-group has-global-padding is-layout-constrained wp-block-group-is-layout-constrained\" style=\"margin-bottom:var(--wp--preset--spacing--125)\">\n<h2 class=\"wp-block-heading has-text-align-center\"><strong>Unsere Fachkompetenzen f\u00fcr Ihre Einbaul\u00f6sungen<\/strong><\/h2>\n\n\n\n<div class=\"wp-block-columns is-layout-flex wp-container-core-columns-is-layout-17615a59 wp-block-columns-is-layout-flex\" style=\"margin-bottom:var(--wp--preset--spacing--100)\">\n<div class=\"wp-block-column is-vertically-aligned-center is-layout-flow wp-block-column-is-layout-flow\" style=\"border-style:none;border-width:0px\">\n<h2 class=\"wp-block-heading\"><strong>Design, Ergonomie und Hygiene<\/strong><\/h2>\n\n\n\n<p>Unsere Einbaul\u00f6sungen f\u00fcgen sich dank klarer Pl\u00e4ne, Schablonen und Schnittstellen perfekt in alle Projekte ein und erleichtern die Montage sowie die Koordination zwischen den Gewerken. Die glatten Oberfl\u00e4chen aus geb\u00fcrstetem Edelstahl, erh\u00e4ltlich mit Fingerabdruckschutz-Optionen, gew\u00e4hrleisten ein dauerhaft \u00e4sthetisches und pflegeleichtes Ergebnis. Unsere H\u00e4ndetrockner entsprechen den geltenden Normen, garantieren optimale Barrierefreiheit f\u00fcr Menschen mit eingeschr\u00e4nkter Mobilit\u00e4t (PRM) und erh\u00f6hen die Sicherheit f\u00fcr alle Benutzer.<\/p>\n<\/div>\n\n\n\n<div class=\"wp-block-column is-layout-flow wp-block-column-is-layout-flow\">\n<figure class=\"wp-block-image size-landscape-small has-custom-border is-style-rounded\"><img loading=\"lazy\" decoding=\"async\" width=\"600\" height=\"400\" src=\"https:\/\/www.jvd.fr\/wp-content\/uploads\/2025\/08\/20181213-091648-600x400.jpg\" alt=\"\" class=\"wp-image-50147\" style=\"border-radius:20px\" srcset=\"https:\/\/www.jvd.fr\/wp-content\/uploads\/2025\/08\/20181213-091648-600x400.jpg 600w, https:\/\/www.jvd.fr\/wp-content\/uploads\/2025\/08\/20181213-091648-1200x800.jpg 1200w\" sizes=\"auto, (max-width: 600px) 100vw, 600px\" \/><\/figure>\n<\/div>\n<\/div>\n\n\n\n<div class=\"wp-block-columns is-layout-flex wp-container-core-columns-is-layout-59a2bf7c wp-block-columns-is-layout-flex\" style=\"margin-bottom:var(--wp--preset--spacing--100)\">\n<div class=\"wp-block-column is-layout-flow wp-block-column-is-layout-flow\">\n<figure class=\"wp-block-image size-landscape-small has-custom-border is-style-rounded\"><img loading=\"lazy\" decoding=\"async\" width=\"600\" height=\"400\" src=\"https:\/\/www.jvd.fr\/wp-content\/uploads\/2025\/08\/20181213-091526-600x400.jpg\" alt=\"\" class=\"wp-image-50151\" style=\"border-radius:20px\" srcset=\"https:\/\/www.jvd.fr\/wp-content\/uploads\/2025\/08\/20181213-091526-600x400.jpg 600w, https:\/\/www.jvd.fr\/wp-content\/uploads\/2025\/08\/20181213-091526-1200x800.jpg 1200w\" sizes=\"auto, (max-width: 600px) 100vw, 600px\" \/><\/figure>\n<\/div>\n\n\n\n<div class=\"wp-block-column is-vertically-aligned-center is-layout-flow wp-block-column-is-layout-flow\">\n<h2 class=\"wp-block-heading\"><strong>Aerodynamische Simulation und Dimensionierung<\/strong><\/h2>\n\n\n\n<p>Dieser Ansatz optimiert die Trocknungsleistung bei gleichzeitiger Reduzierung des Energieverbrauchs. Die Auswahl von Motoren und D\u00fcsen erfolgt sorgf\u00e4ltig, um ein hervorragendes Verh\u00e4ltnis von Leistung zu Verbrauch zu gew\u00e4hrleisten. Abschlie\u00dfend werden thermische und akustische Pr\u00fcfungen unter realen Bedingungen durchgef\u00fchrt, um einen optimalen Betrieb auch in anspruchsvollsten Umgebungen sicherzustellen.<\/p>\n<\/div>\n<\/div>\n\n\n\n<div class=\"wp-block-columns is-layout-flex wp-container-core-columns-is-layout-cbe57604 wp-block-columns-is-layout-flex\">\n<div class=\"wp-block-column is-vertically-aligned-center is-layout-flow wp-block-column-is-layout-flow\">\n<h2 class=\"wp-block-heading\"><strong>Beschr\u00e4nkungen \u00fcberwunden dank eingebauten H\u00e4ndetrocknern<\/strong><\/h2>\n\n\n\n<p>Unsere integrierten H\u00e4ndetrockner meistern die Herausforderungen begrenzter technischer R\u00e4ume und beengter Volumen, ohne Kompromisse bei der Leistung einzugehen. Ihr Design beinhaltet eine spezielle Schalld\u00e4mmung, um optimalen Schallschutz in stark frequentierten Sanit\u00e4ranlagen zu gew\u00e4hrleisten. Robust und zuverl\u00e4ssig sind sie f\u00fcr extreme Bedingungen ausgelegt: Klimaschwankungen, gro\u00dfe H\u00f6hen, intensive Nutzung, St\u00f6\u00dfe, Vibrationen und Vandalismus \u2013 insbesondere im Bahn- und Industriebereich.<\/p>\n<\/div>\n\n\n\n<div class=\"wp-block-column is-layout-flow wp-block-column-is-layout-flow\">\n<figure class=\"wp-block-image size-landscape-small has-custom-border is-style-rounded\"><img loading=\"lazy\" decoding=\"async\" width=\"600\" height=\"400\" src=\"https:\/\/www.jvd.fr\/wp-content\/uploads\/2025\/08\/landing-seche-mains-integre-600x400.jpg\" alt=\"Landing S\u00e8che Mains Int\u00e9gr\u00e9\" class=\"wp-image-50155\" style=\"border-radius:20px\" srcset=\"https:\/\/www.jvd.fr\/wp-content\/uploads\/2025\/08\/landing-seche-mains-integre-600x400.jpg 600w, https:\/\/www.jvd.fr\/wp-content\/uploads\/2025\/08\/landing-seche-mains-integre-1200x800.jpg 1200w\" sizes=\"auto, (max-width: 600px) 100vw, 600px\" \/><\/figure>\n<\/div>\n<\/div>\n<\/div>\n\n\n\n<div class=\"wp-block-group has-global-padding is-layout-constrained wp-block-group-is-layout-constrained\" style=\"margin-bottom:var(--wp--preset--spacing--100)\">\n<h2 class=\"wp-block-heading has-text-align-center\">H\u00e4ufig gestellte Fragen<\/h2>\n\n\n\n<div id=\"wp-block-jvd-faq-block_6ebcff9916806fa43482d41283d9a21c\" class=\"wp-block-jvd-faq align wp-block-acf-faq\">\n\t<div class=\"jvd-faq\">\n\t\t\t\t<div class=\"jvd-faq__item\" itemscope itemprop=\"mainEntity\" itemtype=\"https:\/\/schema.org\/Question\">\n\t\t\t<div class=\"jvd-faq__question\" itemprop=\"name\">\n\t\t\t\t<span>Was ist ein integrierter H\u00e4ndetrockner?<\/span>\n\t\t\t\t<button type=\"button\">\n\t\t\t\t\t<svg width=\"20\" height=\"20\" aria-hidden=\"true\" role=\"presentation\"><use xlink:href=\"#chevron-down\"\/><\/svg>\n\t\t\t\t<\/button>\n\t\t\t<\/div>\n\t\t\t<div class=\"jvd-faq__answer\" itemscope itemprop=\"acceptedAnswer\" itemtype=\"https:\/\/schema.org\/Answer\">\n\t\t\t\t<p data-start=\"1945\" data-end=\"2243\">Ein integrierter H\u00e4ndetrockner ist ein professionelles Ger\u00e4t, das in eine Wand, ein M\u00f6belst\u00fcck oder eine Waschtischanlage eingebaut wird. Er erm\u00f6glicht eine dezente Installation und f\u00fcgt sich harmonisch in das Sanit\u00e4rdesign ein. Diese L\u00f6sung wird h\u00e4ufig in hochwertigen Sanit\u00e4rbereichen eingesetzt.<\/p>\n\t\t\t<\/div>\n\t\t<\/div>\n\t\t\t\t<div class=\"jvd-faq__item\" itemscope itemprop=\"mainEntity\" itemtype=\"https:\/\/schema.org\/Question\">\n\t\t\t<div class=\"jvd-faq__question\" itemprop=\"name\">\n\t\t\t\t<span>Welche Vorteile bietet ein integrierter H\u00e4ndetrockner?<\/span>\n\t\t\t\t<button type=\"button\">\n\t\t\t\t\t<svg width=\"20\" height=\"20\" aria-hidden=\"true\" role=\"presentation\"><use xlink:href=\"#chevron-down\"\/><\/svg>\n\t\t\t\t<\/button>\n\t\t\t<\/div>\n\t\t\t<div class=\"jvd-faq__answer\" itemscope itemprop=\"acceptedAnswer\" itemtype=\"https:\/\/schema.org\/Answer\">\n\t\t\t\t<p data-start=\"2308\" data-end=\"2530\">Ein integrierter H\u00e4ndetrockner sorgt f\u00fcr ein hochwertiges, aufger\u00e4umtes Erscheinungsbild. Er reduziert den Platzbedarf und begrenzt Wasserspritzer im Waschbereich. Die feste Montage unterst\u00fctzt zudem hohe Hygienestandards.<\/p>\n\t\t\t<\/div>\n\t\t<\/div>\n\t\t\t\t<div class=\"jvd-faq__item\" itemscope itemprop=\"mainEntity\" itemtype=\"https:\/\/schema.org\/Question\">\n\t\t\t<div class=\"jvd-faq__question\" itemprop=\"name\">\n\t\t\t\t<span>In welchen Bereichen eignet sich ein integrierter H\u00e4ndetrockner?<\/span>\n\t\t\t\t<button type=\"button\">\n\t\t\t\t\t<svg width=\"20\" height=\"20\" aria-hidden=\"true\" role=\"presentation\"><use xlink:href=\"#chevron-down\"\/><\/svg>\n\t\t\t\t<\/button>\n\t\t\t<\/div>\n\t\t\t<div class=\"jvd-faq__answer\" itemscope itemprop=\"acceptedAnswer\" itemtype=\"https:\/\/schema.org\/Answer\">\n\t\t\t\t<p data-start=\"2605\" data-end=\"2786\">Integrierte H\u00e4ndetrockner eignen sich f\u00fcr Hotels, Restaurants, B\u00fcros und hochwertige \u00f6ffentliche Geb\u00e4ude. Sie sind ideal f\u00fcr Sanit\u00e4rbereiche mit hohen gestalterischen Anforderungen.<\/p>\n\t\t\t<\/div>\n\t\t<\/div>\n\t\t\t\t<div class=\"jvd-faq__item\" itemscope itemprop=\"mainEntity\" itemtype=\"https:\/\/schema.org\/Question\">\n\t\t\t<div class=\"jvd-faq__question\" itemprop=\"name\">\n\t\t\t\t<span>Sind integrierte Modelle f\u00fcr intensive Nutzung geeignet?<\/span>\n\t\t\t\t<button type=\"button\">\n\t\t\t\t\t<svg width=\"20\" height=\"20\" aria-hidden=\"true\" role=\"presentation\"><use xlink:href=\"#chevron-down\"\/><\/svg>\n\t\t\t\t<\/button>\n\t\t\t<\/div>\n\t\t\t<div class=\"jvd-faq__answer\" itemscope itemprop=\"acceptedAnswer\" itemtype=\"https:\/\/schema.org\/Answer\">\n\t\t\t\t<p data-start=\"2853\" data-end=\"3047\">Ja. Integrierte H\u00e4ndetrockner von JVD sind f\u00fcr den h\u00e4ufigen Einsatz in \u00f6ffentlich zug\u00e4nglichen Sanit\u00e4ranlagen ausgelegt. Sie erf\u00fcllen die technischen Anforderungen stark frequentierter Bereiche.<\/p>\n\t\t\t<\/div>\n\t\t<\/div>\n\t\t\t\t<div class=\"jvd-faq__item\" itemscope itemprop=\"mainEntity\" itemtype=\"https:\/\/schema.org\/Question\">\n\t\t\t<div class=\"jvd-faq__question\" itemprop=\"name\">\n\t\t\t\t<span>Kann die Installation individuell angepasst werden?<\/span>\n\t\t\t\t<button type=\"button\">\n\t\t\t\t\t<svg width=\"20\" height=\"20\" aria-hidden=\"true\" role=\"presentation\"><use xlink:href=\"#chevron-down\"\/><\/svg>\n\t\t\t\t<\/button>\n\t\t\t<\/div>\n\t\t\t<div class=\"jvd-faq__answer\" itemscope itemprop=\"acceptedAnswer\" itemtype=\"https:\/\/schema.org\/Answer\">\n\t\t\t\t<p data-start=\"3109\" data-end=\"3299\">Ja. Je nach Projekt kann der H\u00e4ndetrockner in eine Wand, ein M\u00f6bel oder einen Waschtisch integriert werden. JVD unterst\u00fctzt Fachplaner und Installateure bei der Auswahl der passenden L\u00f6sung.<\/p>\n\t\t\t<\/div>\n\t\t<\/div>\n\t\t\t\t<div class=\"jvd-faq__item\" itemscope itemprop=\"mainEntity\" itemtype=\"https:\/\/schema.org\/Question\">\n\t\t\t<div class=\"jvd-faq__question\" itemprop=\"name\">\n\t\t\t\t<span>Erfordert die Installation besondere bauliche Ma\u00dfnahmen?<\/span>\n\t\t\t\t<button type=\"button\">\n\t\t\t\t\t<svg width=\"20\" height=\"20\" aria-hidden=\"true\" role=\"presentation\"><use xlink:href=\"#chevron-down\"\/><\/svg>\n\t\t\t\t<\/button>\n\t\t\t<\/div>\n\t\t\t<div class=\"jvd-faq__answer\" itemscope itemprop=\"acceptedAnswer\" itemtype=\"https:\/\/schema.org\/Answer\">\n\t\t\t\t<p data-start=\"3366\" data-end=\"3540\">Eine Unterputzinstallation kann eine entsprechende Wand- oder M\u00f6belaussparung erfordern. JVD stellt technische Empfehlungen zur Verf\u00fcgung, um die Installation zu erleichtern.<\/p>\n\t\t\t<\/div>\n\t\t<\/div>\n\t\t\t<\/div>\n<\/div>\n<\/div>\n\n\n\n<div class=\"wp-block-group has-lightgrey-background-color has-background is-layout-flow wp-block-group-is-layout-flow\" style=\"border-radius:20px;padding-top:var(--wp--preset--spacing--75);padding-right:var(--wp--preset--spacing--75);padding-bottom:var(--wp--preset--spacing--75);padding-left:var(--wp--preset--spacing--75)\">\n<h2 class=\"wp-block-heading has-text-align-center\">Interesse an unseren Produkten?<\/h2>\n\n\n\n<p class=\"has-text-align-center\">Ben\u00f6tigen Sie Produktinformationen oder technische Beratung?<br>Unser Team ist per Videoanruf oder telefonisch erreichbar.<\/p>\n\n\n\n<div class=\"wp-block-buttons is-content-justification-center is-layout-flex wp-container-core-buttons-is-layout-a89b3969 wp-block-buttons-is-layout-flex\">\n<div class=\"wp-block-button is-style-fill\"><a class=\"wp-block-button__link wp-element-button\" href=\"https:\/\/share-eu1.hsforms.com\/1D1pYfY9ySKu6Mr344NqNBQexg1v\">Kontaktieren Sie uns<\/a><\/div>\n<\/div>\n<\/div>\n","protected":false},"excerpt":{"rendered":"<p>Ein Design aus Nantes f\u00fcr Einbaul\u00f6sungen, die auf Ihre Bed\u00fcrfnisse zugeschnitten sind Seit \u00fcber 30 Jahren entwerfen und fertigen wir in Frankreich integrierte H\u00e4ndetrockner, die speziell auf die Anforderungen professioneller Umgebungen abgestimmt sind. Dieses industrielle Know-how erm\u00f6glicht es uns, robuste, zuverl\u00e4ssige und langlebige L\u00f6sungen anzubieten. Unsere ma\u00dfgefertigten Einbaumodelle vereinen aerodynamische Simulation, akustische Optimierung und ergonomisches [&hellip;]<\/p>\n","protected":false},"author":4,"featured_media":61212,"parent":5082,"menu_order":0,"comment_status":"closed","ping_status":"closed","template":"","meta":{"_acf_changed":false,"content-type":"","_searchwp_excluded":"","inline_featured_image":false,"footnotes":""},"class_list":["post-50255","page","type-page","status-publish","has-post-thumbnail","hentry"],"acf":[],"yoast_head":"<!-- This site is optimized with the Yoast SEO plugin v27.1.1 - https:\/\/yoast.com\/product\/yoast-seo-wordpress\/ -->\n<title>Ma\u00dfgefertigte integrierte H\u00e4ndetrockner - JVD<\/title>\n<meta name=\"description\" content=\"Ma\u00dfgeschneiderte eingebaute H\u00e4ndetrockner f\u00fcr professionelle Umgebungen. Platz sparen, Ger\u00e4usche reduzieren und Hygiene gew\u00e4hrleisten.\" \/>\n<meta name=\"robots\" content=\"index, follow, max-snippet:-1, max-image-preview:large, max-video-preview:-1\" \/>\n<link rel=\"canonical\" href=\"https:\/\/www.jvd.fr\/de\/haendetrockner\/massgefertigte-integrierte-haendetrockner\/\" \/>\n<meta property=\"og:locale\" content=\"de_DE\" \/>\n<meta property=\"og:type\" content=\"article\" \/>\n<meta property=\"og:title\" content=\"Ma\u00dfgefertigte integrierte H\u00e4ndetrockner - JVD\" \/>\n<meta property=\"og:description\" content=\"Ma\u00dfgeschneiderte eingebaute H\u00e4ndetrockner f\u00fcr professionelle Umgebungen. Platz sparen, Ger\u00e4usche reduzieren und Hygiene gew\u00e4hrleisten.\" \/>\n<meta property=\"og:url\" content=\"https:\/\/www.jvd.fr\/de\/haendetrockner\/massgefertigte-integrierte-haendetrockner\/\" \/>\n<meta property=\"og:site_name\" content=\"JVD\" \/>\n<meta property=\"article:modified_time\" content=\"2026-01-07T10:46:49+00:00\" \/>\n<meta property=\"og:image\" content=\"https:\/\/www.jvd.fr\/wp-content\/uploads\/2025\/10\/seche-mains-integres-sur-mesure-jvd.jpg\" \/>\n\t<meta property=\"og:image:width\" content=\"1920\" \/>\n\t<meta property=\"og:image:height\" content=\"820\" \/>\n\t<meta property=\"og:image:type\" content=\"image\/jpeg\" \/>\n<script type=\"application\/ld+json\" class=\"yoast-schema-graph\">{\"@context\":\"https:\/\/schema.org\",\"@graph\":[{\"@type\":\"WebPage\",\"@id\":\"https:\/\/www.jvd.fr\/de\/haendetrockner\/massgefertigte-integrierte-haendetrockner\/\",\"url\":\"https:\/\/www.jvd.fr\/de\/haendetrockner\/massgefertigte-integrierte-haendetrockner\/\",\"name\":\"Ma\u00dfgefertigte integrierte H\u00e4ndetrockner - JVD\",\"isPartOf\":{\"@id\":\"https:\/\/www.jvd.fr\/de\/#website\"},\"primaryImageOfPage\":{\"@id\":\"https:\/\/www.jvd.fr\/de\/haendetrockner\/massgefertigte-integrierte-haendetrockner\/#primaryimage\"},\"image\":{\"@id\":\"https:\/\/www.jvd.fr\/de\/haendetrockner\/massgefertigte-integrierte-haendetrockner\/#primaryimage\"},\"thumbnailUrl\":\"https:\/\/www.jvd.fr\/wp-content\/uploads\/2025\/10\/seche-mains-integres-sur-mesure-jvd.jpg\",\"datePublished\":\"2025-08-20T09:08:25+00:00\",\"dateModified\":\"2026-01-07T10:46:49+00:00\",\"description\":\"Ma\u00dfgeschneiderte eingebaute H\u00e4ndetrockner f\u00fcr professionelle Umgebungen. Platz sparen, Ger\u00e4usche reduzieren und Hygiene gew\u00e4hrleisten.\",\"breadcrumb\":{\"@id\":\"https:\/\/www.jvd.fr\/de\/haendetrockner\/massgefertigte-integrierte-haendetrockner\/#breadcrumb\"},\"inLanguage\":\"de\",\"potentialAction\":[{\"@type\":\"ReadAction\",\"target\":[\"https:\/\/www.jvd.fr\/de\/haendetrockner\/massgefertigte-integrierte-haendetrockner\/\"]}]},{\"@type\":\"ImageObject\",\"inLanguage\":\"de\",\"@id\":\"https:\/\/www.jvd.fr\/de\/haendetrockner\/massgefertigte-integrierte-haendetrockner\/#primaryimage\",\"url\":\"https:\/\/www.jvd.fr\/wp-content\/uploads\/2025\/10\/seche-mains-integres-sur-mesure-jvd.jpg\",\"contentUrl\":\"https:\/\/www.jvd.fr\/wp-content\/uploads\/2025\/10\/seche-mains-integres-sur-mesure-jvd.jpg\",\"width\":1920,\"height\":820},{\"@type\":\"BreadcrumbList\",\"@id\":\"https:\/\/www.jvd.fr\/de\/haendetrockner\/massgefertigte-integrierte-haendetrockner\/#breadcrumb\",\"itemListElement\":[{\"@type\":\"ListItem\",\"position\":1,\"name\":\"Accueil\",\"item\":\"https:\/\/www.jvd.fr\/de\/\"},{\"@type\":\"ListItem\",\"position\":2,\"name\":\"H\u00e4ndetrockner\",\"item\":\"https:\/\/www.jvd.fr\/de\/haendetrockner\/\"},{\"@type\":\"ListItem\",\"position\":3,\"name\":\"Ma\u00dfgefertigte integrierte H\u00e4ndetrockner\"}]},{\"@type\":\"WebSite\",\"@id\":\"https:\/\/www.jvd.fr\/de\/#website\",\"url\":\"https:\/\/www.jvd.fr\/de\/\",\"name\":\"JVD\",\"description\":\"Products that care\",\"potentialAction\":[{\"@type\":\"SearchAction\",\"target\":{\"@type\":\"EntryPoint\",\"urlTemplate\":\"https:\/\/www.jvd.fr\/de\/?s={search_term_string}\"},\"query-input\":{\"@type\":\"PropertyValueSpecification\",\"valueRequired\":true,\"valueName\":\"search_term_string\"}}],\"inLanguage\":\"de\"}]}<\/script>\n<!-- \/ Yoast SEO plugin. -->","yoast_head_json":{"title":"Ma\u00dfgefertigte integrierte H\u00e4ndetrockner - JVD","description":"Ma\u00dfgeschneiderte eingebaute H\u00e4ndetrockner f\u00fcr professionelle Umgebungen. Platz sparen, Ger\u00e4usche reduzieren und Hygiene gew\u00e4hrleisten.","robots":{"index":"index","follow":"follow","max-snippet":"max-snippet:-1","max-image-preview":"max-image-preview:large","max-video-preview":"max-video-preview:-1"},"canonical":"https:\/\/www.jvd.fr\/de\/haendetrockner\/massgefertigte-integrierte-haendetrockner\/","og_locale":"de_DE","og_type":"article","og_title":"Ma\u00dfgefertigte integrierte H\u00e4ndetrockner - JVD","og_description":"Ma\u00dfgeschneiderte eingebaute H\u00e4ndetrockner f\u00fcr professionelle Umgebungen. Platz sparen, Ger\u00e4usche reduzieren und Hygiene gew\u00e4hrleisten.","og_url":"https:\/\/www.jvd.fr\/de\/haendetrockner\/massgefertigte-integrierte-haendetrockner\/","og_site_name":"JVD","article_modified_time":"2026-01-07T10:46:49+00:00","og_image":[{"width":1920,"height":820,"url":"https:\/\/www.jvd.fr\/wp-content\/uploads\/2025\/10\/seche-mains-integres-sur-mesure-jvd.jpg","type":"image\/jpeg"}],"schema":{"@context":"https:\/\/schema.org","@graph":[{"@type":"WebPage","@id":"https:\/\/www.jvd.fr\/de\/haendetrockner\/massgefertigte-integrierte-haendetrockner\/","url":"https:\/\/www.jvd.fr\/de\/haendetrockner\/massgefertigte-integrierte-haendetrockner\/","name":"Ma\u00dfgefertigte integrierte H\u00e4ndetrockner - JVD","isPartOf":{"@id":"https:\/\/www.jvd.fr\/de\/#website"},"primaryImageOfPage":{"@id":"https:\/\/www.jvd.fr\/de\/haendetrockner\/massgefertigte-integrierte-haendetrockner\/#primaryimage"},"image":{"@id":"https:\/\/www.jvd.fr\/de\/haendetrockner\/massgefertigte-integrierte-haendetrockner\/#primaryimage"},"thumbnailUrl":"https:\/\/www.jvd.fr\/wp-content\/uploads\/2025\/10\/seche-mains-integres-sur-mesure-jvd.jpg","datePublished":"2025-08-20T09:08:25+00:00","dateModified":"2026-01-07T10:46:49+00:00","description":"Ma\u00dfgeschneiderte eingebaute H\u00e4ndetrockner f\u00fcr professionelle Umgebungen. Platz sparen, Ger\u00e4usche reduzieren und Hygiene gew\u00e4hrleisten.","breadcrumb":{"@id":"https:\/\/www.jvd.fr\/de\/haendetrockner\/massgefertigte-integrierte-haendetrockner\/#breadcrumb"},"inLanguage":"de","potentialAction":[{"@type":"ReadAction","target":["https:\/\/www.jvd.fr\/de\/haendetrockner\/massgefertigte-integrierte-haendetrockner\/"]}]},{"@type":"ImageObject","inLanguage":"de","@id":"https:\/\/www.jvd.fr\/de\/haendetrockner\/massgefertigte-integrierte-haendetrockner\/#primaryimage","url":"https:\/\/www.jvd.fr\/wp-content\/uploads\/2025\/10\/seche-mains-integres-sur-mesure-jvd.jpg","contentUrl":"https:\/\/www.jvd.fr\/wp-content\/uploads\/2025\/10\/seche-mains-integres-sur-mesure-jvd.jpg","width":1920,"height":820},{"@type":"BreadcrumbList","@id":"https:\/\/www.jvd.fr\/de\/haendetrockner\/massgefertigte-integrierte-haendetrockner\/#breadcrumb","itemListElement":[{"@type":"ListItem","position":1,"name":"Accueil","item":"https:\/\/www.jvd.fr\/de\/"},{"@type":"ListItem","position":2,"name":"H\u00e4ndetrockner","item":"https:\/\/www.jvd.fr\/de\/haendetrockner\/"},{"@type":"ListItem","position":3,"name":"Ma\u00dfgefertigte integrierte H\u00e4ndetrockner"}]},{"@type":"WebSite","@id":"https:\/\/www.jvd.fr\/de\/#website","url":"https:\/\/www.jvd.fr\/de\/","name":"JVD","description":"Products that care","potentialAction":[{"@type":"SearchAction","target":{"@type":"EntryPoint","urlTemplate":"https:\/\/www.jvd.fr\/de\/?s={search_term_string}"},"query-input":{"@type":"PropertyValueSpecification","valueRequired":true,"valueName":"search_term_string"}}],"inLanguage":"de"}]}},"_links":{"self":[{"href":"https:\/\/www.jvd.fr\/de\/wp-json\/wp\/v2\/pages\/50255","targetHints":{"allow":["GET"]}}],"collection":[{"href":"https:\/\/www.jvd.fr\/de\/wp-json\/wp\/v2\/pages"}],"about":[{"href":"https:\/\/www.jvd.fr\/de\/wp-json\/wp\/v2\/types\/page"}],"author":[{"embeddable":true,"href":"https:\/\/www.jvd.fr\/de\/wp-json\/wp\/v2\/users\/4"}],"replies":[{"embeddable":true,"href":"https:\/\/www.jvd.fr\/de\/wp-json\/wp\/v2\/comments?post=50255"}],"version-history":[{"count":4,"href":"https:\/\/www.jvd.fr\/de\/wp-json\/wp\/v2\/pages\/50255\/revisions"}],"predecessor-version":[{"id":71539,"href":"https:\/\/www.jvd.fr\/de\/wp-json\/wp\/v2\/pages\/50255\/revisions\/71539"}],"up":[{"embeddable":true,"href":"https:\/\/www.jvd.fr\/de\/wp-json\/wp\/v2\/pages\/5082"}],"wp:featuredmedia":[{"embeddable":true,"href":"https:\/\/www.jvd.fr\/de\/wp-json\/wp\/v2\/media\/61212"}],"wp:attachment":[{"href":"https:\/\/www.jvd.fr\/de\/wp-json\/wp\/v2\/media?parent=50255"}],"curies":[{"name":"wp","href":"https:\/\/api.w.org\/{rel}","templated":true}]}}