{"id":50122,"date":"2025-08-19T15:19:02","date_gmt":"2025-08-19T13:19:02","guid":{"rendered":"https:\/\/jvdwoo2025.dnstemporaire.fr\/?page_id=50122"},"modified":"2026-01-07T10:57:37","modified_gmt":"2026-01-07T09:57:37","slug":"50122-2","status":"publish","type":"page","link":"https:\/\/www.jvd.fr\/de\/50122-2\/","title":{"rendered":"General\u00fcberholte Ger\u00e4te"},"content":{"rendered":"\n<div class=\"wp-block-group alignfull is-style-default has-lightgrey-background-color has-background has-global-padding is-layout-constrained wp-container-core-group-is-layout-a5ea1944 wp-block-group-is-layout-constrained\" style=\"padding-top:0;padding-right:0;padding-bottom:var(--wp--preset--spacing--75)\">\n<div class=\"wp-block-group is-style-content-narrow has-white-color has-text-color has-link-color wp-elements-82637947ad66f906fc72b8204aca7394 has-global-padding is-layout-constrained wp-block-group-is-layout-constrained\">\n<p class=\"has-text-align-center has-pinetree-color has-text-color has-link-color wp-elements-29abca9b6fed9cebb38181a8cbf8d452\">Mit Reborn by JVD \u00fcberarbeiten wir unsere in Frankreich hergestellten Produkte \u2013 von H\u00e4ndetrocknern bis zu Luftreinigern \u2013 am Ende ihres Lebenszyklus in unseren Werkst\u00e4tten in Rez\u00e9, um ihnen ein zweites Leben zu schenken. Sie werden getestet, gepr\u00fcft und garantiert, um Ihnen leistungsstarke, langlebige und umweltfreundliche Ger\u00e4te zu bieten. Eine wirtschaftliche, \u00f6kologische und praxisnahe L\u00f6sung zur Ausstattung Ihrer R\u00e4ume bei gleichzeitiger Verringerung Ihres \u00f6kologischen Fu\u00dfabdrucks.<\/p>\n<\/div>\n<\/div>\n\n\n\n<figure class=\"wp-block-image aligncenter size-full is-resized\" style=\"margin-top:var(--wp--preset--spacing--50);margin-bottom:var(--wp--preset--spacing--50);margin-left:0\"><img loading=\"lazy\" decoding=\"async\" width=\"1767\" height=\"175\" src=\"https:\/\/www.jvd.fr\/wp-content\/uploads\/2025\/07\/logo-francais-jvd.jpg\" alt=\"\" class=\"wp-image-42980\" style=\"width:250px\" srcset=\"https:\/\/www.jvd.fr\/wp-content\/uploads\/2025\/07\/logo-francais-jvd.jpg 1767w, https:\/\/www.jvd.fr\/wp-content\/uploads\/2025\/07\/logo-francais-jvd-600x59.jpg 600w, https:\/\/www.jvd.fr\/wp-content\/uploads\/2025\/07\/logo-francais-jvd-120x12.jpg 120w\" sizes=\"auto, (max-width: 1767px) 100vw, 1767px\" \/><\/figure>\n\n\n\n<div class=\"wp-block-columns is-layout-flex wp-container-core-columns-is-layout-6442e42e wp-block-columns-is-layout-flex\" style=\"margin-top:var(--wp--preset--spacing--100);margin-bottom:var(--wp--preset--spacing--100)\">\n<div class=\"wp-block-column is-vertically-aligned-center is-layout-flow wp-block-column-is-layout-flow\">\n<h2 class=\"wp-block-heading\"><strong><strong><strong>MISSION #1 \u2013 Die Lebensdauer unserer Produkte verl\u00e4ngern<\/strong><\/strong><\/strong><\/h2>\n\n\n\n<p style=\"border-radius:60px\">Bei JVD \u00fcberdenken wir das traditionelle Modell und gehen von einem reinen Verbrauch neuer Produkte zu einem nachhaltigen Ansatz \u00fcber, der die Lebensdauer unserer Ger\u00e4te verl\u00e4ngert. Dieser Ansatz verbessert unsere Umweltbilanz und bietet Fachkr\u00e4ften hochwertige, wiederaufbereitete L\u00f6sungen \u2013 umweltfreundlich und zukunftsorientiert.<\/p>\n\n\n\n<div class=\"wp-block-buttons is-layout-flex wp-block-buttons-is-layout-flex\">\n<div class=\"wp-block-button is-style-fill\"><a class=\"wp-block-button__link wp-element-button\" href=\"https:\/\/www.rebornbyjvd.fr\/nos-engagements\/\" target=\"_blank\" rel=\"noreferrer noopener\">Mehr erfahren<\/a><\/div>\n<\/div>\n<\/div>\n\n\n\n<div class=\"wp-block-column is-layout-flow wp-block-column-is-layout-flow\">\n<figure class=\"wp-block-image size-square has-custom-border is-style-rounded\"><img loading=\"lazy\" decoding=\"async\" width=\"600\" height=\"600\" src=\"https:\/\/www.jvd.fr\/wp-content\/uploads\/2025\/06\/seche-mains-expair-jvd-copie-600x600.jpg\" alt=\"\" class=\"wp-image-5107\" style=\"border-radius:20px;object-fit:cover\" srcset=\"https:\/\/www.jvd.fr\/wp-content\/uploads\/2025\/06\/seche-mains-expair-jvd-copie-600x600.jpg 600w, https:\/\/www.jvd.fr\/wp-content\/uploads\/2025\/06\/seche-mains-expair-jvd-copie-300x300.jpg 300w, https:\/\/www.jvd.fr\/wp-content\/uploads\/2025\/06\/seche-mains-expair-jvd-copie-100x100.jpg 100w, https:\/\/www.jvd.fr\/wp-content\/uploads\/2025\/06\/seche-mains-expair-jvd-copie-150x150.jpg 150w\" sizes=\"auto, (max-width: 600px) 100vw, 600px\" \/><\/figure>\n<\/div>\n<\/div>\n\n\n\n<div class=\"wp-block-columns is-layout-flex wp-container-core-columns-is-layout-fdb74459 wp-block-columns-is-layout-flex\" style=\"margin-bottom:var(--wp--preset--spacing--100)\">\n<div class=\"wp-block-column is-layout-flow wp-block-column-is-layout-flow\">\n<figure class=\"wp-block-image size-square has-custom-border is-style-rounded\"><img loading=\"lazy\" decoding=\"async\" width=\"600\" height=\"600\" src=\"https:\/\/www.jvd.fr\/wp-content\/uploads\/2025\/08\/dsc-0192-600x600.jpg\" alt=\"\" class=\"wp-image-50095\" style=\"border-radius:20px;object-fit:cover\" srcset=\"https:\/\/www.jvd.fr\/wp-content\/uploads\/2025\/08\/dsc-0192-600x600.jpg 600w, https:\/\/www.jvd.fr\/wp-content\/uploads\/2025\/08\/dsc-0192-300x300.jpg 300w, https:\/\/www.jvd.fr\/wp-content\/uploads\/2025\/08\/dsc-0192-100x100.jpg 100w, https:\/\/www.jvd.fr\/wp-content\/uploads\/2025\/08\/dsc-0192-150x150.jpg 150w\" sizes=\"auto, (max-width: 600px) 100vw, 600px\" \/><\/figure>\n<\/div>\n\n\n\n<div class=\"wp-block-column is-vertically-aligned-center is-layout-flow wp-block-column-is-layout-flow\">\n<h2 class=\"wp-block-heading\"><strong><strong><strong><strong>MISSION #2 \u2013 Inklusion von Menschen mit Behinderungen f\u00f6rdern<\/strong><\/strong><\/strong><\/strong><\/h2>\n\n\n\n<p style=\"border-radius:60px\">Wir treffen bewusst die Entscheidung, unser \u00f6kologisches Engagement mit einer sozialen Verantwortung zu verbinden. In Zusammenarbeit mit dem ESAT bieten wir Menschen mit Behinderungen die M\u00f6glichkeit, durch Schulungen im Bereich der Wiederaufbereitung unserer Produkte neue, wertvolle Kompetenzen zu entwickeln. Diese Initiative f\u00f6rdert aktiv ihre berufliche Integration und schafft Mehrwert f\u00fcr alle.<\/p>\n\n\n\n<div class=\"wp-block-buttons is-layout-flex wp-block-buttons-is-layout-flex\">\n<div class=\"wp-block-button is-style-fill\"><a class=\"wp-block-button__link wp-element-button\" href=\"https:\/\/www.rebornbyjvd.fr\/travailler-avec-des-personnes-en-situation-de-handicap\/\" target=\"_blank\" rel=\"noreferrer noopener\">Mehr \u00fcber den Ansatz erfahren<\/a><\/div>\n<\/div>\n<\/div>\n<\/div>\n\n\n\n<div class=\"wp-block-columns is-layout-flex wp-container-core-columns-is-layout-fdb74459 wp-block-columns-is-layout-flex\" style=\"margin-bottom:var(--wp--preset--spacing--100)\">\n<div class=\"wp-block-column is-vertically-aligned-center is-layout-flow wp-block-column-is-layout-flow\">\n<h2 class=\"wp-block-heading\"><strong><strong><strong>MISSION #3 \u2013 Ein 100% gemeinschaftliches Projekt<\/strong><\/strong><\/strong><\/h2>\n\n\n\n<p style=\"border-radius:60px\">Reborn by JVD ist auch ein gemeinschaftlich getragenes Projekt, an dem mehrere interne Abteilungen beteiligt sind \u2013 vom Konstruktionsb\u00fcro \u00fcber die Produktion bis hin zu Qualit\u00e4tssicherung und Marketing \u2013, um die Sichtbarkeit des Projekts zu gew\u00e4hrleisten. Wir arbeiten zudem Hand in Hand mit einem ESAT, das Menschen mit Behinderungen in den Wiederaufbereitungsprozess einbindet, sowie mit externen Partnern, um H\u00e4ndetrockner mit Vorleben zur\u00fcckzugewinnen \u2013 im Sinne einer inklusiven und lokalen Kreislaufwirtschaft.<\/p>\n<\/div>\n\n\n\n<div class=\"wp-block-column is-layout-flow wp-block-column-is-layout-flow\">\n<figure class=\"wp-block-image size-square has-custom-border is-style-rounded\"><img loading=\"lazy\" decoding=\"async\" width=\"600\" height=\"600\" src=\"https:\/\/www.jvd.fr\/wp-content\/uploads\/2025\/08\/dsc-0222-600x600.jpg\" alt=\"\" class=\"wp-image-50099\" style=\"border-radius:20px;object-fit:cover\" srcset=\"https:\/\/www.jvd.fr\/wp-content\/uploads\/2025\/08\/dsc-0222-600x600.jpg 600w, https:\/\/www.jvd.fr\/wp-content\/uploads\/2025\/08\/dsc-0222-300x300.jpg 300w, https:\/\/www.jvd.fr\/wp-content\/uploads\/2025\/08\/dsc-0222-100x100.jpg 100w, https:\/\/www.jvd.fr\/wp-content\/uploads\/2025\/08\/dsc-0222-150x150.jpg 150w\" sizes=\"auto, (max-width: 600px) 100vw, 600px\" \/><\/figure>\n<\/div>\n<\/div>\n\n\n\n<div class=\"wp-block-group alignfull has-global-padding is-layout-constrained wp-block-group-is-layout-constrained\" style=\"margin-bottom:var(--wp--preset--spacing--100)\">\n<h2 class=\"wp-block-heading has-text-align-center\">Sie unterst\u00fctzen das Projekt Reborn by JVD<\/h2>\n\n\n\n<div id=\"wp-block-jvd-logos-block_306703d041f164a279f0bf7836273834\" style=\"margin-top:var(--wp--preset--spacing--50);\" class=\"wp-block-jvd-logos align wp-block-acf-logos\">\n    <div class=\"jvd-logos\">\n        <div class=\"swiper__nav\">\n            <div class=\"swiper__nav__prev\">\n                <svg width=\"13\" height=\"20\" aria-hidden=\"true\" role=\"presentation\"><use xlink:href=\"#slide-prev\"\/><\/svg>\n            <\/div>\n            <div class=\"swiper__nav__next\">\n                <svg width=\"13\" height=\"20\" aria-hidden=\"true\" role=\"presentation\"><use xlink:href=\"#slide-next\"\/><\/svg>\n            <\/div>\n        <\/div>\n        <div class=\"jvd-logos__grid\" data-appearance=\"natural\" data-columns=\"4\">\n                                                                    <div class=\"jvd-logos__logo\">\n                                            <img decoding=\"async\" src=\"https:\/\/www.jvd.fr\/wp-content\/uploads\/2025\/08\/logo-fonds-blanc-120x65.png\" width=\"120\" height=\"65\" alt=\"\" loading=\"lazy\" \/>\n                                        <\/div>\n                                                                                                        <div class=\"jvd-logos__logo\">\n                                            <img decoding=\"async\" src=\"https:\/\/www.jvd.fr\/wp-content\/uploads\/2025\/08\/logo-bpifrancesvg-120x34.png\" width=\"120\" height=\"34\" alt=\"\" loading=\"lazy\" \/>\n                                        <\/div>\n                                                                                                        <div class=\"jvd-logos__logo\">\n                                            <img decoding=\"async\" src=\"https:\/\/www.jvd.fr\/wp-content\/uploads\/2025\/08\/logo-ademe-59x70.png\" width=\"59\" height=\"70\" alt=\"\" loading=\"lazy\" \/>\n                                        <\/div>\n                                                                                                        <div class=\"jvd-logos__logo\">\n                                            <img decoding=\"async\" src=\"https:\/\/www.jvd.fr\/wp-content\/uploads\/2025\/08\/logo-esat-73x70.png\" width=\"73\" height=\"70\" alt=\"\" loading=\"lazy\" \/>\n                                        <\/div>\n                                                                                                        <div class=\"jvd-logos__logo\">\n                                            <img decoding=\"async\" src=\"https:\/\/www.jvd.fr\/wp-content\/uploads\/2025\/08\/logo-du-mouvement-impact-france-120x51.png\" width=\"120\" height=\"51\" alt=\"\" loading=\"lazy\" \/>\n                                        <\/div>\n                                                                                                        <div class=\"jvd-logos__logo\">\n                                            <img decoding=\"async\" src=\"https:\/\/www.jvd.fr\/wp-content\/uploads\/2025\/08\/logo-hop-couleur-120x40.png\" width=\"120\" height=\"40\" alt=\"\" loading=\"lazy\" \/>\n                                        <\/div>\n                                                                                                        <div class=\"jvd-logos__logo\">\n                                            <img decoding=\"async\" src=\"https:\/\/www.jvd.fr\/wp-content\/uploads\/2025\/08\/universite-economie-de-demain-logo-120x68.png\" width=\"120\" height=\"68\" alt=\"\" loading=\"lazy\" \/>\n                                        <\/div>\n                                                        <\/div>\n    <\/div>\n<\/div>\n<\/div>\n\n\n\n<div class=\"wp-block-group has-lightgrey-background-color has-background has-global-padding is-layout-constrained wp-container-core-group-is-layout-e3e141cd wp-block-group-is-layout-constrained\" style=\"border-radius:25px;margin-top:0;margin-bottom:var(--wp--preset--spacing--100);padding-top:var(--wp--preset--spacing--75);padding-right:var(--wp--preset--spacing--75);padding-bottom:var(--wp--preset--spacing--75);padding-left:var(--wp--preset--spacing--75)\">\n<h2 class=\"wp-block-heading\"><strong><strong>Reborn by JVD , Gewinner des Preises \u201eKreislaufwirtschaft\u201c 2024<\/strong><\/strong><\/h2>\n\n\n\n<p>Im November 2024 wurde JVD mit dem Preis \u201eKreislaufwirtschaft 2024\u201c ausgezeichnet. Die Auszeichnung wurde von der Region Pays de la Loire, ADEME und DREAL unterst\u00fctzt. Sie best\u00e4tigt das Engagement von JVD f\u00fcr ein nachhaltiges industrielles Modell. Reborn by JVD steht f\u00fcr Wiederaufbereitung, Wiederverwendung und soziale Verantwortung.<\/p>\n<\/div>\n\n\n\n<div class=\"wp-block-group is-layout-flow wp-block-group-is-layout-flow\" style=\"margin-bottom:var(--wp--preset--spacing--100);padding-bottom:0\">\n<h2 class=\"wp-block-heading has-text-align-center\" style=\"padding-top:var(--wp--preset--spacing--25);padding-bottom:var(--wp--preset--spacing--25)\">Bereits verf\u00fcgbare general\u00fcberholte Produkte<\/h2>\n\n\n\n<div id=\"wp-block-jvd-cards-block_582d506b2518cd824d47050b616e899a\" style=\"margin-bottom:var(--wp--preset--spacing--50);\" class=\"wp-block-jvd-cards align wp-block-acf-cards\">\n\t    <div class=\"jvd-cards\" data-display=\"grid\" data-columns=\"3\" data-count=\"3\" data-parity=\"odd\">\n\t\t        <div class=\"jvd-card\" data-link=\"1\" data-img-ratio=\"portrait\" data-text-pos=\"under\">\n            <figure class=\"jvd-card__img\">\n\t\t\t                    <img decoding=\"async\" src=\"https:\/\/www.jvd.fr\/wp-content\/uploads\/2025\/05\/expair-8-11-1376-jvd-600x800.jpg\" width=\"600\" height=\"800\" alt=\"\" loading=\"lazy\" \/>\n\t\t\t                <\/figure>\n            <div class=\"jvd-card__content\">\n                <h3 class=\"jvd-card__title\"><a href=\"https:\/\/www.rebornbyjvd.fr\/categorie-produit\/seche-mains-fr\/\">H\u00e4ndetrockner<\/a><\/h3>                                <p class=\"jvd-card__text\">Sie reduzieren den Ressourcenverbrauch um 52 % \u2013 HelloCarbo.<\/p>\n                            <\/div>\n        <\/div>\n\t\t        <div class=\"jvd-card\" data-link=\"1\" data-img-ratio=\"portrait\" data-text-pos=\"under\">\n            <figure class=\"jvd-card__img\">\n\t\t\t                    <img decoding=\"async\" src=\"https:\/\/www.jvd.fr\/wp-content\/uploads\/2025\/04\/shield-blanc-jvd-800-600x800.jpg\" width=\"600\" height=\"800\" alt=\"Shield Blanc JVD\" loading=\"lazy\" \/>\n\t\t\t                <\/figure>\n            <div class=\"jvd-card__content\">\n                <h3 class=\"jvd-card__title\"><a href=\"https:\/\/www.rebornbyjvd.fr\/categorie-produit\/shield-fr\/\">Shield<\/a><\/h3>                                <p class=\"jvd-card__text\">F\u00fcr gro\u00dfe R\u00e4ume sind general\u00fcberholte Shields f\u00fcr alle zug\u00e4nglich.<\/p>\n                            <\/div>\n        <\/div>\n\t\t        <div class=\"jvd-card\" data-link=\"1\" data-img-ratio=\"portrait\" data-text-pos=\"under\">\n            <figure class=\"jvd-card__img\">\n\t\t\t                    <img decoding=\"async\" src=\"https:\/\/www.jvd.fr\/wp-content\/uploads\/2025\/05\/shield-compact-blanc-jvd-800-600x800.jpg\" width=\"600\" height=\"800\" alt=\"Shield Compact Blanc JVD\" loading=\"lazy\" \/>\n\t\t\t                <\/figure>\n            <div class=\"jvd-card__content\">\n                <h3 class=\"jvd-card__title\"><a href=\"https:\/\/www.rebornbyjvd.fr\/categorie-produit\/shield-compact-fr\/\">Shield Compact<\/a><\/h3>                                <p class=\"jvd-card__text\">In Frankreich general\u00fcberholt, sind sie wahre t\u00e4gliche Begleiter.<\/p>\n                            <\/div>\n        <\/div>\n\t\t    <\/div>\n    <\/div>\n<\/div>\n\n\n\n<div class=\"wp-block-group has-global-padding is-layout-constrained wp-block-group-is-layout-constrained\">\n<h2 class=\"wp-block-heading has-text-align-center\">H\u00e4ufig gestellte Fragen<\/h2>\n\n\n\n<div id=\"wp-block-jvd-faq-block_d6db4d0e4df3f2c38114dd7b854e670d\" style=\"margin-top:var(--wp--preset--spacing--25);margin-bottom:var(--wp--preset--spacing--75);\" class=\"wp-block-jvd-faq align wp-block-acf-faq\">\n\t<div class=\"jvd-faq\">\n\t\t\t\t<div class=\"jvd-faq__item\" itemscope itemprop=\"mainEntity\" itemtype=\"https:\/\/schema.org\/Question\">\n\t\t\t<div class=\"jvd-faq__question\" itemprop=\"name\">\n\t\t\t\t<span>Was ist Reborn by JVD?<\/span>\n\t\t\t\t<button type=\"button\">\n\t\t\t\t\t<svg width=\"20\" height=\"20\" aria-hidden=\"true\" role=\"presentation\"><use xlink:href=\"#chevron-down\"\/><\/svg>\n\t\t\t\t<\/button>\n\t\t\t<\/div>\n\t\t\t<div class=\"jvd-faq__answer\" itemscope itemprop=\"acceptedAnswer\" itemtype=\"https:\/\/schema.org\/Answer\">\n\t\t\t\t<p data-start=\"331\" data-end=\"555\">Reborn by JVD ist das Wiederaufbereitungsprogramm von JVD f\u00fcr professionelle Ger\u00e4te. Am Ende ihres Lebenszyklus werden die Ger\u00e4te zur\u00fcckgenommen, in unseren Werkst\u00e4tten in Frankreich general\u00fcberholt und f\u00fcr eine zweite Nutzung vorbereitet.<\/p>\n\t\t\t<\/div>\n\t\t<\/div>\n\t\t\t\t<div class=\"jvd-faq__item\" itemscope itemprop=\"mainEntity\" itemtype=\"https:\/\/schema.org\/Question\">\n\t\t\t<div class=\"jvd-faq__question\" itemprop=\"name\">\n\t\t\t\t<span>Welche Produkte werden wiederaufbereitet?<\/span>\n\t\t\t\t<button type=\"button\">\n\t\t\t\t\t<svg width=\"20\" height=\"20\" aria-hidden=\"true\" role=\"presentation\"><use xlink:href=\"#chevron-down\"\/><\/svg>\n\t\t\t\t<\/button>\n\t\t\t<\/div>\n\t\t\t<div class=\"jvd-faq__answer\" itemscope itemprop=\"acceptedAnswer\" itemtype=\"https:\/\/schema.org\/Answer\">\n\t\t\t\t<p data-start=\"597\" data-end=\"798\">Haupts\u00e4chlich professionelle H\u00e4ndetrockner und Luftreiniger von JVD, die in Frankreich hergestellt werden. Wiederaufbereitet werden ausschlie\u00dflich Ger\u00e4te, die technisch geeignet sind und sich in einem guten strukturellen Zustand befinden.<\/p>\n\t\t\t<\/div>\n\t\t<\/div>\n\t\t\t\t<div class=\"jvd-faq__item\" itemscope itemprop=\"mainEntity\" itemtype=\"https:\/\/schema.org\/Question\">\n\t\t\t<div class=\"jvd-faq__question\" itemprop=\"name\">\n\t\t\t\t<span>Haben wiederaufbereitete Ger\u00e4te eine Garantie?<\/span>\n\t\t\t\t<button type=\"button\">\n\t\t\t\t\t<svg width=\"20\" height=\"20\" aria-hidden=\"true\" role=\"presentation\"><use xlink:href=\"#chevron-down\"\/><\/svg>\n\t\t\t\t<\/button>\n\t\t\t<\/div>\n\t\t\t<div class=\"jvd-faq__answer\" itemscope itemprop=\"acceptedAnswer\" itemtype=\"https:\/\/schema.org\/Answer\">\n\t\t\t\t<p data-start=\"2249\" data-end=\"2358\">Ja. Jedes Reborn-Produkt wird gepr\u00fcft, getestet und freigegeben und verf\u00fcgt \u00fcber eine JVD-Herstellergarantie.<\/p>\n<h3 data-start=\"2360\" data-end=\"2411\"><\/h3>\n\t\t\t<\/div>\n\t\t<\/div>\n\t\t\t\t<div class=\"jvd-faq__item\" itemscope itemprop=\"mainEntity\" itemtype=\"https:\/\/schema.org\/Question\">\n\t\t\t<div class=\"jvd-faq__question\" itemprop=\"name\">\n\t\t\t\t<span>Wie l\u00e4uft der Wiederaufbereitungsprozess ab?<\/span>\n\t\t\t\t<button type=\"button\">\n\t\t\t\t\t<svg width=\"20\" height=\"20\" aria-hidden=\"true\" role=\"presentation\"><use xlink:href=\"#chevron-down\"\/><\/svg>\n\t\t\t\t<\/button>\n\t\t\t<\/div>\n\t\t\t<div class=\"jvd-faq__answer\" itemscope itemprop=\"acceptedAnswer\" itemtype=\"https:\/\/schema.org\/Answer\">\n\t\t\t\t<p data-start=\"2413\" data-end=\"2569\">Jedes Ger\u00e4t wird diagnostiziert, bei Bedarf repariert, gr\u00fcndlich gereinigt, getestet und gem\u00e4\u00df den JVD-Qualit\u00e4tsstandards in unserem Werk in Rez\u00e9 validiert.<\/p>\n\t\t\t<\/div>\n\t\t<\/div>\n\t\t\t\t<div class=\"jvd-faq__item\" itemscope itemprop=\"mainEntity\" itemtype=\"https:\/\/schema.org\/Question\">\n\t\t\t<div class=\"jvd-faq__question\" itemprop=\"name\">\n\t\t\t\t<span>Sind Reborn-Produkte f\u00fcr den professionellen Einsatz geeignet?<\/span>\n\t\t\t\t<button type=\"button\">\n\t\t\t\t\t<svg width=\"20\" height=\"20\" aria-hidden=\"true\" role=\"presentation\"><use xlink:href=\"#chevron-down\"\/><\/svg>\n\t\t\t\t<\/button>\n\t\t\t<\/div>\n\t\t\t<div class=\"jvd-faq__answer\" itemscope itemprop=\"acceptedAnswer\" itemtype=\"https:\/\/schema.org\/Answer\">\n\t\t\t\t<p data-start=\"2642\" data-end=\"2831\">Ja. Sie sind f\u00fcr den Einsatz in professionellen Sanit\u00e4rbereichen konzipiert und auf die Anforderungen von Unternehmen, Hotels, Restaurants, Schulen und \u00f6ffentlichen Einrichtungen ausgelegt.<\/p>\n<h3 data-start=\"1417\" data-end=\"1457\"><\/h3>\n\t\t\t<\/div>\n\t\t<\/div>\n\t\t\t\t<div class=\"jvd-faq__item\" itemscope itemprop=\"mainEntity\" itemtype=\"https:\/\/schema.org\/Question\">\n\t\t\t<div class=\"jvd-faq__question\" itemprop=\"name\">\n\t\t\t\t<span>Wo kann man ein Reborn-Produkt kaufen?<\/span>\n\t\t\t\t<button type=\"button\">\n\t\t\t\t\t<svg width=\"20\" height=\"20\" aria-hidden=\"true\" role=\"presentation\"><use xlink:href=\"#chevron-down\"\/><\/svg>\n\t\t\t\t<\/button>\n\t\t\t<\/div>\n\t\t\t<div class=\"jvd-faq__answer\" itemscope itemprop=\"acceptedAnswer\" itemtype=\"https:\/\/schema.org\/Answer\">\n\t\t\t\t<p data-start=\"2880\" data-end=\"3002\">Reborn-Produkte sind direkt \u00fcber die JVD-Website auf dieser Seite oder \u00fcber den gewohnten JVD-Vertriebskontakt erh\u00e4ltlich.<\/p>\n\t\t\t<\/div>\n\t\t<\/div>\n\t\t\t<\/div>\n<\/div>\n<\/div>\n\n\n\n<div class=\"wp-block-group has-pinetree-background-color has-background has-global-padding is-layout-constrained wp-container-core-group-is-layout-f9d42a96 wp-block-group-is-layout-constrained\" style=\"border-style:none;border-width:0px;border-radius:25px;margin-top:0;margin-bottom:0;padding-top:var(--wp--preset--spacing--75);padding-right:var(--wp--preset--spacing--75);padding-bottom:var(--wp--preset--spacing--75);padding-left:var(--wp--preset--spacing--75)\">\n<h2 class=\"wp-block-heading has-text-align-center has-lightgrey-color has-text-color has-link-color wp-elements-913db7bda651798a2b850a0fe4551076\">Interesse an unseren Produkten?<\/h2>\n\n\n\n<p class=\"has-text-align-center has-lightgrey-color has-text-color has-link-color wp-elements-13c32e17e755d215fcfb4758209a4ad0\">Ob Produktinformationen oder Beratung, wir stehen <br>Ihnen gerne per Videocall oder telefonisch zur Verf\u00fcgung.<\/p>\n\n\n\n<div class=\"wp-block-buttons is-content-justification-center is-layout-flex wp-container-core-buttons-is-layout-a89b3969 wp-block-buttons-is-layout-flex\">\n<div class=\"wp-block-button is-style-secondary-button\"><a class=\"wp-block-button__link wp-element-button\" href=\"https:\/\/share-eu1.hsforms.com\/1D1pYfY9ySKu6Mr344NqNBQexg1v\">Kontaktieren Sie uns<\/a><\/div>\n<\/div>\n<\/div>\n","protected":false},"excerpt":{"rendered":"<p>Mit Reborn by JVD \u00fcberarbeiten wir unsere in Frankreich hergestellten Produkte \u2013 von H\u00e4ndetrocknern bis zu Luftreinigern \u2013 am Ende ihres Lebenszyklus in unseren Werkst\u00e4tten in Rez\u00e9, um ihnen ein zweites Leben zu schenken. Sie werden getestet, gepr\u00fcft und garantiert, um Ihnen leistungsstarke, langlebige und umweltfreundliche Ger\u00e4te zu bieten. Eine wirtschaftliche, \u00f6kologische und praxisnahe L\u00f6sung [&hellip;]<\/p>\n","protected":false},"author":4,"featured_media":50113,"parent":0,"menu_order":0,"comment_status":"closed","ping_status":"closed","template":"","meta":{"_acf_changed":false,"content-type":"","_searchwp_excluded":"","inline_featured_image":false,"footnotes":""},"class_list":["post-50122","page","type-page","status-publish","has-post-thumbnail","hentry"],"acf":[],"yoast_head":"<!-- This site is optimized with the Yoast SEO plugin v27.1.1 - https:\/\/yoast.com\/product\/yoast-seo-wordpress\/ -->\n<title>General\u00fcberholte Ger\u00e4te - JVD<\/title>\n<meta name=\"description\" content=\"JVD engagiert sich f\u00fcr eine nachhaltige Welt mit Reborn by JVD: General\u00fcberholte Ger\u00e4te, die in Frankreich.\" \/>\n<meta name=\"robots\" content=\"index, follow, max-snippet:-1, max-image-preview:large, max-video-preview:-1\" \/>\n<link rel=\"canonical\" href=\"https:\/\/www.jvd.fr\/de\/50122-2\/\" \/>\n<meta property=\"og:locale\" content=\"de_DE\" \/>\n<meta property=\"og:type\" content=\"article\" \/>\n<meta property=\"og:title\" content=\"General\u00fcberholte Ger\u00e4te - JVD\" \/>\n<meta property=\"og:description\" content=\"JVD engagiert sich f\u00fcr eine nachhaltige Welt mit Reborn by JVD: General\u00fcberholte Ger\u00e4te, die in Frankreich.\" \/>\n<meta property=\"og:url\" content=\"https:\/\/www.jvd.fr\/de\/50122-2\/\" \/>\n<meta property=\"og:site_name\" content=\"JVD\" \/>\n<meta property=\"article:modified_time\" content=\"2026-01-07T09:57:37+00:00\" \/>\n<meta property=\"og:image\" content=\"https:\/\/www.jvd.fr\/wp-content\/uploads\/2025\/08\/banniere-accueil-reborn-by-jvd-1.png\" \/>\n\t<meta property=\"og:image:width\" content=\"1920\" \/>\n\t<meta property=\"og:image:height\" content=\"820\" \/>\n\t<meta property=\"og:image:type\" content=\"image\/png\" \/>\n<script type=\"application\/ld+json\" class=\"yoast-schema-graph\">{\"@context\":\"https:\/\/schema.org\",\"@graph\":[{\"@type\":\"WebPage\",\"@id\":\"https:\/\/www.jvd.fr\/de\/50122-2\/\",\"url\":\"https:\/\/www.jvd.fr\/de\/50122-2\/\",\"name\":\"General\u00fcberholte Ger\u00e4te - JVD\",\"isPartOf\":{\"@id\":\"https:\/\/www.jvd.fr\/de\/#website\"},\"primaryImageOfPage\":{\"@id\":\"https:\/\/www.jvd.fr\/de\/50122-2\/#primaryimage\"},\"image\":{\"@id\":\"https:\/\/www.jvd.fr\/de\/50122-2\/#primaryimage\"},\"thumbnailUrl\":\"https:\/\/www.jvd.fr\/wp-content\/uploads\/2025\/08\/banniere-accueil-reborn-by-jvd-1.png\",\"datePublished\":\"2025-08-19T13:19:02+00:00\",\"dateModified\":\"2026-01-07T09:57:37+00:00\",\"description\":\"JVD engagiert sich f\u00fcr eine nachhaltige Welt mit Reborn by JVD: General\u00fcberholte Ger\u00e4te, die in Frankreich.\",\"breadcrumb\":{\"@id\":\"https:\/\/www.jvd.fr\/de\/50122-2\/#breadcrumb\"},\"inLanguage\":\"de\",\"potentialAction\":[{\"@type\":\"ReadAction\",\"target\":[\"https:\/\/www.jvd.fr\/de\/50122-2\/\"]}]},{\"@type\":\"ImageObject\",\"inLanguage\":\"de\",\"@id\":\"https:\/\/www.jvd.fr\/de\/50122-2\/#primaryimage\",\"url\":\"https:\/\/www.jvd.fr\/wp-content\/uploads\/2025\/08\/banniere-accueil-reborn-by-jvd-1.png\",\"contentUrl\":\"https:\/\/www.jvd.fr\/wp-content\/uploads\/2025\/08\/banniere-accueil-reborn-by-jvd-1.png\",\"width\":1920,\"height\":820},{\"@type\":\"BreadcrumbList\",\"@id\":\"https:\/\/www.jvd.fr\/de\/50122-2\/#breadcrumb\",\"itemListElement\":[{\"@type\":\"ListItem\",\"position\":1,\"name\":\"Accueil\",\"item\":\"https:\/\/www.jvd.fr\/de\/\"},{\"@type\":\"ListItem\",\"position\":2,\"name\":\"General\u00fcberholte Ger\u00e4te\"}]},{\"@type\":\"WebSite\",\"@id\":\"https:\/\/www.jvd.fr\/de\/#website\",\"url\":\"https:\/\/www.jvd.fr\/de\/\",\"name\":\"JVD\",\"description\":\"Products that care\",\"potentialAction\":[{\"@type\":\"SearchAction\",\"target\":{\"@type\":\"EntryPoint\",\"urlTemplate\":\"https:\/\/www.jvd.fr\/de\/?s={search_term_string}\"},\"query-input\":{\"@type\":\"PropertyValueSpecification\",\"valueRequired\":true,\"valueName\":\"search_term_string\"}}],\"inLanguage\":\"de\"}]}<\/script>\n<!-- \/ Yoast SEO plugin. -->","yoast_head_json":{"title":"General\u00fcberholte Ger\u00e4te - JVD","description":"JVD engagiert sich f\u00fcr eine nachhaltige Welt mit Reborn by JVD: General\u00fcberholte Ger\u00e4te, die in Frankreich.","robots":{"index":"index","follow":"follow","max-snippet":"max-snippet:-1","max-image-preview":"max-image-preview:large","max-video-preview":"max-video-preview:-1"},"canonical":"https:\/\/www.jvd.fr\/de\/50122-2\/","og_locale":"de_DE","og_type":"article","og_title":"General\u00fcberholte Ger\u00e4te - JVD","og_description":"JVD engagiert sich f\u00fcr eine nachhaltige Welt mit Reborn by JVD: General\u00fcberholte Ger\u00e4te, die in Frankreich.","og_url":"https:\/\/www.jvd.fr\/de\/50122-2\/","og_site_name":"JVD","article_modified_time":"2026-01-07T09:57:37+00:00","og_image":[{"width":1920,"height":820,"url":"https:\/\/www.jvd.fr\/wp-content\/uploads\/2025\/08\/banniere-accueil-reborn-by-jvd-1.png","type":"image\/png"}],"schema":{"@context":"https:\/\/schema.org","@graph":[{"@type":"WebPage","@id":"https:\/\/www.jvd.fr\/de\/50122-2\/","url":"https:\/\/www.jvd.fr\/de\/50122-2\/","name":"General\u00fcberholte Ger\u00e4te - JVD","isPartOf":{"@id":"https:\/\/www.jvd.fr\/de\/#website"},"primaryImageOfPage":{"@id":"https:\/\/www.jvd.fr\/de\/50122-2\/#primaryimage"},"image":{"@id":"https:\/\/www.jvd.fr\/de\/50122-2\/#primaryimage"},"thumbnailUrl":"https:\/\/www.jvd.fr\/wp-content\/uploads\/2025\/08\/banniere-accueil-reborn-by-jvd-1.png","datePublished":"2025-08-19T13:19:02+00:00","dateModified":"2026-01-07T09:57:37+00:00","description":"JVD engagiert sich f\u00fcr eine nachhaltige Welt mit Reborn by JVD: General\u00fcberholte Ger\u00e4te, die in Frankreich.","breadcrumb":{"@id":"https:\/\/www.jvd.fr\/de\/50122-2\/#breadcrumb"},"inLanguage":"de","potentialAction":[{"@type":"ReadAction","target":["https:\/\/www.jvd.fr\/de\/50122-2\/"]}]},{"@type":"ImageObject","inLanguage":"de","@id":"https:\/\/www.jvd.fr\/de\/50122-2\/#primaryimage","url":"https:\/\/www.jvd.fr\/wp-content\/uploads\/2025\/08\/banniere-accueil-reborn-by-jvd-1.png","contentUrl":"https:\/\/www.jvd.fr\/wp-content\/uploads\/2025\/08\/banniere-accueil-reborn-by-jvd-1.png","width":1920,"height":820},{"@type":"BreadcrumbList","@id":"https:\/\/www.jvd.fr\/de\/50122-2\/#breadcrumb","itemListElement":[{"@type":"ListItem","position":1,"name":"Accueil","item":"https:\/\/www.jvd.fr\/de\/"},{"@type":"ListItem","position":2,"name":"General\u00fcberholte Ger\u00e4te"}]},{"@type":"WebSite","@id":"https:\/\/www.jvd.fr\/de\/#website","url":"https:\/\/www.jvd.fr\/de\/","name":"JVD","description":"Products that care","potentialAction":[{"@type":"SearchAction","target":{"@type":"EntryPoint","urlTemplate":"https:\/\/www.jvd.fr\/de\/?s={search_term_string}"},"query-input":{"@type":"PropertyValueSpecification","valueRequired":true,"valueName":"search_term_string"}}],"inLanguage":"de"}]}},"_links":{"self":[{"href":"https:\/\/www.jvd.fr\/de\/wp-json\/wp\/v2\/pages\/50122","targetHints":{"allow":["GET"]}}],"collection":[{"href":"https:\/\/www.jvd.fr\/de\/wp-json\/wp\/v2\/pages"}],"about":[{"href":"https:\/\/www.jvd.fr\/de\/wp-json\/wp\/v2\/types\/page"}],"author":[{"embeddable":true,"href":"https:\/\/www.jvd.fr\/de\/wp-json\/wp\/v2\/users\/4"}],"replies":[{"embeddable":true,"href":"https:\/\/www.jvd.fr\/de\/wp-json\/wp\/v2\/comments?post=50122"}],"version-history":[{"count":7,"href":"https:\/\/www.jvd.fr\/de\/wp-json\/wp\/v2\/pages\/50122\/revisions"}],"predecessor-version":[{"id":71521,"href":"https:\/\/www.jvd.fr\/de\/wp-json\/wp\/v2\/pages\/50122\/revisions\/71521"}],"wp:featuredmedia":[{"embeddable":true,"href":"https:\/\/www.jvd.fr\/de\/wp-json\/wp\/v2\/media\/50113"}],"wp:attachment":[{"href":"https:\/\/www.jvd.fr\/de\/wp-json\/wp\/v2\/media?parent=50122"}],"curies":[{"name":"wp","href":"https:\/\/api.w.org\/{rel}","templated":true}]}}