{"id":45950,"date":"2025-08-01T14:38:25","date_gmt":"2025-08-01T12:38:25","guid":{"rendered":"https:\/\/jvdwoo2025.dnstemporaire.fr\/?page_id=45950"},"modified":"2025-09-16T15:10:41","modified_gmt":"2025-09-16T13:10:41","slug":"kofferstaender","status":"publish","type":"page","link":"https:\/\/www.jvd.fr\/de\/kofferstaender\/","title":{"rendered":"Kofferst\u00e4nder"},"content":{"rendered":"\n<div class=\"wp-block-group is-layout-flow wp-block-group-is-layout-flow\" style=\"margin-top:0;margin-bottom:var(--wp--preset--spacing--100);padding-bottom:0\">\n<h2 class=\"wp-block-heading\">Unauff\u00e4llige und stilvolle Kofferst\u00e4ndervon JVD<\/h2>\n\n\n\n<div class=\"wp-block-columns is-layout-flex wp-container-core-columns-is-layout-ee3ac793 wp-block-columns-is-layout-flex\" style=\"margin-bottom:var(--wp--preset--spacing--50);padding-top:0;padding-bottom:0\">\n<div class=\"wp-block-column is-layout-flow wp-block-column-is-layout-flow\">\n<p>Im Hotelgewerbe ist die Minibar eine gesch\u00e4tzte Annehmlichkeit, die Diskretion, Zuverl\u00e4ssigkeit und Energieeffizienz vereinen muss. Stilvoll und kompakt sollte sie sich nahtlos in das Raumdesign integrieren.<\/p>\n<\/div>\n\n\n\n<div class=\"wp-block-column is-layout-flow wp-block-column-is-layout-flow\">\n<p style=\"padding-top:0;padding-bottom:0\">Praktisch und elegant bieten die Kofferst\u00e4nder von JVD Ihren G\u00e4sten eine komfortable und ordentliche M\u00f6glichkeit, ihre pers\u00f6nlichen Gegenst\u00e4nde w\u00e4hrend ihres Aufenthalts aufzubewahren. Aus hochwertigen Materialien gefertigt, sind sie sowohl langlebig als auch optisch ansprechend.<\/p>\n<\/div>\n<\/div>\n\n\n\n<div class=\"wp-block-buttons is-content-justification-center is-layout-flex wp-container-core-buttons-is-layout-a89b3969 wp-block-buttons-is-layout-flex\">\n<div class=\"wp-block-button is-style-secondary-button\"><a class=\"wp-block-button__link wp-element-button\" href=\"https:\/\/www.jvd.fr\/de\/categorie\/gepacktrager\/\">Alle Produkte ansehen<\/a><\/div>\n<\/div>\n<\/div>\n\n\n\n<div class=\"wp-block-group is-layout-flow wp-block-group-is-layout-flow\" style=\"margin-bottom:var(--wp--preset--spacing--100);padding-bottom:0\">\n<h2 class=\"wp-block-heading has-text-align-center\">Welcher Kofferst\u00e4nder passt zu Ihrem Hotelzimmer?<\/h2>\n\n\n\n<div id=\"wp-block-jvd-cards-block_37b33e97a7e29e2f35a98e97b4feadb3\" style=\"margin-bottom:var(--wp--preset--spacing--50);\" class=\"wp-block-jvd-cards align wp-block-acf-cards\">\n\t    <div class=\"swiper jvd-carousel js_cards\" data-display=\"carrousel\">\n        <div class=\"swiper__nav\">\n            <div class=\"swiper__nav__prev js_cards_prev\">\n                <svg width=\"13\" height=\"20\" aria-hidden=\"true\" role=\"presentation\"><use xlink:href=\"#slide-prev\"\/><\/svg>\n            <\/div>\n            <div class=\"swiper__nav__next js_cards_next\">\n                <svg width=\"13\" height=\"20\" aria-hidden=\"true\" role=\"presentation\"><use xlink:href=\"#slide-next\"\/><\/svg>\n            <\/div>\n        <\/div>\n        <div class=\"swiper-wrapper\">\n                        <div class=\"swiper-slide\">\n                <div class=\"jvd-card\" data-link=\"1\" data-img-ratio=\"portrait\" data-text-pos=\"hover\">\n                                        <figure class=\"jvd-card__img\">\n                                                    <img decoding=\"async\" src=\"https:\/\/www.jvd.fr\/wp-content\/uploads\/2025\/08\/rack-bagage-bois-berengere-600x698.jpg\" width=\"600\" height=\"698\" alt=\"Rack Bagage Bois B\u00e9reng\u00e8re JVD\" loading=\"lazy\" \/>\n                                            <\/figure>\n                    <div class=\"jvd-card__content\">\n                                                <h3 class=\"jvd-card__title\">\n                                                        <a href=\"https:\/\/www.jvd.fr\/de\/produit\/gepacktrager-berengere\/\">\n                                                        B\u00e9reng\u00e8re \u2013 der verantwortungsvolle Kofferst\u00e4nder                                                        <\/a>\n                                                    <\/h3>\n                                                <p class=\"jvd-card__text\">Gefertigt aus Buchenholz mit Leinenriemen<\/p>\n                    <\/div>\n                <\/div>\n            <\/div>\n                        <div class=\"swiper-slide\">\n                <div class=\"jvd-card\" data-link=\"1\" data-img-ratio=\"portrait\" data-text-pos=\"hover\">\n                                        <figure class=\"jvd-card__img\">\n                                                    <img decoding=\"async\" src=\"https:\/\/www.jvd.fr\/wp-content\/uploads\/2025\/08\/rack-bagage-bois-fonce-600x800.jpg\" width=\"600\" height=\"800\" alt=\"porte-valise en bois fonc\u00e9 dans une chambre d&#039;h\u00f4tel\" loading=\"lazy\" \/>\n                                            <\/figure>\n                    <div class=\"jvd-card__content\">\n                                                <h3 class=\"jvd-card__title\">\n                                                        <a href=\"https:\/\/www.jvd.fr\/de\/categorie\/gepackgestell-aus-holz-de\/\">\n                                                        Kofferst\u00e4nder aus Holz                                                        <\/a>\n                                                    <\/h3>\n                                                <p class=\"jvd-card__text\">Erh\u00e4ltlich mit einer Ausf\u00fchrung in dunklem Holz<\/p>\n                    <\/div>\n                <\/div>\n            <\/div>\n                        <div class=\"swiper-slide\">\n                <div class=\"jvd-card\" data-link=\"1\" data-img-ratio=\"portrait\" data-text-pos=\"hover\">\n                                        <figure class=\"jvd-card__img\">\n                                                    <img decoding=\"async\" src=\"https:\/\/www.jvd.fr\/wp-content\/uploads\/2025\/08\/rack-bagage-metal-600x800.jpg\" width=\"600\" height=\"800\" alt=\"porte-bagages en m\u00e9tal noir dans une chambre d&#039;h\u00f4tel\" loading=\"lazy\" \/>\n                                            <\/figure>\n                    <div class=\"jvd-card__content\">\n                                                <h3 class=\"jvd-card__title\">\n                                                        <a href=\"https:\/\/www.jvd.fr\/de\/categorie\/racks-de\/\">\n                                                        Kofferst\u00e4nder aus Metall                                                        <\/a>\n                                                    <\/h3>\n                                                <p class=\"jvd-card__text\">Klassisches Design, perfekt f\u00fcr jeden Raum<\/p>\n                    <\/div>\n                <\/div>\n            <\/div>\n                    <\/div>\n    <\/div>\n    <\/div>\n<\/div>\n\n\n\n<div class=\"wp-block-columns is-layout-flex wp-container-core-columns-is-layout-af3aebae wp-block-columns-is-layout-flex\" style=\"margin-top:0;margin-bottom:var(--wp--preset--spacing--100)\">\n<div class=\"wp-block-column is-vertically-aligned-center is-layout-flow wp-block-column-is-layout-flow\" style=\"border-style:none;border-width:0px\">\n<figure class=\"wp-block-image aligncenter size-full is-resized\" style=\"margin-bottom:var(--wp--preset--spacing--50);margin-left:0\"><img loading=\"lazy\" decoding=\"async\" width=\"1767\" height=\"175\" src=\"https:\/\/www.jvd.fr\/wp-content\/uploads\/2025\/07\/logo-francais-jvd.jpg\" alt=\"\" class=\"wp-image-42980\" style=\"width:250px\" srcset=\"https:\/\/www.jvd.fr\/wp-content\/uploads\/2025\/07\/logo-francais-jvd.jpg 1767w, https:\/\/www.jvd.fr\/wp-content\/uploads\/2025\/07\/logo-francais-jvd-600x59.jpg 600w, https:\/\/www.jvd.fr\/wp-content\/uploads\/2025\/07\/logo-francais-jvd-120x12.jpg 120w\" sizes=\"auto, (max-width: 1767px) 100vw, 1767px\" \/><\/figure>\n\n\n\n<h2 class=\"wp-block-heading\"><strong>Fokus auf den nachhaltigen Kofferst\u00e4nder B\u00e9reng\u00e8re<\/strong><\/h2>\n\n\n\n<p>Designed to hold your guests\u2019 belongings, the B\u00e9reng\u00e8re luggage rack reflects JVD\u2019s local craftsmanship and commitment to sustainability.<\/p>\n\n\n\n<p>Made in France, it features a natural beechwood frame sourced from sustainably managed forests in Brittany, Normandy, and Centre-Val de Loire. Its locally grown and woven linen straps further highlight an eco-conscious approach, with no compromise on quality.<\/p>\n\n\n\n<p>Tailored for the hospitality sector, B\u00e9reng\u00e8re is designed not to touch the wall, preserving the integrity of the space. But beyond the product itself, it\u2019s also a human story: the rack is manufactured by a sheltered workshop (ESAT), supporting the professional inclusion of people with disabilities.<\/p>\n<\/div>\n\n\n\n<div class=\"wp-block-column is-layout-flow wp-block-column-is-layout-flow\">\n<figure class=\"wp-block-image size-portrait has-custom-border is-style-rounded\"><img loading=\"lazy\" decoding=\"async\" width=\"600\" height=\"800\" src=\"https:\/\/www.jvd.fr\/wp-content\/uploads\/2025\/08\/packshot-porte-bagages-berengere-jvd-1-600x800.jpg\" alt=\"Packshot Porte Bagages B\u00e9reng\u00e8re Jvd\" class=\"wp-image-45938\" style=\"border-radius:20px\"\/><\/figure>\n<\/div>\n<\/div>\n\n\n\n<div class=\"wp-block-group has-lightgrey-background-color has-background is-layout-flow wp-block-group-is-layout-flow\" style=\"border-radius:20px;padding-top:var(--wp--preset--spacing--75);padding-right:var(--wp--preset--spacing--75);padding-bottom:var(--wp--preset--spacing--75);padding-left:var(--wp--preset--spacing--75)\">\n<h2 class=\"wp-block-heading has-text-align-center\">Interesse an unseren Produkten?<\/h2>\n\n\n\n<p class=\"has-text-align-center\">Ob Produktinformationen oder Beratung \u2013 wir stehen Ihnen gerne per Videocall oder telefonisch zur Verf\u00fcgung.<\/p>\n\n\n\n<div class=\"wp-block-buttons is-content-justification-center is-layout-flex wp-container-core-buttons-is-layout-a89b3969 wp-block-buttons-is-layout-flex\">\n<div class=\"wp-block-button is-style-fill\"><a class=\"wp-block-button__link wp-element-button\" href=\"https:\/\/share-eu1.hsforms.com\/1D1pYfY9ySKu6Mr344NqNBQexg1v\">Kontaktieren Sie uns<\/a><\/div>\n<\/div>\n<\/div>\n","protected":false},"excerpt":{"rendered":"<p>Unauff\u00e4llige und stilvolle Kofferst\u00e4ndervon JVD Im Hotelgewerbe ist die Minibar eine gesch\u00e4tzte Annehmlichkeit, die Diskretion, Zuverl\u00e4ssigkeit und Energieeffizienz vereinen muss. Stilvoll und kompakt sollte sie sich nahtlos in das Raumdesign integrieren. Praktisch und elegant bieten die Kofferst\u00e4nder von JVD Ihren G\u00e4sten eine komfortable und ordentliche M\u00f6glichkeit, ihre pers\u00f6nlichen Gegenst\u00e4nde w\u00e4hrend ihres Aufenthalts aufzubewahren. Aus hochwertigen [&hellip;]<\/p>\n","protected":false},"author":4,"featured_media":45944,"parent":0,"menu_order":0,"comment_status":"closed","ping_status":"closed","template":"","meta":{"_acf_changed":false,"content-type":"","_searchwp_excluded":"","inline_featured_image":false,"footnotes":""},"class_list":["post-45950","page","type-page","status-publish","has-post-thumbnail","hentry"],"acf":[],"yoast_head":"<!-- This site is optimized with the Yoast SEO plugin v27.1.1 - https:\/\/yoast.com\/product\/yoast-seo-wordpress\/ -->\n<title>Kofferst\u00e4nder - JVD<\/title>\n<meta name=\"description\" content=\"Praktisch und elegant bieten die Kofferst\u00e4nder von JVD Ihren G\u00e4sten eine komfortable und ordentliche M\u00f6glichkeit\" \/>\n<meta name=\"robots\" content=\"index, follow, max-snippet:-1, max-image-preview:large, max-video-preview:-1\" \/>\n<link rel=\"canonical\" href=\"https:\/\/www.jvd.fr\/de\/kofferstaender\/\" \/>\n<meta property=\"og:locale\" content=\"de_DE\" \/>\n<meta property=\"og:type\" content=\"article\" \/>\n<meta property=\"og:title\" content=\"Kofferst\u00e4nder - JVD\" \/>\n<meta property=\"og:description\" content=\"Praktisch und elegant bieten die Kofferst\u00e4nder von JVD Ihren G\u00e4sten eine komfortable und ordentliche M\u00f6glichkeit\" \/>\n<meta property=\"og:url\" content=\"https:\/\/www.jvd.fr\/de\/kofferstaender\/\" \/>\n<meta property=\"og:site_name\" content=\"JVD\" \/>\n<meta property=\"article:modified_time\" content=\"2025-09-16T13:10:41+00:00\" \/>\n<meta property=\"og:image\" content=\"https:\/\/www.jvd.fr\/wp-content\/uploads\/2025\/08\/porte-bagage-jvd.png\" \/>\n\t<meta property=\"og:image:width\" content=\"1920\" \/>\n\t<meta property=\"og:image:height\" content=\"820\" \/>\n\t<meta property=\"og:image:type\" content=\"image\/png\" \/>\n<script type=\"application\/ld+json\" class=\"yoast-schema-graph\">{\"@context\":\"https:\/\/schema.org\",\"@graph\":[{\"@type\":\"WebPage\",\"@id\":\"https:\/\/www.jvd.fr\/de\/kofferstaender\/\",\"url\":\"https:\/\/www.jvd.fr\/de\/kofferstaender\/\",\"name\":\"Kofferst\u00e4nder - JVD\",\"isPartOf\":{\"@id\":\"https:\/\/www.jvd.fr\/de\/#website\"},\"primaryImageOfPage\":{\"@id\":\"https:\/\/www.jvd.fr\/de\/kofferstaender\/#primaryimage\"},\"image\":{\"@id\":\"https:\/\/www.jvd.fr\/de\/kofferstaender\/#primaryimage\"},\"thumbnailUrl\":\"https:\/\/www.jvd.fr\/wp-content\/uploads\/2025\/08\/porte-bagage-jvd.png\",\"datePublished\":\"2025-08-01T12:38:25+00:00\",\"dateModified\":\"2025-09-16T13:10:41+00:00\",\"description\":\"Praktisch und elegant bieten die Kofferst\u00e4nder von JVD Ihren G\u00e4sten eine komfortable und ordentliche M\u00f6glichkeit\",\"breadcrumb\":{\"@id\":\"https:\/\/www.jvd.fr\/de\/kofferstaender\/#breadcrumb\"},\"inLanguage\":\"de\",\"potentialAction\":[{\"@type\":\"ReadAction\",\"target\":[\"https:\/\/www.jvd.fr\/de\/kofferstaender\/\"]}]},{\"@type\":\"ImageObject\",\"inLanguage\":\"de\",\"@id\":\"https:\/\/www.jvd.fr\/de\/kofferstaender\/#primaryimage\",\"url\":\"https:\/\/www.jvd.fr\/wp-content\/uploads\/2025\/08\/porte-bagage-jvd.png\",\"contentUrl\":\"https:\/\/www.jvd.fr\/wp-content\/uploads\/2025\/08\/porte-bagage-jvd.png\",\"width\":1920,\"height\":820},{\"@type\":\"BreadcrumbList\",\"@id\":\"https:\/\/www.jvd.fr\/de\/kofferstaender\/#breadcrumb\",\"itemListElement\":[{\"@type\":\"ListItem\",\"position\":1,\"name\":\"Accueil\",\"item\":\"https:\/\/www.jvd.fr\/de\/\"},{\"@type\":\"ListItem\",\"position\":2,\"name\":\"Kofferst\u00e4nder\"}]},{\"@type\":\"WebSite\",\"@id\":\"https:\/\/www.jvd.fr\/de\/#website\",\"url\":\"https:\/\/www.jvd.fr\/de\/\",\"name\":\"JVD\",\"description\":\"Products that care\",\"potentialAction\":[{\"@type\":\"SearchAction\",\"target\":{\"@type\":\"EntryPoint\",\"urlTemplate\":\"https:\/\/www.jvd.fr\/de\/?s={search_term_string}\"},\"query-input\":{\"@type\":\"PropertyValueSpecification\",\"valueRequired\":true,\"valueName\":\"search_term_string\"}}],\"inLanguage\":\"de\"}]}<\/script>\n<!-- \/ Yoast SEO plugin. -->","yoast_head_json":{"title":"Kofferst\u00e4nder - JVD","description":"Praktisch und elegant bieten die Kofferst\u00e4nder von JVD Ihren G\u00e4sten eine komfortable und ordentliche M\u00f6glichkeit","robots":{"index":"index","follow":"follow","max-snippet":"max-snippet:-1","max-image-preview":"max-image-preview:large","max-video-preview":"max-video-preview:-1"},"canonical":"https:\/\/www.jvd.fr\/de\/kofferstaender\/","og_locale":"de_DE","og_type":"article","og_title":"Kofferst\u00e4nder - JVD","og_description":"Praktisch und elegant bieten die Kofferst\u00e4nder von JVD Ihren G\u00e4sten eine komfortable und ordentliche M\u00f6glichkeit","og_url":"https:\/\/www.jvd.fr\/de\/kofferstaender\/","og_site_name":"JVD","article_modified_time":"2025-09-16T13:10:41+00:00","og_image":[{"width":1920,"height":820,"url":"https:\/\/www.jvd.fr\/wp-content\/uploads\/2025\/08\/porte-bagage-jvd.png","type":"image\/png"}],"schema":{"@context":"https:\/\/schema.org","@graph":[{"@type":"WebPage","@id":"https:\/\/www.jvd.fr\/de\/kofferstaender\/","url":"https:\/\/www.jvd.fr\/de\/kofferstaender\/","name":"Kofferst\u00e4nder - JVD","isPartOf":{"@id":"https:\/\/www.jvd.fr\/de\/#website"},"primaryImageOfPage":{"@id":"https:\/\/www.jvd.fr\/de\/kofferstaender\/#primaryimage"},"image":{"@id":"https:\/\/www.jvd.fr\/de\/kofferstaender\/#primaryimage"},"thumbnailUrl":"https:\/\/www.jvd.fr\/wp-content\/uploads\/2025\/08\/porte-bagage-jvd.png","datePublished":"2025-08-01T12:38:25+00:00","dateModified":"2025-09-16T13:10:41+00:00","description":"Praktisch und elegant bieten die Kofferst\u00e4nder von JVD Ihren G\u00e4sten eine komfortable und ordentliche M\u00f6glichkeit","breadcrumb":{"@id":"https:\/\/www.jvd.fr\/de\/kofferstaender\/#breadcrumb"},"inLanguage":"de","potentialAction":[{"@type":"ReadAction","target":["https:\/\/www.jvd.fr\/de\/kofferstaender\/"]}]},{"@type":"ImageObject","inLanguage":"de","@id":"https:\/\/www.jvd.fr\/de\/kofferstaender\/#primaryimage","url":"https:\/\/www.jvd.fr\/wp-content\/uploads\/2025\/08\/porte-bagage-jvd.png","contentUrl":"https:\/\/www.jvd.fr\/wp-content\/uploads\/2025\/08\/porte-bagage-jvd.png","width":1920,"height":820},{"@type":"BreadcrumbList","@id":"https:\/\/www.jvd.fr\/de\/kofferstaender\/#breadcrumb","itemListElement":[{"@type":"ListItem","position":1,"name":"Accueil","item":"https:\/\/www.jvd.fr\/de\/"},{"@type":"ListItem","position":2,"name":"Kofferst\u00e4nder"}]},{"@type":"WebSite","@id":"https:\/\/www.jvd.fr\/de\/#website","url":"https:\/\/www.jvd.fr\/de\/","name":"JVD","description":"Products that care","potentialAction":[{"@type":"SearchAction","target":{"@type":"EntryPoint","urlTemplate":"https:\/\/www.jvd.fr\/de\/?s={search_term_string}"},"query-input":{"@type":"PropertyValueSpecification","valueRequired":true,"valueName":"search_term_string"}}],"inLanguage":"de"}]}},"_links":{"self":[{"href":"https:\/\/www.jvd.fr\/de\/wp-json\/wp\/v2\/pages\/45950","targetHints":{"allow":["GET"]}}],"collection":[{"href":"https:\/\/www.jvd.fr\/de\/wp-json\/wp\/v2\/pages"}],"about":[{"href":"https:\/\/www.jvd.fr\/de\/wp-json\/wp\/v2\/types\/page"}],"author":[{"embeddable":true,"href":"https:\/\/www.jvd.fr\/de\/wp-json\/wp\/v2\/users\/4"}],"replies":[{"embeddable":true,"href":"https:\/\/www.jvd.fr\/de\/wp-json\/wp\/v2\/comments?post=45950"}],"version-history":[{"count":3,"href":"https:\/\/www.jvd.fr\/de\/wp-json\/wp\/v2\/pages\/45950\/revisions"}],"predecessor-version":[{"id":59905,"href":"https:\/\/www.jvd.fr\/de\/wp-json\/wp\/v2\/pages\/45950\/revisions\/59905"}],"wp:featuredmedia":[{"embeddable":true,"href":"https:\/\/www.jvd.fr\/de\/wp-json\/wp\/v2\/media\/45944"}],"wp:attachment":[{"href":"https:\/\/www.jvd.fr\/de\/wp-json\/wp\/v2\/media?parent=45950"}],"curies":[{"name":"wp","href":"https:\/\/api.w.org\/{rel}","templated":true}]}}