{"id":11898,"date":"2025-01-20T09:53:31","date_gmt":"2025-01-20T08:53:31","guid":{"rendered":"https:\/\/jvdwoo2025.dnstemporaire.fr\/?page_id=11898"},"modified":"2025-09-17T14:21:49","modified_gmt":"2025-09-17T12:21:49","slug":"datenschutzerklaerung","status":"publish","type":"page","link":"https:\/\/www.jvd.fr\/de\/datenschutzerklaerung\/","title":{"rendered":"Datenschutzerkl\u00e4rung"},"content":{"rendered":"\n<div class=\"wp-block-group has-global-padding is-layout-constrained wp-block-group-is-layout-constrained\" style=\"margin-top:0;margin-bottom:var(--wp--preset--spacing--75)\">\n<h3 class=\"wp-block-heading\"><strong>Unsere Philosophie und Verpflichtungen<\/strong><\/h3>\n\n\n\n<p>JVD verpflichtet sich zum Schutz Ihrer personenbezogenen Daten und stellt sicher, dass ein hohes Schutzniveau Ihrer Daten gem\u00e4\u00df der Europ\u00e4ischen Verordnung 2016\/679 sowie dem franz\u00f6sischen Datenschutzgesetz Nr. 78-17 gew\u00e4hrleistet ist. Nachstehend finden Sie unsere Datenschutzrichtlinie, in der insbesondere erl\u00e4utert wird, welche personenbezogenen Daten wir erheben, wie diese verarbeitet werden und auf welcher Rechtsgrundlage, wie lange sie aufbewahrt werden und welche Rechte Sie haben. Wir laden Sie ein, diese aufmerksam zu lesen.<\/p>\n\n\n\n<p>Unser Datenschutzbeauftragter steht Ihnen f\u00fcr alle Fragen zur Verf\u00fcgung. Sie k\u00f6nnen ihn unter folgender Adresse kontaktieren: <a>rgpd@jvd.fr<\/a>. Den Text der geltenden Europ\u00e4ischen Verordnung finden Sie hier: <a href=\"https:\/\/european-union.europa.eu\/index_en?utm_source=chatgpt.com\">https:\/\/european-union.europa.eu\/index_en<\/a> oder Sie k\u00f6nnen sich an die Aufsichtsbeh\u00f6rde (CNIL) \u00fcber deren Website <a href=\"http:\/\/www.cnil.fr?utm_source=chatgpt.com\">www.cnil.fr<\/a> wenden. Diese Version der Datenschutzrichtlinie kann von uns bei Bedarf ge\u00e4ndert werden; dar\u00fcber werden Sie informiert.<\/p>\n\n\n\n<p>JVD ist der Verantwortliche f\u00fcr die Verarbeitung Ihrer personenbezogenen Daten. Die Kontaktdaten lauten wie folgt: 3, rue des Br\u00e8ches, 44406 REZ\u00c9. In dieser Richtlinie wird JVD als \u201ewir\u201c bezeichnet.<\/p>\n<\/div>\n\n\n\n<div class=\"wp-block-group has-global-padding is-layout-constrained wp-block-group-is-layout-constrained\" style=\"margin-top:0;margin-bottom:var(--wp--preset--spacing--75)\">\n<h3 class=\"wp-block-heading\"><strong>Ihre personenbezogenen Daten und deren Erhebung durch JVD<\/strong><\/h3>\n\n\n\n<p>Ihre personenbezogenen Daten k\u00f6nnen erhoben werden bei:<\/p>\n\n\n\n<ul class=\"wp-block-list\">\n<li>Ihrem Besuch auf unserer Website,<\/li>\n\n\n\n<li>unseren Austauschen,<\/li>\n\n\n\n<li>unseren Vertriebs- und Werbema\u00dfnahmen,<\/li>\n\n\n\n<li>dem Abschluss oder der Durchf\u00fchrung unserer Vertr\u00e4ge.<\/li>\n<\/ul>\n\n\n\n<p>Wir erheben keine Daten, die f\u00fcr den angegebenen Verarbeitungszweck nicht erforderlich sind, noch Daten, die durch Gesetz oder Vorschriften verboten sind. Die Erhebung bestimmter Daten kann verpflichtend oder optional sein, und Sie werden \u00fcber die verpflichtenden Informationen informiert. Ihre personenbezogenen Daten k\u00f6nnen auch von Drittanbietern oder Partnern erhoben werden, die sich verpflichten, die europ\u00e4ischen und nationalen Datenschutzbestimmungen einzuhalten.<\/p>\n\n\n\n<p>Unsere Politik besteht darin, keine \u00dcbermittlung Ihrer Daten au\u00dferhalb der Europ\u00e4ischen Union vorzunehmen. Sollte dies ausnahmsweise der Fall sein, erfolgt die \u00dcbertragung ausschlie\u00dflich in ein Land oder an eine Organisation, die einem Angemessenheitsbeschluss (Art. 45 DSGVO) unterliegt oder \u00fcber angemessene und ausreichende Garantien verf\u00fcgt (Art. 46 DSGVO). Wir treffen keine automatisierten Entscheidungen.<\/p>\n<\/div>\n\n\n\n<div class=\"wp-block-group has-global-padding is-layout-constrained wp-block-group-is-layout-constrained\" style=\"margin-bottom:var(--wp--preset--spacing--75)\">\n<h3 class=\"wp-block-heading\"><strong>Verwaltung personenbezogener Daten<\/strong><\/h3>\n\n\n\n<p>Der Kunde wird \u00fcber die geltenden Vorschriften in Bezug auf Marketingkommunikation informiert, insbesondere \u00fcber das Gesetz vom 21. Juni 2014 f\u00fcr Vertrauen in die digitale Wirtschaft, das Gesetz \u201eInformatique et Libert\u00e9\u201c vom 6. August 2004 sowie die Datenschutz-Grundverordnung (DSGVO: Nr. 2016-679).<\/p>\n\n\n\n<p><strong>Verantwortliche f\u00fcr die Erhebung personenbezogener Daten<br><\/strong>Der Verantwortliche f\u00fcr die Verarbeitung personenbezogener Daten wird durch seinen Pr\u00e4sidenten, den gesetzlichen Vertreter, repr\u00e4sentiert.<br>Als Verantwortlicher f\u00fcr die von ihm erhobenen Daten verpflichtet sich JVD, den Rahmen der geltenden gesetzlichen Bestimmungen einzuhalten. Es obliegt insbesondere JVD, die Zwecke seiner Datenverarbeitungen festzulegen, seinen Interessenten und Kunden ab der Einholung ihrer Einwilligung umfassende Informationen \u00fcber die Verarbeitung ihrer personenbezogenen Daten bereitzustellen und ein Verarbeitungsverzeichnis zu f\u00fchren, das der Realit\u00e4t entspricht.<br>Jedes Mal, wenn JVD personenbezogene Daten verarbeitet, ergreift JVD alle angemessenen Ma\u00dfnahmen, um die Richtigkeit und Relevanz der personenbezogenen Daten in Bezug auf die Zwecke sicherzustellen, f\u00fcr die sie verarbeitet werden.<\/p>\n\n\n\n<p><strong>Zweck der erhobenen Daten<br><\/strong>JVD kann alle oder einen Teil der Daten verarbeiten:<\/p>\n\n\n\n<ul class=\"wp-block-list\">\n<li>Zur Verhinderung und Bek\u00e4mpfung von Computerbetrug (Spam, Hacking\u2026): verwendete Hardware f\u00fcr die Navigation, IP-Adresse<\/li>\n\n\n\n<li>Zur Verbesserung der Navigation auf der Website: Verbindungs- und Nutzungsdaten<\/li>\n\n\n\n<li>Zur Durchf\u00fchrung freiwilliger Zufriedenheitsumfragen \u00fcber JVD: E-Mail-Adresse<\/li>\n\n\n\n<li>Zur Durchf\u00fchrung von Kommunikationskampagnen (SMS, E-Mail): Telefonnummer, E-Mail-Adresse<\/li>\n<\/ul>\n\n\n\n<p>JVD vermarktet Ihre personenbezogenen Daten nicht; sie werden ausschlie\u00dflich aus Notwendigkeit oder zu statistischen und Analysezwecken verwendet.<\/p>\n\n\n\n<p><strong>Ihre Daten k\u00f6nnen verwendet werden f\u00fcr:<\/strong><\/p>\n\n\n\n<ul class=\"wp-block-list\">\n<li>die Beantwortung einer Anfrage einer Verwaltungs- oder Justizbeh\u00f6rde, eines Gesetzesvertreters, eines Rechtspflegers oder zur Erf\u00fcllung einer gerichtlichen Entscheidung;<\/li>\n\n\n\n<li>die Sicherstellung der Einhaltung unserer Allgemeinen Gesch\u00e4fts- und Servicebedingungen;<\/li>\n\n\n\n<li>den Schutz unserer Rechte und\/oder die Geltendmachung von Schadensersatzanspr\u00fcchen oder die Begrenzung m\u00f6glicher Folgen;<\/li>\n\n\n\n<li>die Verhinderung jeglichen Handelns entgegen geltenden Gesetzen, insbesondere im Rahmen der Betrugspr\u00e4vention.<\/li>\n<\/ul>\n\n\n\n<p>Wir k\u00f6nnen Ihre personenbezogenen Daten auch zu folgenden Zwecken verarbeiten:<\/p>\n\n\n\n<ul class=\"wp-block-list\">\n<li><strong>Gesch\u00e4ftsbeziehung:<\/strong> Organisation von Gewinnspielen, Lotterien, Werbeaktionen usw. \/ Versand von Marketingkampagnen per E-Mail, Post oder Telefon (auch \u00fcber einen Dienstleister)<\/li>\n\n\n\n<li><strong>Sicherheit:<\/strong> Schutz von Eigentum und Personen sowie Sicherheit durch Video\u00fcberwachung<\/li>\n\n\n\n<li><strong>Sonstiges:<\/strong> Verwaltung von beruflichen Netzwerken \/ Verwaltung von Kalendern \/ Elektronische Signatur \/ Erf\u00fcllung gesetzlicher oder vertraglicher Garantien<\/li>\n<\/ul>\n\n\n\n<p><strong>Recht auf Auskunft, Berichtigung und Widerspruch<br><\/strong>Gem\u00e4\u00df der geltenden europ\u00e4ischen Verordnung haben die Nutzer von JVD folgende Rechte:<\/p>\n\n\n\n<ul class=\"wp-block-list\">\n<li>Recht auf Auskunft (Artikel 15 DSGVO) und Berichtigung (Artikel 16 DSGVO), Aktualisierung, Vervollst\u00e4ndigung der Nutzerdaten sowie Sperrung oder L\u00f6schung personenbezogener Daten (Artikel 17 DSGVO), wenn diese ungenau, unvollst\u00e4ndig, mehrdeutig, veraltet sind oder deren Erhebung, Nutzung, \u00dcbermittlung oder Speicherung verboten ist.<\/li>\n\n\n\n<li>Recht, eine Einwilligung jederzeit zu widerrufen (Artikel 13-2c DSGVO).<\/li>\n\n\n\n<li>Recht auf Einschr\u00e4nkung der Verarbeitung (Artikel 18 DSGVO).<\/li>\n\n\n\n<li>Recht auf Widerspruch gegen die Verarbeitung (Artikel 21 DSGVO).<\/li>\n\n\n\n<li>Recht auf Daten\u00fcbertragbarkeit (Artikel 20 DSGVO), wenn die Daten automatisiert verarbeitet werden und auf Einwilligung oder einem Vertrag beruhen.<\/li>\n\n\n\n<li>Recht, \u00fcber das Schicksal der Daten nach dem Tod zu bestimmen und zu entscheiden, ob JVD diese an einen zuvor benannten Dritten weitergeben darf oder nicht.<\/li>\n<\/ul>\n\n\n\n<p>Sobald JVD vom Tod eines Nutzers Kenntnis erlangt und keine Anweisungen von diesem vorliegen, verpflichtet sich JVD, dessen Daten zu l\u00f6schen, es sei denn, ihre Aufbewahrung ist zu Beweiszwecken oder zur Erf\u00fcllung einer gesetzlichen Pflicht erforderlich.<br>Wenn ein Nutzer wissen m\u00f6chte, wie JVD seine personenbezogenen Daten verwendet, eine Berichtigung beantragen oder der Verarbeitung widersprechen m\u00f6chte, kann er JVD schriftlich unter folgender Adresse kontaktieren:<br>JVD, 3 rue des Br\u00e8ches \u2013 44406 Rez\u00e9 Cedex oder per E-Mail an <a>contact@jvd.fr<\/a><\/p>\n\n\n\n<p>In diesem Fall muss der Nutzer die personenbezogenen Daten angeben, die JVD korrigieren, aktualisieren oder l\u00f6schen soll, und sich eindeutig durch eine Kopie eines Ausweisdokuments (Personalausweis oder Reisepass) identifizieren. L\u00f6schungsantr\u00e4ge unterliegen den gesetzlichen Aufbewahrungspflichten von JVD, insbesondere in Bezug auf Buchhaltungs- oder Archivierungspflichten. Schlie\u00dflich k\u00f6nnen Nutzer von JVD eine Beschwerde bei den Aufsichtsbeh\u00f6rden, insbesondere der CNIL (<a href=\"https:\/\/www.cnil.fr\/fr\/plaintes?utm_source=chatgpt.com\">https:\/\/www.cnil.fr\/fr\/plaintes<\/a>), einreichen.<\/p>\n\n\n\n<p><strong>Keine Weitergabe personenbezogener Daten<br><\/strong>JVD verpflichtet sich, die auf seinen Kunden erhobenen Informationen nicht in ein Land au\u00dferhalb der Europ\u00e4ischen Union oder in ein von der Europ\u00e4ischen Kommission als \u201enicht angemessen\u201c eingestuftes Land zu \u00fcbertragen, ohne den Kunden zuvor zu informieren. JVD bleibt jedoch frei in der Wahl seiner technischen und kommerziellen Subunternehmer, sofern diese ausreichende Garantien im Hinblick auf die Anforderungen der DSGVO (Nr. 2016-679) bieten.<br>JVD verpflichtet sich, alle notwendigen Vorkehrungen zu treffen, um die Sicherheit der Informationen zu gew\u00e4hrleisten und insbesondere sicherzustellen, dass sie nicht an Unbefugte weitergegeben werden. Sollte JVD jedoch von einem Vorfall erfahren, der die Integrit\u00e4t oder Vertraulichkeit der Informationen des Kunden beeintr\u00e4chtigt, muss JVD den Kunden unverz\u00fcglich informieren und \u00fcber die ergriffenen Korrekturma\u00dfnahmen unterrichten. Dar\u00fcber hinaus erhebt JVD keine \u201esensiblen Daten\u201c.<br>Die personenbezogenen Daten des Nutzers k\u00f6nnen von Tochtergesellschaften von JVD und Auftragsverarbeitern (Dienstleistern) ausschlie\u00dflich zur Erf\u00fcllung der in dieser Richtlinie genannten Zwecke verarbeitet werden. Im Rahmen ihrer jeweiligen Zust\u00e4ndigkeiten und f\u00fcr die oben genannten Zwecke sind die Hauptpersonen, die Zugang zu den Daten der Nutzer von JVD haben k\u00f6nnen, vor allem die Ver\u00f6ffentlichungsverantwortlichen.<\/p>\n\n\n\n<p><strong>Arten der erhobenen Daten<br><\/strong>Bei Nutzern einer JVD-Website erheben wir die folgenden Daten, die f\u00fcr das Funktionieren des Dienstes unerl\u00e4sslich sind und f\u00fcr maximal 60 Monate nach Beendigung der Vertragsbeziehung aufbewahrt werden:<br>Name, Vorname, Postanschrift, Telefonnummer, E-Mail-Adressen.<\/p>\n\n\n\n<p>Dar\u00fcber hinaus erhebt JVD Informationen zur Verbesserung der Benutzererfahrung und zur Bereitstellung kontextbezogener Empfehlungen: <strong>Cookies (Google Analytics)<\/strong>. Diese Daten werden f\u00fcr maximal 60 Monate nach Beendigung der Vertragsbeziehung gespeichert.<\/p>\n\n\n\n<p><strong>Modalit\u00e4ten und Aufbewahrungsfristen der Daten<br><\/strong>Wir verwalten Ihre personenbezogenen Daten in drei Phasen:<\/p>\n\n\n\n<ul class=\"wp-block-list\">\n<li><strong>Aktive Phase:<\/strong> Daten werden f\u00fcr den unten angegebenen Zeitraum in der \u201eaktiven\u201c Datenbank gespeichert und sind nur f\u00fcr Personen zug\u00e4nglich, die sie aus operativen Gr\u00fcnden ben\u00f6tigen, um die autorisierten Verarbeitungen durchzuf\u00fchren.<\/li>\n\n\n\n<li><strong>Archivierungsphase:<\/strong> (f\u00fcr einen zus\u00e4tzlichen Zeitraum \u00fcber die aktive Aufbewahrung hinaus), wenn ein legitimer Grund dies rechtfertigt. Ihre personenbezogenen Daten werden dann mit eingeschr\u00e4nktem Zugang und f\u00fcr eine begrenzte Dauer archiviert.<\/li>\n\n\n\n<li><strong>L\u00f6schungs- oder Anonymisierungsphase:<\/strong> nach Ablauf der zus\u00e4tzlichen Archivierungsfrist werden Ihre personenbezogenen Daten gel\u00f6scht oder anonymisiert (sodass sie nicht mehr als personenbezogene Daten gelten, die Sie identifizieren).<\/li>\n<\/ul>\n\n\n\n<p>Ihre personenbezogenen Daten werden so lange aufbewahrt, wie es f\u00fcr die Zwecke der Verarbeitung, unserer Kundenbeziehung gegebenenfalls und zur Vertragserf\u00fcllung erforderlich ist, und innerhalb der gesetzlich festgelegten Grenzen. Wir k\u00f6nnen Ihre personenbezogenen Daten in archivierter Form f\u00fcr die Aufbewahrung von Buchhaltungs-, Steuer- oder Beweisdokumenten w\u00e4hrend der geltenden Verj\u00e4hrungsfristen aufbewahren. Por ejemplo, a continuaci\u00f3n le indicamos los plazos de conservaci\u00f3n aplicables a los siguientes tratamientos (sin perjuicio de la normativa que imponga un plazo de conservaci\u00f3n diferenciado):<\/p>\n\n\n\n<figure class=\"wp-block-image size-landscape\"><img loading=\"lazy\" decoding=\"async\" width=\"1200\" height=\"800\" src=\"https:\/\/www.jvd.fr\/wp-content\/uploads\/2025\/08\/tableau-mentions-legales-de-1200x800.jpg\" alt=\"\" class=\"wp-image-54195\" srcset=\"https:\/\/www.jvd.fr\/wp-content\/uploads\/2025\/08\/tableau-mentions-legales-de-1200x800.jpg 1200w, https:\/\/www.jvd.fr\/wp-content\/uploads\/2025\/08\/tableau-mentions-legales-de-600x400.jpg 600w, https:\/\/www.jvd.fr\/wp-content\/uploads\/2025\/08\/tableau-mentions-legales-de-105x70.jpg 105w\" sizes=\"auto, (max-width: 1200px) 100vw, 1200px\" \/><\/figure>\n\n\n\n<p><strong>JVD legt besonderen Wert auf den Schutz Ihrer personenbezogenen Daten<\/strong> und stellt sicher, dass diese im Einklang mit der Datenschutz-Grundverordnung (DSGVO \u2013 Verordnung (EU) 2016\/679) und der geltenden franz\u00f6sischen Gesetzgebung verarbeitet werden.<\/p>\n\n\n\n<p><strong>Daten\u00fcbermittlung au\u00dferhalb der EU<\/strong><br>Wir \u00fcbertragen Ihre personenbezogenen Daten nicht au\u00dferhalb der Europ\u00e4ischen Union. Sollte eine solche \u00dcbertragung erfolgen, w\u00fcrden wir sicherstellen, dass sie durch geeignete Garantien abgesichert ist, wie es die DSGVO verlangt.<\/p>\n\n\n\n<p><strong>Ihre Rechte<\/strong><br>Gem\u00e4\u00df der geltenden Vorschriften haben Sie folgende Rechte:<\/p>\n\n\n\n<ul class=\"wp-block-list\">\n<li>Recht auf Auskunft, Berichtigung und L\u00f6schung Ihrer Daten<\/li>\n\n\n\n<li>Recht auf Einschr\u00e4nkung der Verarbeitung<\/li>\n\n\n\n<li>Recht auf Widerspruch gegen die Verarbeitung<\/li>\n\n\n\n<li>Recht auf Daten\u00fcbertragbarkeit<\/li>\n\n\n\n<li>Recht, Ihre Einwilligung jederzeit zu widerrufen, wenn die Verarbeitung darauf beruht<\/li>\n\n\n\n<li>Recht, eine Beschwerde bei der CNIL einzureichen<\/li>\n<\/ul>\n\n\n\n<p>Zur Aus\u00fcbung Ihrer Rechte k\u00f6nnen Sie uns unter folgender Adresse kontaktieren: <strong><a>contact@jvd.fr<\/a><\/strong><\/p>\n\n\n\n<p>In diesem Fall werden Ihre Daten nicht mehr aktiv verarbeitet und k\u00f6nnen w\u00e4hrend der Dauer der Aus\u00fcbung dieses Rechts nicht ge\u00e4ndert werden.<br>Dar\u00fcber hinaus haben Sie das <strong>Recht auf menschliches Eingreifen<\/strong>: Verantwortliche k\u00f6nnen automatisierte Entscheidungen zum Abschluss oder zur Verwaltung Ihres Vertrags verwenden. In diesem Fall k\u00f6nnen Sie den Datenschutzbeauftragten fragen, welche Kriterien f\u00fcr die Entscheidung ma\u00dfgeblich waren.<\/p>\n<\/div>\n\n\n\n<div class=\"wp-block-group has-global-padding is-layout-constrained wp-block-group-is-layout-constrained\" style=\"margin-bottom:var(--wp--preset--spacing--75)\">\n<h3 class=\"wp-block-heading\">Vorfallbenachrichtigung<\/h3>\n\n\n\n<p>Unabh\u00e4ngig von den getroffenen Ma\u00dfnahmen ist keine \u00dcbertragungsmethode \u00fcber das Internet und keine elektronische Speichermethode vollst\u00e4ndig sicher. Daher k\u00f6nnen wir keine absolute Sicherheit garantieren.<br>Sollten wir von einer Sicherheitsverletzung erfahren, w\u00fcrden wir die betroffenen Nutzer benachrichtigen, damit sie die entsprechenden Ma\u00dfnahmen ergreifen k\u00f6nnen. Unsere Verfahren zur Vorfallbenachrichtigung ber\u00fccksichtigen unsere gesetzlichen Verpflichtungen auf nationaler wie auch auf europ\u00e4ischer Ebene. Wir verpflichten uns, unsere Kunden umfassend \u00fcber alle Fragen im Zusammenhang mit der Sicherheit ihres Kontos zu informieren und ihnen alle notwendigen Informationen zur Verf\u00fcgung zu stellen, um ihnen bei der Einhaltung ihrer eigenen gesetzlichen Meldepflichten zu helfen.<\/p>\n<\/div>\n\n\n\n<div class=\"wp-block-group has-global-padding is-layout-constrained wp-block-group-is-layout-constrained\" style=\"margin-bottom:var(--wp--preset--spacing--75)\">\n<h3 class=\"wp-block-heading\">Hyperlinks \u201eCOOKIES\u201c und Internet-Tags (\u201eTAGS\u201c)<\/h3>\n\n\n\n<p>Die JVD-Website enth\u00e4lt eine Reihe von Hyperlinks zu anderen Websites, die mit Genehmigung von JVD eingerichtet wurden. JVD hat jedoch keine M\u00f6glichkeit, den Inhalt der so besuchten Websites zu \u00fcberpr\u00fcfen, und \u00fcbernimmt daher keinerlei Verantwortung.<\/p>\n\n\n\n<p>Sofern Sie Cookies nicht deaktivieren, akzeptieren Sie, dass die Website diese verwenden darf. Sie k\u00f6nnen diese Cookies jederzeit und kostenlos \u00fcber die unten aufgef\u00fchrten Deaktivierungsm\u00f6glichkeiten deaktivieren, wobei zu beachten ist, dass dies den Zugang zu allen oder einigen Diensten der Website einschr\u00e4nken oder verhindern kann.<\/p>\n\n\n\n<p><strong>\u201eCOOKIES\u201c<br><\/strong>Ein \u201eCookie\u201c ist eine kleine Informationsdatei, die an den Browser des Nutzers gesendet und auf dessen Endger\u00e4t gespeichert wird (z. B. Computer, Smartphone), nachfolgend \u201eCookies\u201c genannt. Diese Datei enth\u00e4lt Informationen wie den Domainnamen des Nutzers, dessen Internetprovider, Betriebssystem sowie Datum und Uhrzeit des Zugriffs. Cookies k\u00f6nnen das Endger\u00e4t des Nutzers in keinem Fall besch\u00e4digen.<\/p>\n\n\n\n<p>JVD kann Informationen des Nutzers \u00fcber seinen Besuch auf der Website verarbeiten, wie z. B. die aufgerufenen Seiten oder durchgef\u00fchrte Suchanfragen. Diese Informationen erm\u00f6glichen es JVD, den Inhalt der Website und die Benutzerf\u00fchrung zu verbessern.<\/p>\n\n\n\n<p>Da Cookies die Navigation und\/oder die Bereitstellung der vom Standort angebotenen Dienste erleichtern, kann der Nutzer seinen Browser so konfigurieren, dass er entscheidet, ob er Cookies akzeptieren m\u00f6chte oder nicht. So k\u00f6nnen Cookies auf dem Endger\u00e4t gespeichert oder \u2013 im Gegenteil \u2013 abgelehnt werden, entweder systematisch oder je nach Absender. Der Nutzer kann seinen Browser auch so einstellen, dass die Annahme oder Ablehnung von Cookies jeweils vor der m\u00f6glichen Speicherung vorgeschlagen wird.<\/p>\n\n\n\n<p>JVD weist den Nutzer darauf hin, dass in diesem Fall m\u00f6glicherweise nicht alle Funktionen der Browsersoftware verf\u00fcgbar sind. Wenn der Nutzer die Speicherung von Cookies auf seinem Endger\u00e4t oder Browser ablehnt oder bereits gespeicherte Cookies l\u00f6scht, wird er darauf hingewiesen, dass seine Navigation und seine Erfahrung auf der Website eingeschr\u00e4nkt sein k\u00f6nnen. Dies kann auch der Fall sein, wenn JVD oder einer seiner Dienstleister den verwendeten Browsertyp, die Sprach- und Anzeigeeinstellungen oder das Land, von dem aus das Endger\u00e4t mit dem Internet verbunden ist, aus technischen Kompatibilit\u00e4tsgr\u00fcnden nicht erkennen kann.<\/p>\n\n\n\n<p>In diesem Fall lehnt JVD jede Verantwortung f\u00fcr die Folgen eines eingeschr\u00e4nkten Betriebs der Website und der gegebenenfalls von JVD angebotenen Dienste ab, die sich aus der (i) Ablehnung von Cookies durch den Nutzer oder (ii) der Unm\u00f6glichkeit f\u00fcr JVD ergeben, die f\u00fcr den Betrieb erforderlichen Cookies aufgrund der Entscheidung des Nutzers zu speichern oder einzusehen.<\/p>\n\n\n\n<p>Die Verwaltung von Cookies und den Einstellungen des Nutzers ist bei jedem Browser unterschiedlich. Sie wird im Hilfemen\u00fc des Browsers beschrieben, das Auskunft dar\u00fcber gibt, wie der Nutzer seine Cookie-Einstellungen \u00e4ndern kann. Der Nutzer kann jederzeit seine Entscheidungen in Bezug auf Cookies \u00e4ndern.<\/p>\n\n\n\n<p>Dar\u00fcber hinaus kann JVD die Dienste externer Anbieter in Anspruch nehmen, um bei der Erfassung und Verarbeitung der in diesem Abschnitt beschriebenen Informationen zu helfen.<\/p>\n\n\n\n<p>Schlie\u00dflich k\u00f6nnen durch Anklicken der auf der JVD-Website oder in der mobilen Anwendung vorhandenen Symbole der sozialen Netzwerke Twitter, Facebook, LinkedIn und Instagram und sofern der Nutzer die Platzierung von Cookies durch die weitere Navigation auf der JVD-Website akzeptiert hat, auch Twitter, Facebook, LinkedIn und Instagram Cookies auf seinen Endger\u00e4ten (Computer, Tablet, Mobiltelefon) speichern. Diese Arten von Cookies werden nur dann auf den Endger\u00e4ten des Nutzers gespeichert, wenn dieser dem durch die Fortsetzung seiner Navigation auf der JVD-Website zustimmt.<\/p>\n\n\n\n<p><strong>So deaktivieren Sie Cookies:<br><\/strong>Wenn Sie Internet Explorer 8 oder h\u00f6her verwenden:<\/p>\n\n\n\n<ul class=\"wp-block-list\">\n<li>Gehen Sie zu \u00abExtras\u00bb in der Men\u00fcleiste und klicken Sie auf \u00abInternetoptionen\u00bb.<\/li>\n\n\n\n<li>Klicken Sie oben auf die Registerkarte \u00abDatenschutz\u00bb.<\/li>\n\n\n\n<li>Schieben Sie den Regler nach oben zur Einstellung \u00abAlle Cookies blockieren\u00bb, um alle Cookies zu blockieren, oder nach unten zur Einstellung \u00abAlle Cookies annehmen\u00bb, um alle Cookies zu akzeptieren.<\/li>\n\n\n\n<li>Weitere Informationen finden Sie unter: <a href=\"http:\/\/windows.microsoft.com\/fr-fr\/internet-explorer\/delete-manage-cookies?utm_source=chatgpt.com\">http:\/\/windows.microsoft.com\/fr-fr\/internet-explorer\/delete-manage-cookies<\/a><\/li>\n<\/ul>\n\n\n\n<p>Wenn Sie Firefox 30.0 oder h\u00f6her verwenden:<\/p>\n\n\n\n<ul class=\"wp-block-list\">\n<li>Klicken Sie auf die Schaltfl\u00e4che \u00abMen\u00fc\u00bb und w\u00e4hlen Sie \u00abOptionen\u00bb.<\/li>\n\n\n\n<li>W\u00e4hlen Sie den Bereich \u00abDatenschutz\u00bb.<\/li>\n\n\n\n<li>Im Bereich Chronik w\u00e4hlen Sie bei \u00abAufbewahrungsregeln\u00bb die Option \u00abBenutzerdefinierte Einstellungen f\u00fcr die Chronik verwenden\u00bb.<\/li>\n\n\n\n<li>Aktivieren Sie das Kontrollk\u00e4stchen \u00abCookies akzeptieren\u00bb, um Cookies zu aktivieren, oder deaktivieren Sie es, um Cookies zu deaktivieren. Wenn Sie Probleme mit Cookies haben, stellen Sie sicher, dass die Option \u00abCookies von Drittanbietern akzeptieren\u00bb nicht auf \u00abNie\u00bb eingestellt ist.<\/li>\n\n\n\n<li>W\u00e4hlen Sie, wie lange Cookies gespeichert werden d\u00fcrfen:\n<ul class=\"wp-block-list\">\n<li><strong>Bis sie ablaufen<\/strong>: Jedes Cookie wird an seinem Ablaufdatum gel\u00f6scht, das von der Website festgelegt wird.<\/li>\n\n\n\n<li><strong>Bis Firefox geschlossen wird<\/strong>: Die auf Ihrem Computer gespeicherten Cookies werden beim Schlie\u00dfen von Firefox gel\u00f6scht.<\/li>\n\n\n\n<li><strong>Jedes Mal nachfragen<\/strong>: Es erscheint eine Warnung, wenn eine Website ein Cookie senden m\u00f6chte, und Sie werden gefragt, ob Sie es speichern m\u00f6chten.<\/li>\n<\/ul>\n<\/li>\n\n\n\n<li>Klicken Sie auf OK, um das Fenster \u00abOptionen\u00bb zu schlie\u00dfen.<\/li>\n\n\n\n<li>Weitere Informationen finden Sie unter: <a href=\"https:\/\/support.mozilla.org\/fr\/products\/firefox\/privacy-and-security\/cookies?utm_source=chatgpt.com\">https:\/\/support.mozilla.org\/fr\/products\/firefox\/privacy-and-security\/cookies<\/a><\/li>\n<\/ul>\n\n\n\n<p>Wenn Sie Google Chrome verwenden:<\/p>\n\n\n\n<ul class=\"wp-block-list\">\n<li>Gehen Sie zum Men\u00fc \u00abExtras\u00bb.<\/li>\n\n\n\n<li>Klicken Sie auf \u00abEinstellungen\u00bb.<\/li>\n\n\n\n<li>Klicken Sie auf \u00abErweiterte Einstellungen\u00bb.<\/li>\n\n\n\n<li>Klicken Sie auf \u00abDatenschutz\/Inhaltseinstellungen\u00bb.<\/li>\n\n\n\n<li>W\u00e4hlen Sie \u00abCookies\u00bb. Danach w\u00e4hlen Sie \u00abCookies und Websitedaten von Drittanbietern blockieren\u00bb.<\/li>\n\n\n\n<li>Weitere Informationen finden Sie unter: <a href=\"https:\/\/support.google.com\/chrome\/answer\/95647?hl=fr&amp;utm_source=chatgpt.com\">https:\/\/support.google.com\/chrome\/answer\/95647?hl=fr<\/a><\/li>\n<\/ul>\n\n\n\n<p>Wenn Sie Safari 5.0 oder h\u00f6her verwenden:<\/p>\n\n\n\n<ul class=\"wp-block-list\">\n<li>W\u00e4hlen Sie Safari > Einstellungen und klicken Sie auf \u00abSicherheit\u00bb.<\/li>\n\n\n\n<li>Im Abschnitt \u00abCookies akzeptieren\u00bb geben Sie an, ob und wann Safari Cookies von Websites akzeptieren soll.<\/li>\n\n\n\n<li>Um eine Erkl\u00e4rung der Optionen zu sehen, klicken Sie auf die Hilfeschaltfl\u00e4che (sieht aus wie ein Fragezeichen).<\/li>\n\n\n\n<li>Wenn Sie Safari so eingestellt haben, dass Cookies blockiert werden, m\u00fcssen Sie m\u00f6glicherweise Cookies vor\u00fcbergehend akzeptieren, um eine Seite zu \u00f6ffnen. Wiederholen Sie die obigen Schritte und w\u00e4hlen Sie \u00abImmer\u00bb.<\/li>\n\n\n\n<li>Wenn Sie die Seite beendet haben, deaktivieren Sie Cookies erneut und l\u00f6schen Sie die gespeicherten Cookies.<\/li>\n\n\n\n<li>Weitere Informationen finden Sie unter: <a href=\"http:\/\/support.apple.com\/kb\/ht1677?viewlocale=fr_FR&amp;utm_source=chatgpt.com\">http:\/\/support.apple.com\/kb\/ht1677?viewlocale=fr_FR<\/a><\/li>\n<\/ul>\n\n\n\n<p>Wenn Sie einen anderen Browser oder eine andere Version verwenden: lesen Sie bitte im Men\u00fc \u00abHilfe\u00bb Ihres Browsers nach.<\/p>\n\n\n\n<p><strong>Internettags (\u201eTAGS\u201c)<br><\/strong>JVD kann gelegentlich Internettags verwenden (auch \u201eTags\u201c, Action-Tags, 1&#215;1-GIFs, transparente GIFs oder unsichtbare GIFs genannt) und diese \u00fcber einen auf Webanalysen spezialisierten Partner einsetzen, der sich m\u00f6glicherweise in einem ausl\u00e4ndischen Land befindet (und somit die entsprechenden Informationen, einschlie\u00dflich der IP-Adresse des Nutzers, speichern kann).<\/p>\n\n\n\n<p>Diese Tags werden sowohl in Online-Werbeanzeigen platziert, die den Internetnutzern den Zugang zur Website erm\u00f6glichen, als auch auf den verschiedenen Seiten dieser Website.<br>Diese Technologie erm\u00f6glicht es JVD, die Reaktionen der Besucher auf die Website und die Wirksamkeit ihrer Ma\u00dfnahmen zu bewerten (z. B. wie oft eine Seite ge\u00f6ffnet oder welche Informationen aufgerufen wurden), sowie die Nutzung der Website durch den Nutzer zu analysieren.<\/p>\n\n\n\n<p>Der externe Dienstleister kann mithilfe dieser Tags gegebenenfalls Informationen \u00fcber die Besucher der Website und anderer Websites sammeln, Berichte \u00fcber die Aktivit\u00e4t der Website f\u00fcr JVD erstellen und weitere Dienstleistungen im Zusammenhang mit der Nutzung dieser Website und des Internets erbringen.<\/p>\n<\/div>\n\n\n\n<div class=\"wp-block-group has-global-padding is-layout-constrained wp-block-group-is-layout-constrained\">\n<h3 class=\"wp-block-heading\">Anwendbares Recht und Gerichtsstand<\/h3>\n\n\n\n<p>Alle Streitigkeiten im Zusammenhang mit der Nutzung der JVD-Website unterliegen dem franz\u00f6sischen Recht. Soweit gesetzlich zul\u00e4ssig, liegt die ausschlie\u00dfliche Zust\u00e4ndigkeit bei den zust\u00e4ndigen Gerichten in Nantes (RCS Nantes).<\/p>\n<\/div>\n","protected":false},"excerpt":{"rendered":"<p>Unsere Philosophie und Verpflichtungen JVD verpflichtet sich zum Schutz Ihrer personenbezogenen Daten und stellt sicher, dass ein hohes Schutzniveau Ihrer Daten gem\u00e4\u00df der Europ\u00e4ischen Verordnung 2016\/679 sowie dem franz\u00f6sischen Datenschutzgesetz Nr. 78-17 gew\u00e4hrleistet ist. Nachstehend finden Sie unsere Datenschutzrichtlinie, in der insbesondere erl\u00e4utert wird, welche personenbezogenen Daten wir erheben, wie diese verarbeitet werden und auf [&hellip;]<\/p>\n","protected":false},"author":1,"featured_media":0,"parent":0,"menu_order":0,"comment_status":"closed","ping_status":"closed","template":"","meta":{"_acf_changed":false,"content-type":"","_searchwp_excluded":"","inline_featured_image":false,"footnotes":""},"class_list":["post-11898","page","type-page","status-publish","hentry"],"acf":[],"yoast_head":"<!-- This site is optimized with the Yoast SEO plugin v27.1.1 - https:\/\/yoast.com\/product\/yoast-seo-wordpress\/ -->\n<title>Datenschutzerkl\u00e4rung - JVD<\/title>\n<meta name=\"robots\" content=\"index, follow, max-snippet:-1, max-image-preview:large, max-video-preview:-1\" \/>\n<link rel=\"canonical\" href=\"https:\/\/www.jvd.fr\/de\/datenschutzerklaerung\/\" \/>\n<meta property=\"og:locale\" content=\"de_DE\" \/>\n<meta property=\"og:type\" content=\"article\" \/>\n<meta property=\"og:title\" content=\"Datenschutzerkl\u00e4rung - JVD\" \/>\n<meta property=\"og:description\" content=\"Unsere Philosophie und Verpflichtungen JVD verpflichtet sich zum Schutz Ihrer personenbezogenen Daten und stellt sicher, dass ein hohes Schutzniveau Ihrer Daten gem\u00e4\u00df der Europ\u00e4ischen Verordnung 2016\/679 sowie dem franz\u00f6sischen Datenschutzgesetz Nr. 78-17 gew\u00e4hrleistet ist. Nachstehend finden Sie unsere Datenschutzrichtlinie, in der insbesondere erl\u00e4utert wird, welche personenbezogenen Daten wir erheben, wie diese verarbeitet werden und auf [&hellip;]\" \/>\n<meta property=\"og:url\" content=\"https:\/\/www.jvd.fr\/de\/datenschutzerklaerung\/\" \/>\n<meta property=\"og:site_name\" content=\"JVD\" \/>\n<meta property=\"article:modified_time\" content=\"2025-09-17T12:21:49+00:00\" \/>\n<meta property=\"og:image\" content=\"https:\/\/www.jvd.fr\/wp-content\/uploads\/2025\/08\/tableau-mentions-legales-de.jpg\" \/>\n\t<meta property=\"og:image:width\" content=\"2400\" \/>\n\t<meta property=\"og:image:height\" content=\"1600\" \/>\n\t<meta property=\"og:image:type\" content=\"image\/jpeg\" \/>\n<script type=\"application\/ld+json\" class=\"yoast-schema-graph\">{\"@context\":\"https:\/\/schema.org\",\"@graph\":[{\"@type\":\"WebPage\",\"@id\":\"https:\/\/www.jvd.fr\/de\/datenschutzerklaerung\/\",\"url\":\"https:\/\/www.jvd.fr\/de\/datenschutzerklaerung\/\",\"name\":\"Datenschutzerkl\u00e4rung - JVD\",\"isPartOf\":{\"@id\":\"https:\/\/www.jvd.fr\/de\/#website\"},\"primaryImageOfPage\":{\"@id\":\"https:\/\/www.jvd.fr\/de\/datenschutzerklaerung\/#primaryimage\"},\"image\":{\"@id\":\"https:\/\/www.jvd.fr\/de\/datenschutzerklaerung\/#primaryimage\"},\"thumbnailUrl\":\"https:\/\/www.jvd.fr\/wp-content\/uploads\/2025\/08\/tableau-mentions-legales-de-1200x800.jpg\",\"datePublished\":\"2025-01-20T08:53:31+00:00\",\"dateModified\":\"2025-09-17T12:21:49+00:00\",\"breadcrumb\":{\"@id\":\"https:\/\/www.jvd.fr\/de\/datenschutzerklaerung\/#breadcrumb\"},\"inLanguage\":\"de\",\"potentialAction\":[{\"@type\":\"ReadAction\",\"target\":[\"https:\/\/www.jvd.fr\/de\/datenschutzerklaerung\/\"]}]},{\"@type\":\"ImageObject\",\"inLanguage\":\"de\",\"@id\":\"https:\/\/www.jvd.fr\/de\/datenschutzerklaerung\/#primaryimage\",\"url\":\"https:\/\/www.jvd.fr\/wp-content\/uploads\/2025\/08\/tableau-mentions-legales-de-1200x800.jpg\",\"contentUrl\":\"https:\/\/www.jvd.fr\/wp-content\/uploads\/2025\/08\/tableau-mentions-legales-de-1200x800.jpg\"},{\"@type\":\"BreadcrumbList\",\"@id\":\"https:\/\/www.jvd.fr\/de\/datenschutzerklaerung\/#breadcrumb\",\"itemListElement\":[{\"@type\":\"ListItem\",\"position\":1,\"name\":\"Accueil\",\"item\":\"https:\/\/www.jvd.fr\/de\/\"},{\"@type\":\"ListItem\",\"position\":2,\"name\":\"Datenschutzerkl\u00e4rung\"}]},{\"@type\":\"WebSite\",\"@id\":\"https:\/\/www.jvd.fr\/de\/#website\",\"url\":\"https:\/\/www.jvd.fr\/de\/\",\"name\":\"JVD\",\"description\":\"Products that care\",\"potentialAction\":[{\"@type\":\"SearchAction\",\"target\":{\"@type\":\"EntryPoint\",\"urlTemplate\":\"https:\/\/www.jvd.fr\/de\/?s={search_term_string}\"},\"query-input\":{\"@type\":\"PropertyValueSpecification\",\"valueRequired\":true,\"valueName\":\"search_term_string\"}}],\"inLanguage\":\"de\"}]}<\/script>\n<!-- \/ Yoast SEO plugin. -->","yoast_head_json":{"title":"Datenschutzerkl\u00e4rung - JVD","robots":{"index":"index","follow":"follow","max-snippet":"max-snippet:-1","max-image-preview":"max-image-preview:large","max-video-preview":"max-video-preview:-1"},"canonical":"https:\/\/www.jvd.fr\/de\/datenschutzerklaerung\/","og_locale":"de_DE","og_type":"article","og_title":"Datenschutzerkl\u00e4rung - JVD","og_description":"Unsere Philosophie und Verpflichtungen JVD verpflichtet sich zum Schutz Ihrer personenbezogenen Daten und stellt sicher, dass ein hohes Schutzniveau Ihrer Daten gem\u00e4\u00df der Europ\u00e4ischen Verordnung 2016\/679 sowie dem franz\u00f6sischen Datenschutzgesetz Nr. 78-17 gew\u00e4hrleistet ist. Nachstehend finden Sie unsere Datenschutzrichtlinie, in der insbesondere erl\u00e4utert wird, welche personenbezogenen Daten wir erheben, wie diese verarbeitet werden und auf [&hellip;]","og_url":"https:\/\/www.jvd.fr\/de\/datenschutzerklaerung\/","og_site_name":"JVD","article_modified_time":"2025-09-17T12:21:49+00:00","og_image":[{"width":2400,"height":1600,"url":"https:\/\/www.jvd.fr\/wp-content\/uploads\/2025\/08\/tableau-mentions-legales-de.jpg","type":"image\/jpeg"}],"schema":{"@context":"https:\/\/schema.org","@graph":[{"@type":"WebPage","@id":"https:\/\/www.jvd.fr\/de\/datenschutzerklaerung\/","url":"https:\/\/www.jvd.fr\/de\/datenschutzerklaerung\/","name":"Datenschutzerkl\u00e4rung - JVD","isPartOf":{"@id":"https:\/\/www.jvd.fr\/de\/#website"},"primaryImageOfPage":{"@id":"https:\/\/www.jvd.fr\/de\/datenschutzerklaerung\/#primaryimage"},"image":{"@id":"https:\/\/www.jvd.fr\/de\/datenschutzerklaerung\/#primaryimage"},"thumbnailUrl":"https:\/\/www.jvd.fr\/wp-content\/uploads\/2025\/08\/tableau-mentions-legales-de-1200x800.jpg","datePublished":"2025-01-20T08:53:31+00:00","dateModified":"2025-09-17T12:21:49+00:00","breadcrumb":{"@id":"https:\/\/www.jvd.fr\/de\/datenschutzerklaerung\/#breadcrumb"},"inLanguage":"de","potentialAction":[{"@type":"ReadAction","target":["https:\/\/www.jvd.fr\/de\/datenschutzerklaerung\/"]}]},{"@type":"ImageObject","inLanguage":"de","@id":"https:\/\/www.jvd.fr\/de\/datenschutzerklaerung\/#primaryimage","url":"https:\/\/www.jvd.fr\/wp-content\/uploads\/2025\/08\/tableau-mentions-legales-de-1200x800.jpg","contentUrl":"https:\/\/www.jvd.fr\/wp-content\/uploads\/2025\/08\/tableau-mentions-legales-de-1200x800.jpg"},{"@type":"BreadcrumbList","@id":"https:\/\/www.jvd.fr\/de\/datenschutzerklaerung\/#breadcrumb","itemListElement":[{"@type":"ListItem","position":1,"name":"Accueil","item":"https:\/\/www.jvd.fr\/de\/"},{"@type":"ListItem","position":2,"name":"Datenschutzerkl\u00e4rung"}]},{"@type":"WebSite","@id":"https:\/\/www.jvd.fr\/de\/#website","url":"https:\/\/www.jvd.fr\/de\/","name":"JVD","description":"Products that care","potentialAction":[{"@type":"SearchAction","target":{"@type":"EntryPoint","urlTemplate":"https:\/\/www.jvd.fr\/de\/?s={search_term_string}"},"query-input":{"@type":"PropertyValueSpecification","valueRequired":true,"valueName":"search_term_string"}}],"inLanguage":"de"}]}},"_links":{"self":[{"href":"https:\/\/www.jvd.fr\/de\/wp-json\/wp\/v2\/pages\/11898","targetHints":{"allow":["GET"]}}],"collection":[{"href":"https:\/\/www.jvd.fr\/de\/wp-json\/wp\/v2\/pages"}],"about":[{"href":"https:\/\/www.jvd.fr\/de\/wp-json\/wp\/v2\/types\/page"}],"author":[{"embeddable":true,"href":"https:\/\/www.jvd.fr\/de\/wp-json\/wp\/v2\/users\/1"}],"replies":[{"embeddable":true,"href":"https:\/\/www.jvd.fr\/de\/wp-json\/wp\/v2\/comments?post=11898"}],"version-history":[{"count":3,"href":"https:\/\/www.jvd.fr\/de\/wp-json\/wp\/v2\/pages\/11898\/revisions"}],"predecessor-version":[{"id":54199,"href":"https:\/\/www.jvd.fr\/de\/wp-json\/wp\/v2\/pages\/11898\/revisions\/54199"}],"wp:attachment":[{"href":"https:\/\/www.jvd.fr\/de\/wp-json\/wp\/v2\/media?parent=11898"}],"curies":[{"name":"wp","href":"https:\/\/api.w.org\/{rel}","templated":true}]}}