{"id":10198,"date":"2025-06-10T10:22:08","date_gmt":"2025-06-10T08:22:08","guid":{"rendered":"https:\/\/jvdwoo2025.dnstemporaire.fr\/?page_id=10198"},"modified":"2025-09-17T14:48:24","modified_gmt":"2025-09-17T12:48:24","slug":"werde-teil-unseres-teams","status":"publish","type":"page","link":"https:\/\/www.jvd.fr\/de\/decouvrir-jvd\/werde-teil-unseres-teams\/","title":{"rendered":"Werde Teil unseres Teams"},"content":{"rendered":"\n<div class=\"wp-block-group alignfull has-background has-global-padding is-layout-constrained wp-block-group-is-layout-constrained\" style=\"background:linear-gradient(180deg,rgb(240,240,240) 0%,rgb(255,255,255) 100%);margin-bottom:var(--wp--preset--spacing--100);padding-top:var(--wp--preset--spacing--25);padding-bottom:0\">\n<div class=\"wp-block-group is-style-content-narrow has-white-color has-text-color has-link-color wp-elements-8f2a236b7f4603709a61688f44825f2e has-global-padding is-layout-constrained wp-block-group-is-layout-constrained\">\n<p class=\"has-text-align-center has-pinetree-color has-text-color has-link-color wp-elements-d2362e20aca7000244b997b78ec4ad40\"><strong>JVD zu w\u00e4hlen hei\u00dft, Teil eines franz\u00f6sischen Unternehmens mit menschlicher Gr\u00f6\u00dfe zu werden, in dem kollektive Intelligenz unsere gr\u00f6\u00dfte St\u00e4rke ist.<\/strong><br>Hier hat jeder die M\u00f6glichkeit, sich einzubringen, Ideen vorzuschlagen und Innovationen voranzutreiben. Bei uns zu arbeiten bedeutet auch, Teil eines engagierten und wertsch\u00e4tzenden Teams zu sein, das mehr als nur Ziele teilt: eine gemeinsame Vision davon, wie ein modernes, verantwortungsbewusstes und lebendiges Unternehmen aussehen kann.<\/p>\n\n\n\n<p class=\"has-text-align-center has-pinetree-color has-text-color has-link-color wp-elements-ebe9c8a1e952c46db2bd1b634b0b159e\"><strong>Bereit, Teil dieses Abenteuers zu werden?<\/strong><\/p>\n\n\n\n<p>Alors<\/p>\n\n\n\n<div class=\"wp-block-buttons is-content-justification-center is-layout-flex wp-container-core-buttons-is-layout-c3d5205c wp-block-buttons-is-layout-flex\" style=\"margin-top:0;margin-bottom:0\">\n<div class=\"wp-block-button\"><a class=\"wp-block-button__link wp-element-button\" href=\"https:\/\/fr.indeed.com\/cmp\/Jvd\">Unsere Stellenangebote ansehen<\/a><\/div>\n<\/div>\n<\/div>\n<\/div>\n\n\n\n<div class=\"wp-block-group has-lightgrey-background-color has-background has-global-padding is-layout-constrained wp-container-core-group-is-layout-92aa3f89 wp-block-group-is-layout-constrained\" style=\"border-radius:25px;margin-top:0;margin-bottom:var(--wp--preset--spacing--125);padding-top:var(--wp--preset--spacing--75);padding-right:var(--wp--preset--spacing--75);padding-bottom:var(--wp--preset--spacing--75);padding-left:var(--wp--preset--spacing--75)\">\n<h2 class=\"wp-block-heading\"><strong>Keine passende Stelle f\u00fcr Ihr Profil gefunden?<\/strong><\/h2>\n\n\n\n<p>Wir sind st\u00e4ndig auf der Suche nach talentierten und engagierten Pers\u00f6nlichkeiten, die unser Team bereichern. Wenn Sie neue Herausforderungen in einem inspirierenden Umfeld in der N\u00e4he des Zentrums von Nantes suchen, z\u00f6gern Sie nicht, uns Ihre Bewerbung zu schicken!<\/p>\n\n\n\n<div class=\"wp-block-buttons is-content-justification-center is-layout-flex wp-container-core-buttons-is-layout-a89b3969 wp-block-buttons-is-layout-flex\">\n<div class=\"wp-block-button is-style-secondary-button\"><a class=\"wp-block-button__link has-pinetree-color has-text-color has-link-color has-text-align-center wp-element-button\" style=\"padding-right:var(--wp--preset--spacing--25);padding-left:var(--wp--preset--spacing--25)\">Initiativbewerbung einreichen<\/a><\/div>\n<\/div>\n<\/div>\n\n\n\n<div class=\"wp-block-columns is-layout-flex wp-container-core-columns-is-layout-5f27276b wp-block-columns-is-layout-flex\" style=\"margin-top:0;margin-bottom:var(--wp--preset--spacing--100)\">\n<div class=\"wp-block-column is-layout-flow wp-block-column-is-layout-flow\">\n<figure class=\"wp-block-image size-landscape-small has-custom-border is-style-rounded\" style=\"margin-top:0;margin-right:0;margin-bottom:0;margin-left:0\"><img loading=\"lazy\" decoding=\"async\" width=\"600\" height=\"400\" src=\"https:\/\/www.jvd.fr\/wp-content\/uploads\/2025\/06\/collaborateurs-jvd-au-forum-600x400.jpg\" alt=\"\" class=\"wp-image-5374\" style=\"border-radius:20px;object-fit:cover\"\/><\/figure>\n<\/div>\n\n\n\n<div class=\"wp-block-column is-vertically-aligned-center is-layout-flow wp-block-column-is-layout-flow\" style=\"border-style:none;border-width:0px\">\n<h2 class=\"wp-block-heading\">JVD in Zahlen:<\/h2>\n\n\n\n<ul class=\"wp-block-list\">\n<li>Gegr\u00fcndet 1984 in Nantes<\/li>\n\n\n\n<li>\u00dcber 130 Mitarbeitende weltweit, davon 70 in Frankreich<\/li>\n\n\n\n<li>Geschlechterverteilung: 55 % M\u00e4nner, 45 % Frauen<\/li>\n\n\n\n<li>Durchschnittsalter: 42 Jahre<\/li>\n<\/ul>\n<\/div>\n<\/div>\n\n\n\n<div class=\"wp-block-group has-global-padding is-layout-constrained wp-block-group-is-layout-constrained\" style=\"margin-top:var(--wp--preset--spacing--75)\">\n<h2 class=\"wp-block-heading has-text-align-center\">Unsere Werte<\/h2>\n\n\n\n<div id=\"wp-block-jvd-cards-block_8dcab044fc766773a2dd0d9e6fc86ff0\" style=\"margin-bottom:var(--wp--preset--spacing--100);\" class=\"wp-block-jvd-cards align wp-block-acf-cards\">\n\t    <div class=\"jvd-cards\" data-display=\"grid\" data-columns=\"4\" data-count=\"4\" data-parity=\"even\">\n\t\t        <div class=\"jvd-card\" data-link=\"0\" data-img-ratio=\"square\" data-text-pos=\"under\">\n            <figure class=\"jvd-card__img\">\n\t\t\t                    <img decoding=\"async\" src=\"https:\/\/www.jvd.fr\/wp-content\/uploads\/2025\/06\/equipe-jvd-esprit-dentreprendre-600x600.jpg\" width=\"600\" height=\"600\" alt=\"\u00e9quipe Jvd Esprit D&#039;entreprendre\" loading=\"lazy\" \/>\n\t\t\t                <\/figure>\n            <div class=\"jvd-card__content\">\n                <h3 class=\"jvd-card__title\">Respekt<\/h3>                                <p class=\"jvd-card__text\">Von unseren Mitarbeitenden, Kunden, Partnern und der Umwelt.<\/p>\n                            <\/div>\n        <\/div>\n\t\t        <div class=\"jvd-card\" data-link=\"0\" data-img-ratio=\"square\" data-text-pos=\"under\">\n            <figure class=\"jvd-card__img\">\n\t\t\t                    <img decoding=\"async\" src=\"https:\/\/www.jvd.fr\/wp-content\/uploads\/2025\/03\/jvd-produits-reconditionnes-600x600.jpg\" width=\"600\" height=\"600\" alt=\"\" loading=\"lazy\" \/>\n\t\t\t                <\/figure>\n            <div class=\"jvd-card__content\">\n                <h3 class=\"jvd-card__title\">Vertrauen<\/h3>                                <p class=\"jvd-card__text\">Eine solide Grundlage f\u00fcr all unsere nachhaltigen Beziehungen.<\/p>\n                            <\/div>\n        <\/div>\n\t\t        <div class=\"jvd-card\" data-link=\"0\" data-img-ratio=\"square\" data-text-pos=\"under\">\n            <figure class=\"jvd-card__img\">\n\t\t\t                    <img decoding=\"async\" src=\"https:\/\/www.jvd.fr\/wp-content\/uploads\/2025\/06\/entreprendre-produits-jvd-600x600.jpg\" width=\"600\" height=\"600\" alt=\"Entreprendre Produits Jvd\" loading=\"lazy\" \/>\n\t\t\t                <\/figure>\n            <div class=\"jvd-card__content\">\n                <h3 class=\"jvd-card__title\">Innovation<\/h3>                                <p class=\"jvd-card__text\">Im Dienst des Wohlbefindens und der Nachhaltigkeit.<\/p>\n                            <\/div>\n        <\/div>\n\t\t        <div class=\"jvd-card\" data-link=\"0\" data-img-ratio=\"square\" data-text-pos=\"under\">\n            <figure class=\"jvd-card__img\">\n\t\t\t                    <img decoding=\"async\" src=\"https:\/\/www.jvd.fr\/wp-content\/uploads\/2025\/06\/jvd-et-association-telemaque-600x600.jpg\" width=\"600\" height=\"600\" alt=\"JVD Et Association T\u00e9l\u00e9maque\" loading=\"lazy\" \/>\n\t\t\t                <\/figure>\n            <div class=\"jvd-card__content\">\n                <h3 class=\"jvd-card__title\">Engagement<\/h3>                                <p class=\"jvd-card__text\">F\u00fcr die Gesellschaft und zuk\u00fcnftige Generationen.<\/p>\n                            <\/div>\n        <\/div>\n\t\t    <\/div>\n    <\/div>\n<\/div>\n\n\n\n<div class=\"wp-block-group has-global-padding is-layout-constrained wp-block-group-is-layout-constrained\" style=\"margin-bottom:var(--wp--preset--spacing--100)\">\n<h2 class=\"wp-block-heading has-text-align-center\">Das Leben bei JVD<\/h2>\n\n\n\n<div class=\"wp-block-columns is-layout-flex wp-container-core-columns-is-layout-44baa2fd wp-block-columns-is-layout-flex\" style=\"margin-top:var(--wp--preset--spacing--50);margin-bottom:var(--wp--preset--spacing--50)\">\n<div class=\"wp-block-column is-layout-flow wp-block-column-is-layout-flow\">\n<figure class=\"wp-block-image size-landscape-small has-custom-border is-style-rounded\" style=\"margin-top:0;margin-right:0;margin-bottom:0;margin-left:0\"><img loading=\"lazy\" decoding=\"async\" width=\"600\" height=\"400\" src=\"https:\/\/www.jvd.fr\/wp-content\/uploads\/2025\/06\/espace-detente-jvd-600x400.jpg\" alt=\"\" class=\"wp-image-5684\" style=\"border-radius:20px;object-fit:cover\" srcset=\"https:\/\/www.jvd.fr\/wp-content\/uploads\/2025\/06\/espace-detente-jvd-600x400.jpg 600w, https:\/\/www.jvd.fr\/wp-content\/uploads\/2025\/06\/espace-detente-jvd-105x70.jpg 105w, https:\/\/www.jvd.fr\/wp-content\/uploads\/2025\/06\/espace-detente-jvd.jpg 1200w\" sizes=\"auto, (max-width: 600px) 100vw, 600px\" \/><\/figure>\n<\/div>\n\n\n\n<div class=\"wp-block-column is-vertically-aligned-center is-layout-flow wp-block-column-is-layout-flow\" style=\"border-style:none;border-width:0px\">\n<h3 class=\"wp-block-heading\"><strong>Entspannungsbereiche<\/strong><\/h3>\n\n\n\n<p>Der Rep\u2019air ist ein echter Treffpunkt f\u00fcr Mitarbeitende w\u00e4hrend der Mittagspause oder bei einer Tasse Kaffee. Er bietet die M\u00f6glichkeit, sich zu treffen, auszuruhen und gemeinsam Spa\u00df zu haben.<\/p>\n\n\n\n<p>Der Raum verf\u00fcgt \u00fcber eine voll ausgestattete K\u00fcche mit Mikrowellen, K\u00fchlschr\u00e4nken, einem Ofen und Kochplatten f\u00fcr alle, die gerne kochen. Zur Entspannung stehen Darts, Boccia, Tischtennisschl\u00e4ger und Kartenspiele bereit.<\/p>\n<\/div>\n<\/div>\n\n\n\n<div class=\"wp-block-columns is-layout-flex wp-container-core-columns-is-layout-44baa2fd wp-block-columns-is-layout-flex\" style=\"margin-top:var(--wp--preset--spacing--50);margin-bottom:var(--wp--preset--spacing--50)\">\n<div class=\"wp-block-column is-vertically-aligned-center is-layout-flow wp-block-column-is-layout-flow\" style=\"border-style:none;border-width:0px\">\n<h3 class=\"wp-block-heading\"><strong>Und Zusammenarbeit<\/strong><\/h3>\n\n\n\n<p style=\"border-radius:38px\">Ganz in der N\u00e4he ist das Imagin\u2019air ein Arbeitsumfeld, das von und f\u00fcr Mitarbeitende gestaltet wurde. Es bietet Platz f\u00fcr viele Personen zu verschiedenen Themen, f\u00fcr kollaborative Meetings und verf\u00fcgt \u00fcber einen Bereich zur Pr\u00e4sentation der JVD-Produkte.<\/p>\n\n\n\n<div class=\"wp-block-buttons is-layout-flex wp-block-buttons-is-layout-flex\">\n<div class=\"wp-block-button is-style-fill\"><a class=\"wp-block-button__link wp-element-button\" href=\"https:\/\/www.youtube.com\/watch?v=OJTP3QcURRA\" target=\"_blank\" rel=\"noreferrer noopener\">Einf\u00fchrungsvideo ansehen<\/a><\/div>\n<\/div>\n<\/div>\n\n\n\n<div class=\"wp-block-column is-layout-flow wp-block-column-is-layout-flow\">\n<figure class=\"wp-block-image size-landscape-small has-custom-border is-style-rounded\" style=\"margin-top:0;margin-right:0;margin-bottom:0;margin-left:0\"><img loading=\"lazy\" decoding=\"async\" width=\"600\" height=\"400\" src=\"https:\/\/www.jvd.fr\/wp-content\/uploads\/2025\/06\/jvd-imaginaire-espace-collaboration-et-reunion-1-600x400.jpg\" alt=\"JVD Imaginaire Espace Collaboration Et R\u00e9union\" class=\"wp-image-5693\" style=\"border-radius:20px;object-fit:cover\"\/><\/figure>\n<\/div>\n<\/div>\n<\/div>\n\n\n\n<div class=\"wp-block-group has-global-padding is-layout-constrained wp-block-group-is-layout-constrained\" style=\"margin-bottom:var(--wp--preset--spacing--125)\">\n<h2 class=\"wp-block-heading has-text-align-center\">H\u00e4ufig gestellte Fragen<\/h2>\n\n\n\n<div id=\"wp-block-jvd-faq-block_005d3cd52a5dc8f85055153914d04756\" class=\"wp-block-jvd-faq align wp-block-acf-faq\">\n\t<div class=\"jvd-faq\">\n\t\t\t\t<div class=\"jvd-faq__item\" itemscope itemprop=\"mainEntity\" itemtype=\"https:\/\/schema.org\/Question\">\n\t\t\t<div class=\"jvd-faq__question\" itemprop=\"name\">\n\t\t\t\t<span>Wie sieht der Bewerbungsprozess bei JVD aus?<\/span>\n\t\t\t\t<button type=\"button\">\n\t\t\t\t\t<svg width=\"20\" height=\"20\" aria-hidden=\"true\" role=\"presentation\"><use xlink:href=\"#chevron-down\"\/><\/svg>\n\t\t\t\t<\/button>\n\t\t\t<\/div>\n\t\t\t<div class=\"jvd-faq__answer\" itemscope itemprop=\"acceptedAnswer\" itemtype=\"https:\/\/schema.org\/Answer\">\n\t\t\t\t<p>Der Ablauf variiert je nach Abteilung, folgt jedoch im Allgemeinen einer \u00e4hnlichen Struktur. Zun\u00e4chst gibt es ein telefonisches Erstgespr\u00e4ch zum gegenseitigen Kennenlernen. Danach folgt ein Vorstellungsgespr\u00e4ch mit der Abteilungsleitung, entweder pers\u00f6nlich oder per Videoanruf. Abschlie\u00dfend laden wir Sie zu einem zweiten Gespr\u00e4ch in unsere B\u00fcros ein, bei dem Sie den\/die Personalverantwortliche<em data-start=\"941\" data-end=\"974\">n oder den\/die Abteilungsleiter<\/em>in treffen.<\/p>\n\t\t\t<\/div>\n\t\t<\/div>\n\t\t\t\t<div class=\"jvd-faq__item\" itemscope itemprop=\"mainEntity\" itemtype=\"https:\/\/schema.org\/Question\">\n\t\t\t<div class=\"jvd-faq__question\" itemprop=\"name\">\n\t\t\t\t<span>Wie werden neue Mitarbeitende eingearbeitet?<\/span>\n\t\t\t\t<button type=\"button\">\n\t\t\t\t\t<svg width=\"20\" height=\"20\" aria-hidden=\"true\" role=\"presentation\"><use xlink:href=\"#chevron-down\"\/><\/svg>\n\t\t\t\t<\/button>\n\t\t\t<\/div>\n\t\t\t<div class=\"jvd-faq__answer\" itemscope itemprop=\"acceptedAnswer\" itemtype=\"https:\/\/schema.org\/Answer\">\n\t\t\t\t<p data-start=\"2869\" data-end=\"3044\">Ab deinem ersten Tag steht dein Arbeitsplatz in deiner Abteilung bereit. Bei einer B\u00fcrof\u00fchrung lernst du deine Kolleginnen und Kollegen kennen.<\/p>\n<p data-start=\"2869\" data-end=\"3044\"><br data-start=\"722\" data-end=\"725\" \/>In den darauffolgenden Tagen verbringst du Zeit mit verschiedenen Teams, um unser Unternehmen und seine Abl\u00e4ufe besser zu verstehen. Und gem\u00e4\u00df einer Tradition bei JVD wirst du eines unserer Produkte selbst montieren \u2013 ein symbolischer Moment, der deinen Einstieg in die Welt von \u201eMade in Rez\u00e9\u201c markiert.<\/p>\n\t\t\t<\/div>\n\t\t<\/div>\n\t\t\t\t<div class=\"jvd-faq__item\" itemscope itemprop=\"mainEntity\" itemtype=\"https:\/\/schema.org\/Question\">\n\t\t\t<div class=\"jvd-faq__question\" itemprop=\"name\">\n\t\t\t\t<span>Kann ich remote \/ im Homeoffice arbeiten?<\/span>\n\t\t\t\t<button type=\"button\">\n\t\t\t\t\t<svg width=\"20\" height=\"20\" aria-hidden=\"true\" role=\"presentation\"><use xlink:href=\"#chevron-down\"\/><\/svg>\n\t\t\t\t<\/button>\n\t\t\t<\/div>\n\t\t\t<div class=\"jvd-faq__answer\" itemscope itemprop=\"acceptedAnswer\" itemtype=\"https:\/\/schema.org\/Answer\">\n\t\t\t\t<p>In den letzten Jahren hat die Digitalisierung unserer Arbeitsmittel neue M\u00f6glichkeiten geschaffen, Beruf und Privatleben besser zu vereinbaren. Bei JVD k\u00f6nnen berechtigte Mitarbeitende bis zu zwei Tage pro Woche remote arbeiten.<\/p>\n\t\t\t<\/div>\n\t\t<\/div>\n\t\t\t\t<div class=\"jvd-faq__item\" itemscope itemprop=\"mainEntity\" itemtype=\"https:\/\/schema.org\/Question\">\n\t\t\t<div class=\"jvd-faq__question\" itemprop=\"name\">\n\t\t\t\t<span>Muss ich Englisch oder andere Sprachen sprechen k\u00f6nnen?<\/span>\n\t\t\t\t<button type=\"button\">\n\t\t\t\t\t<svg width=\"20\" height=\"20\" aria-hidden=\"true\" role=\"presentation\"><use xlink:href=\"#chevron-down\"\/><\/svg>\n\t\t\t\t<\/button>\n\t\t\t<\/div>\n\t\t\t<div class=\"jvd-faq__answer\" itemscope itemprop=\"acceptedAnswer\" itemtype=\"https:\/\/schema.org\/Answer\">\n\t\t\t\t<p>Aufgrund unserer internationalen Ausrichtung erfordern einige Positionen flie\u00dfende Kenntnisse in einer oder mehreren Fremdsprachen wie Englisch, Spanisch oder Deutsch. Allerdings ist nicht jede Stelle mehrsprachig ausgerichtet \u2013 f\u00fcr viele Rollen sind Franz\u00f6sischkenntnisse ausreichend.<\/p>\n\t\t\t<\/div>\n\t\t<\/div>\n\t\t\t\t<div class=\"jvd-faq__item\" itemscope itemprop=\"mainEntity\" itemtype=\"https:\/\/schema.org\/Question\">\n\t\t\t<div class=\"jvd-faq__question\" itemprop=\"name\">\n\t\t\t\t<span>Wo befinden sich die B\u00fcros? Sind sie mit \u00f6ffentlichen Verkehrsmitteln erreichbar?<\/span>\n\t\t\t\t<button type=\"button\">\n\t\t\t\t\t<svg width=\"20\" height=\"20\" aria-hidden=\"true\" role=\"presentation\"><use xlink:href=\"#chevron-down\"\/><\/svg>\n\t\t\t\t<\/button>\n\t\t\t<\/div>\n\t\t\t<div class=\"jvd-faq__answer\" itemscope itemprop=\"acceptedAnswer\" itemtype=\"https:\/\/schema.org\/Answer\">\n\t\t\t\t<p data-start=\"683\" data-end=\"1167\">JVD befindet sich in der Rue des Br\u00e8ches 3 in Rez\u00e9, nur wenige Schritte von der \u00cele de Nantes und nur 10 Minuten vom Stadtzentrum entfernt. Unser Standort ist gut mit \u00f6ffentlichen Verkehrsmitteln erreichbar: Die Buslinie 36 h\u00e4lt 200 Meter entfernt, und die Stra\u00dfenbahnlinien 2 und 3 (Haltestelle Pont-Rousseau) sind etwa 20 Gehminuten entfernt. Das Viertel entwickelt sich weiter, und neue Stra\u00dfenbahnlinien, die f\u00fcr 2027 geplant sind, werden den Weg zur Arbeit noch einfacher machen.<\/p>\n<p data-start=\"1169\" data-end=\"1365\">Wir haben auch einen Standort in Aix-les-Bains in Savoyen, zusammen mit Hygitec, unserer Abteilung, die sich auf Hygiene- und Reinigungsl\u00f6sungen f\u00fcr pers\u00f6nliche Schutzausr\u00fcstung spezialisiert hat.<\/p>\n\t\t\t<\/div>\n\t\t<\/div>\n\t\t\t<\/div>\n<\/div>\n<\/div>\n\n\n\n<div id=\"wp-block-jvd-cards-block_2851fa24434abeae5ee2eb7cce220c0e\" class=\"wp-block-jvd-cards align wp-block-acf-cards\">\n\t    <div class=\"jvd-cards\" data-display=\"mosaic\" data-columns=\"0\" data-count=\"8\" data-parity=\"even\">\n\t\t        <div class=\"jvd-card\" data-link=\"0\" data-img-ratio=\"square\" data-text-pos=\"under\">\n            <figure class=\"jvd-card__img\">\n\t\t\t                    <img decoding=\"async\" src=\"https:\/\/www.jvd.fr\/wp-content\/uploads\/2025\/06\/batiment-jvd-a-reze-600x600.jpg\" width=\"600\" height=\"600\" alt=\"\" loading=\"lazy\" \/>\n\t\t\t                <\/figure>\n            <div class=\"jvd-card__content\">\n                                            <\/div>\n        <\/div>\n\t\t        <div class=\"jvd-card\" data-link=\"0\" data-img-ratio=\"square\" data-text-pos=\"under\">\n            <figure class=\"jvd-card__img\">\n\t\t\t                    <img decoding=\"async\" src=\"https:\/\/www.jvd.fr\/wp-content\/uploads\/2025\/06\/fabrication-sur-le-site-de-reze-de-jvd-600x600.jpg\" width=\"600\" height=\"600\" alt=\"\" loading=\"lazy\" \/>\n\t\t\t                <\/figure>\n            <div class=\"jvd-card__content\">\n                                            <\/div>\n        <\/div>\n\t\t        <div class=\"jvd-card\" data-link=\"0\" data-img-ratio=\"square\" data-text-pos=\"under\">\n            <figure class=\"jvd-card__img\">\n\t\t\t                    <img decoding=\"async\" src=\"https:\/\/www.jvd.fr\/wp-content\/uploads\/2025\/06\/gallerie-photos-espaces-detentes-jvd-600x600.jpg\" width=\"600\" height=\"600\" alt=\"\" loading=\"lazy\" \/>\n\t\t\t                <\/figure>\n            <div class=\"jvd-card__content\">\n                                            <\/div>\n        <\/div>\n\t\t        <div class=\"jvd-card\" data-link=\"0\" data-img-ratio=\"square\" data-text-pos=\"under\">\n            <figure class=\"jvd-card__img\">\n\t\t\t                    <img decoding=\"async\" src=\"https:\/\/www.jvd.fr\/wp-content\/uploads\/2025\/06\/made-in-france-jvd-600x600.jpg\" width=\"600\" height=\"600\" alt=\"\" loading=\"lazy\" \/>\n\t\t\t                <\/figure>\n            <div class=\"jvd-card__content\">\n                                            <\/div>\n        <\/div>\n\t\t        <div class=\"jvd-card\" data-link=\"0\" data-img-ratio=\"square\" data-text-pos=\"under\">\n            <figure class=\"jvd-card__img\">\n\t\t\t                    <img decoding=\"async\" src=\"https:\/\/www.jvd.fr\/wp-content\/uploads\/2025\/06\/gallerie-photos-collaboratrices-600x600.jpg\" width=\"600\" height=\"600\" alt=\"\" loading=\"lazy\" \/>\n\t\t\t                <\/figure>\n            <div class=\"jvd-card__content\">\n                                            <\/div>\n        <\/div>\n\t\t        <div class=\"jvd-card\" data-link=\"0\" data-img-ratio=\"square\" data-text-pos=\"under\">\n            <figure class=\"jvd-card__img\">\n\t\t\t                    <img decoding=\"async\" src=\"https:\/\/www.jvd.fr\/wp-content\/uploads\/2025\/06\/gallerie-photos-produits-fabriques-en-france-600x600.jpg\" width=\"600\" height=\"600\" alt=\"\" loading=\"lazy\" \/>\n\t\t\t                <\/figure>\n            <div class=\"jvd-card__content\">\n                                            <\/div>\n        <\/div>\n\t\t        <div class=\"jvd-card\" data-link=\"0\" data-img-ratio=\"square\" data-text-pos=\"under\">\n            <figure class=\"jvd-card__img\">\n\t\t\t                    <img decoding=\"async\" src=\"https:\/\/www.jvd.fr\/wp-content\/uploads\/2025\/06\/collaborateurs-jvd-au-forum-600x600.jpg\" width=\"600\" height=\"600\" alt=\"\" loading=\"lazy\" \/>\n\t\t\t                <\/figure>\n            <div class=\"jvd-card__content\">\n                                            <\/div>\n        <\/div>\n\t\t        <div class=\"jvd-card\" data-link=\"0\" data-img-ratio=\"square\" data-text-pos=\"under\">\n            <figure class=\"jvd-card__img\">\n\t\t\t                    <img decoding=\"async\" src=\"https:\/\/www.jvd.fr\/wp-content\/uploads\/2025\/06\/gallerie-photos-salle-de-pause-600x600.jpg\" width=\"600\" height=\"600\" alt=\"\" loading=\"lazy\" \/>\n\t\t\t                <\/figure>\n            <div class=\"jvd-card__content\">\n                                            <\/div>\n        <\/div>\n\t\t    <\/div>\n    <\/div>\n","protected":false},"excerpt":{"rendered":"<p>JVD zu w\u00e4hlen hei\u00dft, Teil eines franz\u00f6sischen Unternehmens mit menschlicher Gr\u00f6\u00dfe zu werden, in dem kollektive Intelligenz unsere gr\u00f6\u00dfte St\u00e4rke ist.Hier hat jeder die M\u00f6glichkeit, sich einzubringen, Ideen vorzuschlagen und Innovationen voranzutreiben. Bei uns zu arbeiten bedeutet auch, Teil eines engagierten und wertsch\u00e4tzenden Teams zu sein, das mehr als nur Ziele teilt: eine gemeinsame Vision [&hellip;]<\/p>\n","protected":false},"author":1,"featured_media":35305,"parent":5086,"menu_order":0,"comment_status":"closed","ping_status":"closed","template":"","meta":{"_acf_changed":false,"content-type":"","_searchwp_excluded":"","inline_featured_image":false,"footnotes":""},"class_list":["post-10198","page","type-page","status-publish","has-post-thumbnail","hentry"],"acf":[],"yoast_head":"<!-- This site is optimized with the Yoast SEO plugin v27.1.1 - https:\/\/yoast.com\/product\/yoast-seo-wordpress\/ -->\n<title>Werde Teil unseres Teams - JVD<\/title>\n<meta name=\"description\" content=\"Werde Teil unseres Teams JVD \u2013 einem engagierten, innovativen Unternehmen mit starken Werten und vielf\u00e4ltigen Karrierem\u00f6glichkeiten.\" \/>\n<meta name=\"robots\" content=\"index, follow, max-snippet:-1, max-image-preview:large, max-video-preview:-1\" \/>\n<link rel=\"canonical\" href=\"https:\/\/www.jvd.fr\/de\/decouvrir-jvd\/werde-teil-unseres-teams\/\" \/>\n<meta property=\"og:locale\" content=\"de_DE\" \/>\n<meta property=\"og:type\" content=\"article\" \/>\n<meta property=\"og:title\" content=\"Werde Teil unseres Teams - JVD\" \/>\n<meta property=\"og:description\" content=\"Werde Teil unseres Teams JVD \u2013 einem engagierten, innovativen Unternehmen mit starken Werten und vielf\u00e4ltigen Karrierem\u00f6glichkeiten.\" \/>\n<meta property=\"og:url\" content=\"https:\/\/www.jvd.fr\/de\/decouvrir-jvd\/werde-teil-unseres-teams\/\" \/>\n<meta property=\"og:site_name\" content=\"JVD\" \/>\n<meta property=\"article:modified_time\" content=\"2025-09-17T12:48:24+00:00\" \/>\n<meta property=\"og:image\" content=\"https:\/\/www.jvd.fr\/wp-content\/uploads\/2025\/07\/equipe-jvd-2-1200x1200.jpg\" \/>\n\t<meta property=\"og:image:width\" content=\"1200\" \/>\n\t<meta property=\"og:image:height\" content=\"1200\" \/>\n\t<meta property=\"og:image:type\" content=\"image\/jpeg\" \/>\n<script type=\"application\/ld+json\" class=\"yoast-schema-graph\">{\"@context\":\"https:\/\/schema.org\",\"@graph\":[{\"@type\":\"WebPage\",\"@id\":\"https:\/\/www.jvd.fr\/de\/decouvrir-jvd\/werde-teil-unseres-teams\/\",\"url\":\"https:\/\/www.jvd.fr\/de\/decouvrir-jvd\/werde-teil-unseres-teams\/\",\"name\":\"Werde Teil unseres Teams - JVD\",\"isPartOf\":{\"@id\":\"https:\/\/www.jvd.fr\/de\/#website\"},\"primaryImageOfPage\":{\"@id\":\"https:\/\/www.jvd.fr\/de\/decouvrir-jvd\/werde-teil-unseres-teams\/#primaryimage\"},\"image\":{\"@id\":\"https:\/\/www.jvd.fr\/de\/decouvrir-jvd\/werde-teil-unseres-teams\/#primaryimage\"},\"thumbnailUrl\":\"https:\/\/www.jvd.fr\/wp-content\/uploads\/2025\/07\/equipe-jvd-2-scaled.jpg\",\"datePublished\":\"2025-06-10T08:22:08+00:00\",\"dateModified\":\"2025-09-17T12:48:24+00:00\",\"description\":\"Werde Teil unseres Teams JVD \u2013 einem engagierten, innovativen Unternehmen mit starken Werten und vielf\u00e4ltigen Karrierem\u00f6glichkeiten.\",\"breadcrumb\":{\"@id\":\"https:\/\/www.jvd.fr\/de\/decouvrir-jvd\/werde-teil-unseres-teams\/#breadcrumb\"},\"inLanguage\":\"de\",\"potentialAction\":[{\"@type\":\"ReadAction\",\"target\":[\"https:\/\/www.jvd.fr\/de\/decouvrir-jvd\/werde-teil-unseres-teams\/\"]}]},{\"@type\":\"ImageObject\",\"inLanguage\":\"de\",\"@id\":\"https:\/\/www.jvd.fr\/de\/decouvrir-jvd\/werde-teil-unseres-teams\/#primaryimage\",\"url\":\"https:\/\/www.jvd.fr\/wp-content\/uploads\/2025\/07\/equipe-jvd-2-scaled.jpg\",\"contentUrl\":\"https:\/\/www.jvd.fr\/wp-content\/uploads\/2025\/07\/equipe-jvd-2-scaled.jpg\",\"width\":2560,\"height\":1440},{\"@type\":\"BreadcrumbList\",\"@id\":\"https:\/\/www.jvd.fr\/de\/decouvrir-jvd\/werde-teil-unseres-teams\/#breadcrumb\",\"itemListElement\":[{\"@type\":\"ListItem\",\"position\":1,\"name\":\"Accueil\",\"item\":\"https:\/\/www.jvd.fr\/de\/\"},{\"@type\":\"ListItem\",\"position\":2,\"name\":\"JVD entdecken\",\"item\":\"https:\/\/www.jvd.fr\/de\/decouvrir-jvd\/\"},{\"@type\":\"ListItem\",\"position\":3,\"name\":\"Werde Teil unseres Teams\"}]},{\"@type\":\"WebSite\",\"@id\":\"https:\/\/www.jvd.fr\/de\/#website\",\"url\":\"https:\/\/www.jvd.fr\/de\/\",\"name\":\"JVD\",\"description\":\"Products that care\",\"potentialAction\":[{\"@type\":\"SearchAction\",\"target\":{\"@type\":\"EntryPoint\",\"urlTemplate\":\"https:\/\/www.jvd.fr\/de\/?s={search_term_string}\"},\"query-input\":{\"@type\":\"PropertyValueSpecification\",\"valueRequired\":true,\"valueName\":\"search_term_string\"}}],\"inLanguage\":\"de\"}]}<\/script>\n<!-- \/ Yoast SEO plugin. -->","yoast_head_json":{"title":"Werde Teil unseres Teams - JVD","description":"Werde Teil unseres Teams JVD \u2013 einem engagierten, innovativen Unternehmen mit starken Werten und vielf\u00e4ltigen Karrierem\u00f6glichkeiten.","robots":{"index":"index","follow":"follow","max-snippet":"max-snippet:-1","max-image-preview":"max-image-preview:large","max-video-preview":"max-video-preview:-1"},"canonical":"https:\/\/www.jvd.fr\/de\/decouvrir-jvd\/werde-teil-unseres-teams\/","og_locale":"de_DE","og_type":"article","og_title":"Werde Teil unseres Teams - JVD","og_description":"Werde Teil unseres Teams JVD \u2013 einem engagierten, innovativen Unternehmen mit starken Werten und vielf\u00e4ltigen Karrierem\u00f6glichkeiten.","og_url":"https:\/\/www.jvd.fr\/de\/decouvrir-jvd\/werde-teil-unseres-teams\/","og_site_name":"JVD","article_modified_time":"2025-09-17T12:48:24+00:00","og_image":[{"width":1200,"height":1200,"url":"https:\/\/www.jvd.fr\/wp-content\/uploads\/2025\/07\/equipe-jvd-2-1200x1200.jpg","type":"image\/jpeg"}],"schema":{"@context":"https:\/\/schema.org","@graph":[{"@type":"WebPage","@id":"https:\/\/www.jvd.fr\/de\/decouvrir-jvd\/werde-teil-unseres-teams\/","url":"https:\/\/www.jvd.fr\/de\/decouvrir-jvd\/werde-teil-unseres-teams\/","name":"Werde Teil unseres Teams - JVD","isPartOf":{"@id":"https:\/\/www.jvd.fr\/de\/#website"},"primaryImageOfPage":{"@id":"https:\/\/www.jvd.fr\/de\/decouvrir-jvd\/werde-teil-unseres-teams\/#primaryimage"},"image":{"@id":"https:\/\/www.jvd.fr\/de\/decouvrir-jvd\/werde-teil-unseres-teams\/#primaryimage"},"thumbnailUrl":"https:\/\/www.jvd.fr\/wp-content\/uploads\/2025\/07\/equipe-jvd-2-scaled.jpg","datePublished":"2025-06-10T08:22:08+00:00","dateModified":"2025-09-17T12:48:24+00:00","description":"Werde Teil unseres Teams JVD \u2013 einem engagierten, innovativen Unternehmen mit starken Werten und vielf\u00e4ltigen Karrierem\u00f6glichkeiten.","breadcrumb":{"@id":"https:\/\/www.jvd.fr\/de\/decouvrir-jvd\/werde-teil-unseres-teams\/#breadcrumb"},"inLanguage":"de","potentialAction":[{"@type":"ReadAction","target":["https:\/\/www.jvd.fr\/de\/decouvrir-jvd\/werde-teil-unseres-teams\/"]}]},{"@type":"ImageObject","inLanguage":"de","@id":"https:\/\/www.jvd.fr\/de\/decouvrir-jvd\/werde-teil-unseres-teams\/#primaryimage","url":"https:\/\/www.jvd.fr\/wp-content\/uploads\/2025\/07\/equipe-jvd-2-scaled.jpg","contentUrl":"https:\/\/www.jvd.fr\/wp-content\/uploads\/2025\/07\/equipe-jvd-2-scaled.jpg","width":2560,"height":1440},{"@type":"BreadcrumbList","@id":"https:\/\/www.jvd.fr\/de\/decouvrir-jvd\/werde-teil-unseres-teams\/#breadcrumb","itemListElement":[{"@type":"ListItem","position":1,"name":"Accueil","item":"https:\/\/www.jvd.fr\/de\/"},{"@type":"ListItem","position":2,"name":"JVD entdecken","item":"https:\/\/www.jvd.fr\/de\/decouvrir-jvd\/"},{"@type":"ListItem","position":3,"name":"Werde Teil unseres Teams"}]},{"@type":"WebSite","@id":"https:\/\/www.jvd.fr\/de\/#website","url":"https:\/\/www.jvd.fr\/de\/","name":"JVD","description":"Products that care","potentialAction":[{"@type":"SearchAction","target":{"@type":"EntryPoint","urlTemplate":"https:\/\/www.jvd.fr\/de\/?s={search_term_string}"},"query-input":{"@type":"PropertyValueSpecification","valueRequired":true,"valueName":"search_term_string"}}],"inLanguage":"de"}]}},"_links":{"self":[{"href":"https:\/\/www.jvd.fr\/de\/wp-json\/wp\/v2\/pages\/10198","targetHints":{"allow":["GET"]}}],"collection":[{"href":"https:\/\/www.jvd.fr\/de\/wp-json\/wp\/v2\/pages"}],"about":[{"href":"https:\/\/www.jvd.fr\/de\/wp-json\/wp\/v2\/types\/page"}],"author":[{"embeddable":true,"href":"https:\/\/www.jvd.fr\/de\/wp-json\/wp\/v2\/users\/1"}],"replies":[{"embeddable":true,"href":"https:\/\/www.jvd.fr\/de\/wp-json\/wp\/v2\/comments?post=10198"}],"version-history":[{"count":3,"href":"https:\/\/www.jvd.fr\/de\/wp-json\/wp\/v2\/pages\/10198\/revisions"}],"predecessor-version":[{"id":59981,"href":"https:\/\/www.jvd.fr\/de\/wp-json\/wp\/v2\/pages\/10198\/revisions\/59981"}],"up":[{"embeddable":true,"href":"https:\/\/www.jvd.fr\/de\/wp-json\/wp\/v2\/pages\/5086"}],"wp:featuredmedia":[{"embeddable":true,"href":"https:\/\/www.jvd.fr\/de\/wp-json\/wp\/v2\/media\/35305"}],"wp:attachment":[{"href":"https:\/\/www.jvd.fr\/de\/wp-json\/wp\/v2\/media?parent=10198"}],"curies":[{"name":"wp","href":"https:\/\/api.w.org\/{rel}","templated":true}]}}