{"id":1696,"date":"2025-04-22T15:50:08","date_gmt":"2025-04-22T13:50:08","guid":{"rendered":"https:\/\/jvdwoo2025.dnstemporaire.fr\/activite\/offentlicher-sektor-kommunen\/"},"modified":"2025-09-10T10:52:56","modified_gmt":"2025-09-10T08:52:56","slug":"offentlicher-sektor-kommunen","status":"publish","type":"activity","link":"https:\/\/www.jvd.fr\/de\/aktivitat\/offentlicher-sektor-kommunen\/","title":{"rendered":"Verwaltung und \u00f6ffentliche Einrichtungen"},"content":{"rendered":"\n<div id=\"wp-block-jvd-banner-block_069a3f7b8e9b5d1259dfbedc14b39a3f\" style=\"margin-bottom:var(--wp--preset--spacing--100);\" class=\"wp-block-jvd-banner aligncenter aligncenter wp-block-acf-banner\">\n    <div class=\"jvd-banner\">\n                        <figure class=\"jvd-banner__img\" data-gradient=\"1\">\n            <img decoding=\"async\" src=\"https:\/\/www.jvd.fr\/wp-content\/uploads\/2025\/05\/administration-collectivite-public-jvd-1200x800.jpg\" width=\"1200\" height=\"800\" alt=\"Administration et collectivit\u00e9s - JVD\" loading=\"lazy\" \/>\n        <\/figure>\n\t                    <div class=\"jvd-banner__content\" data-halign=\"center\" data-valign=\"bottom\">\n                                                            <a href=\"https:\/\/www.jvd.fr\/de\/produkt-aktivitat\/offentlicher-sektor-kommunen-de\/\" class=\"btn btn--mint\" target=\"\">Produkte entdecken<\/a>\n                    <\/div>\n            <\/div>\n<\/div>\n\n\n<div class=\"wp-block-group is-layout-flow wp-block-group-is-layout-flow\" style=\"margin-top:0;margin-bottom:var(--wp--preset--spacing--100)\">\n<h2 class=\"wp-block-heading\"><strong>Hygiene als \u00f6ffentliche Priorit\u00e4t<\/strong><\/h2>\n\n\n\n<div class=\"wp-block-columns is-layout-flex wp-container-core-columns-is-layout-b49b463b wp-block-columns-is-layout-flex\" style=\"padding-top:0;padding-bottom:0\">\n<div class=\"wp-block-column is-layout-flow wp-block-column-is-layout-flow\">\n<p>Kommunen und Verwaltungen stehen an vorderster Front, wenn es darum geht, gesunde, zug\u00e4ngliche und nachhaltige Umgebungen f\u00fcr B\u00fcrgerinnen und B\u00fcrger sowie Mitarbeitende zu schaffen. Schulen, Rath\u00e4user, Sporthallen, Kulturzentren, Verwaltungsgeb\u00e4ude oder \u00f6ffentlich zug\u00e4ngliche Einrichtungen \u2013 jeder Ort stellt hohe Anforderungen an Hygiene, Sicherheit und Zuverl\u00e4ssigkeit.<\/p>\n\n\n\n<p>Die Ausstattung muss robust, pflegeleicht und langlebig sein \u2013 und dabei den aktuellen Umweltstandards gerecht werden. Die Reduzierung des CO\u2082-Fu\u00dfabdrucks ist zu einem entscheidenden Kriterium bei der Auswahl von Partnern geworden.<\/p>\n<\/div>\n\n\n\n<div class=\"wp-block-column is-layout-flow wp-block-column-is-layout-flow\">\n<p style=\"padding-top:0;padding-bottom:0\">Bei JVD begleiten wir Kommunen und \u00f6ffentliche Institutionen mit nachhaltigen, innovativen Hygienel\u00f6sungen, die in Frankreich entwickelt wurden. Unsere Expertise basiert auf \u00fcber 40 Jahren Erfahrung im Dienst der anspruchsvollsten Einrichtungen. Wir entwickeln Produkte mit echtem Mehrwert \u2013 von Papier- oder Desinfektionsmittelspendern \u00fcber H\u00e4ndetrockner bis hin zu Luftreinigern und Desinfektionsl\u00f6sungen.<br>Mit JVD w\u00e4hlen Sie einen vertrauensw\u00fcrdigen Partner, der sich f\u00fcr eine verantwortungsvolle Fertigung einsetzt und die Anforderungen des \u00f6ffentlichen Dienstes versteht.<\/p>\n<\/div>\n<\/div>\n<\/div>\n\n\n\n<div class=\"wp-block-group is-layout-flow wp-block-group-is-layout-flow\" style=\"margin-bottom:var(--wp--preset--spacing--100)\">\n<h2 class=\"wp-block-heading has-text-align-center\" style=\"padding-top:var(--wp--preset--spacing--25);padding-bottom:var(--wp--preset--spacing--25)\">Welche Hygienel\u00f6sungen eignen sich f\u00fcr \u00f6ffentliche Einrichtungen?<\/h2>\n\n\n\n<div id=\"wp-block-jvd-cards-block_ca7cfa9c9e6ace1f3af7dc624e265ef4\" style=\"margin-bottom:var(--wp--preset--spacing--50);\" class=\"wp-block-jvd-cards align wp-block-acf-cards\">\n\t    <div class=\"swiper jvd-carousel js_cards\" data-display=\"carrousel\">\n        <div class=\"swiper__nav\">\n            <div class=\"swiper__nav__prev js_cards_prev\">\n                <svg width=\"13\" height=\"20\" aria-hidden=\"true\" role=\"presentation\"><use xlink:href=\"#slide-prev\"\/><\/svg>\n            <\/div>\n            <div class=\"swiper__nav__next js_cards_next\">\n                <svg width=\"13\" height=\"20\" aria-hidden=\"true\" role=\"presentation\"><use xlink:href=\"#slide-next\"\/><\/svg>\n            <\/div>\n        <\/div>\n        <div class=\"swiper-wrapper\">\n                        <div class=\"swiper-slide\">\n                <div class=\"jvd-card\" data-link=\"1\" data-img-ratio=\"portrait\" data-text-pos=\"under\">\n                                        <figure class=\"jvd-card__img\">\n                                                    <img decoding=\"async\" src=\"https:\/\/www.jvd.fr\/wp-content\/uploads\/2025\/05\/coptair-jvd-amabiance-1200-600x799.jpg\" width=\"600\" height=\"799\" alt=\"S\u00e8che-mains Copt&#039;air JVD\" loading=\"lazy\" \/>\n                                            <\/figure>\n                    <div class=\"jvd-card__content\">\n                                                <h3 class=\"jvd-card__title\">\n                                                        <a href=\"https:\/\/www.jvd.fr\/de\/haendetrockner\/\">\n                                                        Handtrockner                                                        <\/a>\n                                                    <\/h3>\n                                                <p class=\"jvd-card__text\">Kosten senken und Umweltbelastung reduzieren<\/p>\n                    <\/div>\n                <\/div>\n            <\/div>\n                        <div class=\"swiper-slide\">\n                <div class=\"jvd-card\" data-link=\"1\" data-img-ratio=\"portrait\" data-text-pos=\"under\">\n                                        <figure class=\"jvd-card__img\">\n                                                    <img decoding=\"async\" src=\"https:\/\/www.jvd.fr\/wp-content\/uploads\/2025\/05\/station-de-tri-sd-1000-600x667.jpg\" width=\"600\" height=\"667\" alt=\"Station de tri pour les d\u00e9chets - JVD\" loading=\"lazy\" \/>\n                                            <\/figure>\n                    <div class=\"jvd-card__content\">\n                                                <h3 class=\"jvd-card__title\">\n                                                        <a href=\"https:\/\/www.jvd.fr\/de\/categorie\/abfalltrennung-bloom\/\">\n                                                        Abfallbeh\u00e4lter                                                        <\/a>\n                                                    <\/h3>\n                                                <p class=\"jvd-card__text\">Sorgen Sie f\u00fcr eine effiziente M\u00fclltrennung von B\u00fcros bis zu Gemeinschaftsbereichen.<\/p>\n                    <\/div>\n                <\/div>\n            <\/div>\n                        <div class=\"swiper-slide\">\n                <div class=\"jvd-card\" data-link=\"1\" data-img-ratio=\"portrait\" data-text-pos=\"under\">\n                                        <figure class=\"jvd-card__img\">\n                                                    <img decoding=\"async\" src=\"https:\/\/www.jvd.fr\/wp-content\/uploads\/2025\/04\/neptune-seche-cheveux-collectif-jvd-1000-e1746779415670-600x660.jpg\" width=\"600\" height=\"660\" alt=\"S\u00e8che-cheveux Neptune pour les spas d&#039;h\u00f4tels - JVD\" loading=\"lazy\" \/>\n                                            <\/figure>\n                    <div class=\"jvd-card__content\">\n                                                <h3 class=\"jvd-card__title\">\n                                                        <a href=\"https:\/\/www.jvd.fr\/de\/categorie\/kollektive-haartrockner\/\">\n                                                        Kollektive haartrockner                                                        <\/a>\n                                                    <\/h3>\n                                                <p class=\"jvd-card__text\">Verbessern Sie das Erlebnis in Sportanlagen<\/p>\n                    <\/div>\n                <\/div>\n            <\/div>\n                        <div class=\"swiper-slide\">\n                <div class=\"jvd-card\" data-link=\"1\" data-img-ratio=\"portrait\" data-text-pos=\"under\">\n                                        <figure class=\"jvd-card__img\">\n                                                    <img decoding=\"async\" src=\"https:\/\/www.jvd.fr\/wp-content\/uploads\/2025\/06\/seche-bottes-hygitec-jvd-hygifeet-1-600x800.jpg\" width=\"600\" height=\"800\" alt=\"\" loading=\"lazy\" \/>\n                                            <\/figure>\n                    <div class=\"jvd-card__content\">\n                                                <h3 class=\"jvd-card__title\">\n                                                        <a href=\"https:\/\/www.jvd.fr\/de\/stiefel-und-handschuhtrockner\/\">\n                                                        Stiefel- und Handschuhtrockner                                                        <\/a>\n                                                    <\/h3>\n                                                <p class=\"jvd-card__text\">Trocknung und Geruchsbeseitigung von Stiefeln und Handschuhen f\u00fcr Mitarbeiter (G\u00e4rtner, M\u00fcllentsorger usw.)<\/p>\n                    <\/div>\n                <\/div>\n            <\/div>\n                        <div class=\"swiper-slide\">\n                <div class=\"jvd-card\" data-link=\"1\" data-img-ratio=\"portrait\" data-text-pos=\"under\">\n                                        <figure class=\"jvd-card__img\">\n                                                    <img decoding=\"async\" src=\"https:\/\/www.jvd.fr\/wp-content\/uploads\/2025\/07\/sanibox-hygitec-jvd-armoire-sechante-600x800.jpg\" width=\"600\" height=\"800\" alt=\"\" loading=\"lazy\" \/>\n                                            <\/figure>\n                    <div class=\"jvd-card__content\">\n                                                <h3 class=\"jvd-card__title\">\n                                                        <a href=\"https:\/\/www.jvd.fr\/de\/desinfektionsschraenke\/\">\n                                                        Desinfektionsschr\u00e4nke                                                        <\/a>\n                                                    <\/h3>\n                                                <p class=\"jvd-card__text\">Trocknung und Geruchsbeseitigung von Arbeitskleidung f\u00fcr Mitarbeiter (G\u00e4rtner, M\u00fcllentsorger usw.)<\/p>\n                    <\/div>\n                <\/div>\n            <\/div>\n                    <\/div>\n    <\/div>\n    <\/div>\n<\/div>\n\n\n\n<div class=\"wp-block-columns are-vertically-aligned-center is-layout-flex wp-container-core-columns-is-layout-8cb3213e wp-block-columns-is-layout-flex\" style=\"margin-bottom:var(--wp--preset--spacing--100);padding-top:0;padding-bottom:0\">\n<div class=\"wp-block-column is-vertically-aligned-center is-layout-flow wp-block-column-is-layout-flow\">\n<h2 class=\"wp-block-heading\">Engagierte Fertigung in Frankreich<\/h2>\n\n\n\n<p>Bei JVD unterst\u00fctzen wir den \u00f6ffentlichen Sektor mit L\u00f6sungen, die Innovation, Qualit\u00e4t und Umweltverantwortung vereinen. Unsere Produkte werden in unseren Werken in Nantes (Loire-Atlantique) und Aix-les-Bains (Savoyen) entwickelt und hergestellt \u2013 ein Garant f\u00fcr Qualit\u00e4t, Zuverl\u00e4ssigkeit und eine positive Wirkung auf die lokale Wirtschaft.<\/p>\n\n\n\n<p>Mit JVD entscheiden Sie sich f\u00fcr langlebige, umweltfreundliche L\u00f6sungen, die den hohen Anforderungen des \u00f6ffentlichen Sektors gerecht werden. Franz\u00f6sische Fertigung, CSR-Engagement und nachhaltige Innovation stehen im Mittelpunkt unserer Mission, um Schulen, Kommunen und Verwaltungen auf dem Weg in eine verantwortungsvolle Zukunft zu begleiten.<\/p>\n\n\n\n<div class=\"wp-block-buttons is-layout-flex wp-block-buttons-is-layout-flex\">\n<div class=\"wp-block-button is-style-fill\"><a class=\"wp-block-button__link wp-element-button\" href=\"https:\/\/www.jvd.fr\/nos-engagements\/\">Unsere CSR-Verpflichtungen<\/a><\/div>\n<\/div>\n<\/div>\n\n\n\n<div class=\"wp-block-column is-vertically-aligned-center is-layout-flow wp-block-column-is-layout-flow\">\n<figure class=\"wp-block-image aligncenter size-full is-resized is-style-default\"><img loading=\"lazy\" decoding=\"async\" width=\"800\" height=\"800\" src=\"https:\/\/www.jvd.fr\/wp-content\/uploads\/2025\/04\/ecovadis.jpeg\" alt=\"Ecovadis\" class=\"wp-image-1357\" style=\"width:400px\" srcset=\"https:\/\/www.jvd.fr\/wp-content\/uploads\/2025\/04\/ecovadis.jpeg 800w, https:\/\/www.jvd.fr\/wp-content\/uploads\/2025\/04\/ecovadis-300x300.jpeg 300w, https:\/\/www.jvd.fr\/wp-content\/uploads\/2025\/04\/ecovadis-100x100.jpeg 100w, https:\/\/www.jvd.fr\/wp-content\/uploads\/2025\/04\/ecovadis-600x600.jpeg 600w, https:\/\/www.jvd.fr\/wp-content\/uploads\/2025\/04\/ecovadis-150x150.jpeg 150w, https:\/\/www.jvd.fr\/wp-content\/uploads\/2025\/04\/ecovadis-70x70.jpeg 70w\" sizes=\"auto, (max-width: 800px) 100vw, 800px\" \/><\/figure>\n<\/div>\n<\/div>\n\n\n\n<div id=\"wp-block-jvd-banner-block_94ddd1217c1933c1ab153cbc9a127cd8\" style=\"margin-bottom:var(--wp--preset--spacing--100);\" class=\"wp-block-jvd-banner align wp-block-acf-banner\">\n    <div class=\"jvd-banner\">\n                        <figure class=\"jvd-banner__img\" data-gradient=\"1\">\n            <img decoding=\"async\" src=\"https:\/\/www.jvd.fr\/wp-content\/uploads\/2025\/03\/jvd-produits-reconditionnes-1200x800.jpg\" width=\"1200\" height=\"800\" alt=\"\" loading=\"lazy\" \/>\n        <\/figure>\n\t                    <div class=\"jvd-banner__content\" data-halign=\"center\" data-valign=\"bottom\">\n                        <h2 class=\"jvd-banner__title\">Reborn \u2013 unsere Linie f\u00fcr<br \/>\r\nwiederaufbereitete Produkte<\/h2>\n                                                            <a href=\"#\" class=\"btn btn--mint\" target=\"_blank\">Wiederaufbereitete JVD-Produkte entdecken<\/a>\n                    <\/div>\n            <\/div>\n<\/div>\n\n\n<div class=\"wp-block-group is-layout-flow wp-block-group-is-layout-flow\" style=\"margin-top:var(--wp--preset--spacing--100);margin-bottom:var(--wp--preset--spacing--100)\">\n<h2 class=\"wp-block-heading has-text-align-center\">Welche Vorteile bietet JVD f\u00fcr Verwaltungen und Kommunen?<\/h2>\n\n\n\n<div id=\"wp-block-jvd-cards-block_b15553f8d905e724f8015ae40a4de468\" class=\"wp-block-jvd-cards align wp-block-acf-cards\">\n\t    <div class=\"swiper jvd-carousel js_cards\" data-display=\"carrousel\">\n        <div class=\"swiper__nav\">\n            <div class=\"swiper__nav__prev js_cards_prev\">\n                <svg width=\"13\" height=\"20\" aria-hidden=\"true\" role=\"presentation\"><use xlink:href=\"#slide-prev\"\/><\/svg>\n            <\/div>\n            <div class=\"swiper__nav__next js_cards_next\">\n                <svg width=\"13\" height=\"20\" aria-hidden=\"true\" role=\"presentation\"><use xlink:href=\"#slide-next\"\/><\/svg>\n            <\/div>\n        <\/div>\n        <div class=\"swiper-wrapper\">\n                        <div class=\"swiper-slide\">\n                <div class=\"jvd-card\" data-link=\"1\" data-img-ratio=\"square\" data-text-pos=\"under\">\n                                        <figure class=\"jvd-card__img\">\n                                                    <img decoding=\"async\" src=\"https:\/\/www.jvd.fr\/wp-content\/uploads\/2025\/05\/station-de-tri-sd-1000-600x600.jpg\" width=\"600\" height=\"600\" alt=\"Station de tri pour les d\u00e9chets - JVD\" loading=\"lazy\" \/>\n                                            <\/figure>\n                    <div class=\"jvd-card__content\">\n                                                <h3 class=\"jvd-card__title\">\n                                                        <a href=\"#\">\n                                                        Saubere und einladende R\u00e4ume                                                        <\/a>\n                                                    <\/h3>\n                                                <p class=\"jvd-card__text\">Unsere Abfalltrennsysteme, Seifenspender und H\u00e4ndetrockner erleichtern die Reinigung und f\u00f6rdern gute Hygienepraxis.<\/p>\n                    <\/div>\n                <\/div>\n            <\/div>\n                        <div class=\"swiper-slide\">\n                <div class=\"jvd-card\" data-link=\"1\" data-img-ratio=\"square\" data-text-pos=\"under\">\n                                        <figure class=\"jvd-card__img\">\n                                                    <img decoding=\"async\" src=\"https:\/\/www.jvd.fr\/wp-content\/uploads\/2025\/05\/air-pulse-seche-main-pmr-jvd-1000-600x600.jpg\" width=\"600\" height=\"600\" alt=\"S\u00e8che-mains Exp&#039;air JVD \u00e0 air puls\u00e9 accessible\" loading=\"lazy\" \/>\n                                            <\/figure>\n                    <div class=\"jvd-card__content\">\n                                                <h3 class=\"jvd-card__title\">\n                                                        <a href=\"#\">\n                                                        Sicherheit und Barrierefreiheit                                                        <\/a>\n                                                    <\/h3>\n                                                <p class=\"jvd-card__text\">Schulen und \u00f6ffentliche Geb\u00e4ude m\u00fcssen f\u00fcr alle zug\u00e4nglich sein \u2013 auch f\u00fcr Menschen mit eingeschr\u00e4nkter Mobilit\u00e4t. JVD bietet ergonomische L\u00f6sungen f\u00fcr mehr Sicherheit und Komfort.<\/p>\n                    <\/div>\n                <\/div>\n            <\/div>\n                        <div class=\"swiper-slide\">\n                <div class=\"jvd-card\" data-link=\"1\" data-img-ratio=\"square\" data-text-pos=\"under\">\n                                        <figure class=\"jvd-card__img\">\n                                                    <img decoding=\"async\" src=\"https:\/\/www.jvd.fr\/wp-content\/uploads\/2025\/05\/distributeur-hygiene-jvd-1200-600x600.jpg\" width=\"600\" height=\"600\" alt=\"Distributeur de gel hydroalcoolique dans hall - JVD\" loading=\"lazy\" \/>\n                                            <\/figure>\n                    <div class=\"jvd-card__content\">\n                                                <h3 class=\"jvd-card__title\">\n                                                        <a href=\"#\">\n                                                        Verst\u00e4rkte Hygiene f\u00fcr alle                                                        <\/a>\n                                                    <\/h3>\n                                                <p class=\"jvd-card__text\">Unsere Seifen- und Desinfektionsspender erm\u00f6glichen eine effektive Handdesinfektion \u2013 ideal f\u00fcr junge Nutzer und stark frequentierte Bereiche.<\/p>\n                    <\/div>\n                <\/div>\n            <\/div>\n                    <\/div>\n    <\/div>\n    <\/div>\n<\/div>\n\n\n\n<div class=\"wp-block-group has-white-background-color has-background has-global-padding is-layout-constrained wp-block-group-is-layout-constrained\" style=\"border-radius:20px;margin-top:0;margin-bottom:var(--wp--preset--spacing--100)\">\n<h2 class=\"wp-block-heading has-text-align-center\">Sie vertrauen uns<\/h2>\n\n\n\n<div id=\"wp-block-jvd-logos-block_40a5503e5b4269d177ac9cfb62128f36\" style=\"margin-top:var(--wp--preset--spacing--50);margin-bottom:0;\" class=\"wp-block-jvd-logos align wp-block-acf-logos\">\n    <div class=\"jvd-logos\">\n        <div class=\"swiper__nav\">\n            <div class=\"swiper__nav__prev\">\n                <svg width=\"13\" height=\"20\" aria-hidden=\"true\" role=\"presentation\"><use xlink:href=\"#slide-prev\"\/><\/svg>\n            <\/div>\n            <div class=\"swiper__nav__next\">\n                <svg width=\"13\" height=\"20\" aria-hidden=\"true\" role=\"presentation\"><use xlink:href=\"#slide-next\"\/><\/svg>\n            <\/div>\n        <\/div>\n        <div class=\"jvd-logos__grid\" data-appearance=\"natural\" data-columns=\"\">\n                                                                    <div class=\"jvd-logos__logo\">\n                                            <img decoding=\"async\" src=\"https:\/\/www.jvd.fr\/wp-content\/uploads\/2025\/06\/logo-bergerac-117x70.png\" width=\"117\" height=\"70\" alt=\"\" loading=\"lazy\" \/>\n                                        <\/div>\n                                                                                                        <div class=\"jvd-logos__logo\">\n                                            <img decoding=\"async\" src=\"https:\/\/www.jvd.fr\/wp-content\/uploads\/2025\/06\/logo-montargis-87x70.png\" width=\"87\" height=\"70\" alt=\"\" loading=\"lazy\" \/>\n                                        <\/div>\n                                                                                                        <div class=\"jvd-logos__logo\">\n                                            <img decoding=\"async\" src=\"https:\/\/www.jvd.fr\/wp-content\/uploads\/2025\/06\/logo-caf-72x70.png\" width=\"72\" height=\"70\" alt=\"\" loading=\"lazy\" \/>\n                                        <\/div>\n                                                                                                        <div class=\"jvd-logos__logo\">\n                                            <img decoding=\"async\" src=\"https:\/\/www.jvd.fr\/wp-content\/uploads\/2025\/06\/assurance-maladie-logo-png-120x55.png\" width=\"120\" height=\"55\" alt=\"\" loading=\"lazy\" \/>\n                                        <\/div>\n                                                        <\/div>\n    <\/div>\n<\/div>\n<\/div>\n\n\n\n<div class=\"wp-block-group has-lightgrey-background-color has-background is-layout-flow wp-block-group-is-layout-flow\" style=\"border-radius:20px;padding-top:var(--wp--preset--spacing--75);padding-right:var(--wp--preset--spacing--75);padding-bottom:var(--wp--preset--spacing--75);padding-left:var(--wp--preset--spacing--75)\">\n<h2 class=\"wp-block-heading has-text-align-center\">Interesse an unseren Produkten?<\/h2>\n\n\n\n<p class=\"has-text-align-center\">Ob Produktinformationen oder Beratung \u2013 wir stehen Ihnen gerne per Videocall oder telefonisch zur Verf\u00fcgung.<\/p>\n\n\n\n<div class=\"wp-block-buttons is-content-justification-center is-layout-flex wp-container-core-buttons-is-layout-a89b3969 wp-block-buttons-is-layout-flex\">\n<div class=\"wp-block-button is-style-fill\"><a class=\"wp-block-button__link wp-element-button\">Kontaktieren Sie uns<\/a><\/div>\n<\/div>\n<\/div>\n","protected":false},"featured_media":2793,"parent":0,"menu_order":154,"template":"","meta":{"_acf_changed":false,"content-type":"","_searchwp_excluded":"","inline_featured_image":false,"footnotes":""},"class_list":["post-1696","activity","type-activity","status-publish","has-post-thumbnail","hentry"],"acf":[],"yoast_head":"<!-- This site is optimized with the Yoast SEO plugin v27.1.1 - https:\/\/yoast.com\/product\/yoast-seo-wordpress\/ -->\n<title>Verwaltung und \u00f6ffentliche Einrichtungen - JVD<\/title>\n<meta name=\"description\" content=\"In Verwaltungen, Schulen, Gymnasien, Berufsschulen, kommunalen Einrichtungen und \u00f6ffentlichen R\u00e4umen ist Hygiene ein zentrales Thema.\" \/>\n<meta name=\"robots\" content=\"index, follow, max-snippet:-1, max-image-preview:large, max-video-preview:-1\" \/>\n<link rel=\"canonical\" href=\"https:\/\/www.jvd.fr\/de\/aktivitat\/offentlicher-sektor-kommunen\/\" \/>\n<meta property=\"og:locale\" content=\"de_DE\" \/>\n<meta property=\"og:type\" content=\"article\" \/>\n<meta property=\"og:title\" content=\"Verwaltung und \u00f6ffentliche Einrichtungen - JVD\" \/>\n<meta property=\"og:description\" content=\"In Verwaltungen, Schulen, Gymnasien, Berufsschulen, kommunalen Einrichtungen und \u00f6ffentlichen R\u00e4umen ist Hygiene ein zentrales Thema.\" \/>\n<meta property=\"og:url\" content=\"https:\/\/www.jvd.fr\/de\/aktivitat\/offentlicher-sektor-kommunen\/\" \/>\n<meta property=\"og:site_name\" content=\"JVD\" \/>\n<meta property=\"article:modified_time\" content=\"2025-09-10T08:52:56+00:00\" \/>\n<meta property=\"og:image\" content=\"https:\/\/www.jvd.fr\/wp-content\/uploads\/2025\/05\/administration-collectivite-public-jvd.jpg\" \/>\n\t<meta property=\"og:image:width\" content=\"1200\" \/>\n\t<meta property=\"og:image:height\" content=\"1144\" \/>\n\t<meta property=\"og:image:type\" content=\"image\/jpeg\" \/>\n<script type=\"application\/ld+json\" class=\"yoast-schema-graph\">{\"@context\":\"https:\/\/schema.org\",\"@graph\":[{\"@type\":\"WebPage\",\"@id\":\"https:\/\/www.jvd.fr\/de\/aktivitat\/offentlicher-sektor-kommunen\/\",\"url\":\"https:\/\/www.jvd.fr\/de\/aktivitat\/offentlicher-sektor-kommunen\/\",\"name\":\"Verwaltung und \u00f6ffentliche Einrichtungen - JVD\",\"isPartOf\":{\"@id\":\"https:\/\/www.jvd.fr\/de\/#website\"},\"primaryImageOfPage\":{\"@id\":\"https:\/\/www.jvd.fr\/de\/aktivitat\/offentlicher-sektor-kommunen\/#primaryimage\"},\"image\":{\"@id\":\"https:\/\/www.jvd.fr\/de\/aktivitat\/offentlicher-sektor-kommunen\/#primaryimage\"},\"thumbnailUrl\":\"https:\/\/www.jvd.fr\/wp-content\/uploads\/2025\/05\/administration-collectivite-public-jvd.jpg\",\"datePublished\":\"2025-04-22T13:50:08+00:00\",\"dateModified\":\"2025-09-10T08:52:56+00:00\",\"description\":\"In Verwaltungen, Schulen, Gymnasien, Berufsschulen, kommunalen Einrichtungen und \u00f6ffentlichen R\u00e4umen ist Hygiene ein zentrales Thema.\",\"breadcrumb\":{\"@id\":\"https:\/\/www.jvd.fr\/de\/aktivitat\/offentlicher-sektor-kommunen\/#breadcrumb\"},\"inLanguage\":\"de\",\"potentialAction\":[{\"@type\":\"ReadAction\",\"target\":[\"https:\/\/www.jvd.fr\/de\/aktivitat\/offentlicher-sektor-kommunen\/\"]}]},{\"@type\":\"ImageObject\",\"inLanguage\":\"de\",\"@id\":\"https:\/\/www.jvd.fr\/de\/aktivitat\/offentlicher-sektor-kommunen\/#primaryimage\",\"url\":\"https:\/\/www.jvd.fr\/wp-content\/uploads\/2025\/05\/administration-collectivite-public-jvd.jpg\",\"contentUrl\":\"https:\/\/www.jvd.fr\/wp-content\/uploads\/2025\/05\/administration-collectivite-public-jvd.jpg\",\"width\":1200,\"height\":1144,\"caption\":\"Administration et collectivit\u00e9s - JVD\"},{\"@type\":\"BreadcrumbList\",\"@id\":\"https:\/\/www.jvd.fr\/de\/aktivitat\/offentlicher-sektor-kommunen\/#breadcrumb\",\"itemListElement\":[{\"@type\":\"ListItem\",\"position\":1,\"name\":\"Accueil\",\"item\":\"https:\/\/www.jvd.fr\/de\/\"},{\"@type\":\"ListItem\",\"position\":2,\"name\":\"Verwaltung und \u00f6ffentliche Einrichtungen\"}]},{\"@type\":\"WebSite\",\"@id\":\"https:\/\/www.jvd.fr\/de\/#website\",\"url\":\"https:\/\/www.jvd.fr\/de\/\",\"name\":\"JVD\",\"description\":\"Products that care\",\"potentialAction\":[{\"@type\":\"SearchAction\",\"target\":{\"@type\":\"EntryPoint\",\"urlTemplate\":\"https:\/\/www.jvd.fr\/de\/?s={search_term_string}\"},\"query-input\":{\"@type\":\"PropertyValueSpecification\",\"valueRequired\":true,\"valueName\":\"search_term_string\"}}],\"inLanguage\":\"de\"}]}<\/script>\n<!-- \/ Yoast SEO plugin. -->","yoast_head_json":{"title":"Verwaltung und \u00f6ffentliche Einrichtungen - JVD","description":"In Verwaltungen, Schulen, Gymnasien, Berufsschulen, kommunalen Einrichtungen und \u00f6ffentlichen R\u00e4umen ist Hygiene ein zentrales Thema.","robots":{"index":"index","follow":"follow","max-snippet":"max-snippet:-1","max-image-preview":"max-image-preview:large","max-video-preview":"max-video-preview:-1"},"canonical":"https:\/\/www.jvd.fr\/de\/aktivitat\/offentlicher-sektor-kommunen\/","og_locale":"de_DE","og_type":"article","og_title":"Verwaltung und \u00f6ffentliche Einrichtungen - JVD","og_description":"In Verwaltungen, Schulen, Gymnasien, Berufsschulen, kommunalen Einrichtungen und \u00f6ffentlichen R\u00e4umen ist Hygiene ein zentrales Thema.","og_url":"https:\/\/www.jvd.fr\/de\/aktivitat\/offentlicher-sektor-kommunen\/","og_site_name":"JVD","article_modified_time":"2025-09-10T08:52:56+00:00","og_image":[{"width":1200,"height":1144,"url":"https:\/\/www.jvd.fr\/wp-content\/uploads\/2025\/05\/administration-collectivite-public-jvd.jpg","type":"image\/jpeg"}],"schema":{"@context":"https:\/\/schema.org","@graph":[{"@type":"WebPage","@id":"https:\/\/www.jvd.fr\/de\/aktivitat\/offentlicher-sektor-kommunen\/","url":"https:\/\/www.jvd.fr\/de\/aktivitat\/offentlicher-sektor-kommunen\/","name":"Verwaltung und \u00f6ffentliche Einrichtungen - JVD","isPartOf":{"@id":"https:\/\/www.jvd.fr\/de\/#website"},"primaryImageOfPage":{"@id":"https:\/\/www.jvd.fr\/de\/aktivitat\/offentlicher-sektor-kommunen\/#primaryimage"},"image":{"@id":"https:\/\/www.jvd.fr\/de\/aktivitat\/offentlicher-sektor-kommunen\/#primaryimage"},"thumbnailUrl":"https:\/\/www.jvd.fr\/wp-content\/uploads\/2025\/05\/administration-collectivite-public-jvd.jpg","datePublished":"2025-04-22T13:50:08+00:00","dateModified":"2025-09-10T08:52:56+00:00","description":"In Verwaltungen, Schulen, Gymnasien, Berufsschulen, kommunalen Einrichtungen und \u00f6ffentlichen R\u00e4umen ist Hygiene ein zentrales Thema.","breadcrumb":{"@id":"https:\/\/www.jvd.fr\/de\/aktivitat\/offentlicher-sektor-kommunen\/#breadcrumb"},"inLanguage":"de","potentialAction":[{"@type":"ReadAction","target":["https:\/\/www.jvd.fr\/de\/aktivitat\/offentlicher-sektor-kommunen\/"]}]},{"@type":"ImageObject","inLanguage":"de","@id":"https:\/\/www.jvd.fr\/de\/aktivitat\/offentlicher-sektor-kommunen\/#primaryimage","url":"https:\/\/www.jvd.fr\/wp-content\/uploads\/2025\/05\/administration-collectivite-public-jvd.jpg","contentUrl":"https:\/\/www.jvd.fr\/wp-content\/uploads\/2025\/05\/administration-collectivite-public-jvd.jpg","width":1200,"height":1144,"caption":"Administration et collectivit\u00e9s - JVD"},{"@type":"BreadcrumbList","@id":"https:\/\/www.jvd.fr\/de\/aktivitat\/offentlicher-sektor-kommunen\/#breadcrumb","itemListElement":[{"@type":"ListItem","position":1,"name":"Accueil","item":"https:\/\/www.jvd.fr\/de\/"},{"@type":"ListItem","position":2,"name":"Verwaltung und \u00f6ffentliche Einrichtungen"}]},{"@type":"WebSite","@id":"https:\/\/www.jvd.fr\/de\/#website","url":"https:\/\/www.jvd.fr\/de\/","name":"JVD","description":"Products that care","potentialAction":[{"@type":"SearchAction","target":{"@type":"EntryPoint","urlTemplate":"https:\/\/www.jvd.fr\/de\/?s={search_term_string}"},"query-input":{"@type":"PropertyValueSpecification","valueRequired":true,"valueName":"search_term_string"}}],"inLanguage":"de"}]}},"_links":{"self":[{"href":"https:\/\/www.jvd.fr\/de\/wp-json\/wp\/v2\/activity\/1696","targetHints":{"allow":["GET"]}}],"collection":[{"href":"https:\/\/www.jvd.fr\/de\/wp-json\/wp\/v2\/activity"}],"about":[{"href":"https:\/\/www.jvd.fr\/de\/wp-json\/wp\/v2\/types\/activity"}],"version-history":[{"count":2,"href":"https:\/\/www.jvd.fr\/de\/wp-json\/wp\/v2\/activity\/1696\/revisions"}],"predecessor-version":[{"id":59400,"href":"https:\/\/www.jvd.fr\/de\/wp-json\/wp\/v2\/activity\/1696\/revisions\/59400"}],"wp:featuredmedia":[{"embeddable":true,"href":"https:\/\/www.jvd.fr\/de\/wp-json\/wp\/v2\/media\/2793"}],"wp:attachment":[{"href":"https:\/\/www.jvd.fr\/de\/wp-json\/wp\/v2\/media?parent=1696"}],"curies":[{"name":"wp","href":"https:\/\/api.w.org\/{rel}","templated":true}]}}